{"id":1018,"date":"2023-09-30T16:24:32","date_gmt":"2023-09-30T16:24:32","guid":{"rendered":"https:\/\/acdct.es\/?page_id=1018"},"modified":"2024-10-02T16:54:49","modified_gmt":"2024-10-02T16:54:49","slug":"volumen-xiv","status":"publish","type":"page","link":"https:\/\/acdct.es\/index.php\/anuario-corunes-acdct\/volumen-xiv\/","title":{"rendered":"VOLUMEN XIV"},"content":{"rendered":"\n<p><\/p>\n\n\n\n<div class=\"wp-block-group has-background\" style=\"background-color:#e2e4e4\"><div class=\"wp-block-group__inner-container is-layout-flow wp-block-group-is-layout-flow\"><div id=\"pl-gb1018-69ee1d90002dc\"  class=\"panel-layout wp-block-siteorigin-panels-layout-block\" ><div id=\"pg-gb1018-69ee1d90002dc-0\"  class=\"panel-grid panel-no-style\" ><div id=\"pgc-gb1018-69ee1d90002dc-0-0\"  class=\"panel-grid-cell\" ><div id=\"panel-gb1018-69ee1d90002dc-0-0-0\" class=\"so-panel widget widget_sow-image panel-first-child\" data-index=\"0\" ><div\n\t\t\t\n\t\t\tclass=\"so-widget-sow-image so-widget-sow-image-default-113ccd71f3e6-1018\"\n\t\t\t\n\t\t>\n<div class=\"sow-image-container\">\n\t\t<img \n\tsrc=\"https:\/\/acdct.es\/wp-content\/uploads\/2021\/07\/ACDCT_IX.jpg\" width=\"105\" height=\"150\" srcset=\"https:\/\/acdct.es\/wp-content\/uploads\/2021\/07\/ACDCT_IX.jpg 657w, https:\/\/acdct.es\/wp-content\/uploads\/2021\/07\/ACDCT_IX-209x300.jpg 209w\" sizes=\"(max-width: 105px) 100vw, 105px\" title=\"Anuario Coru\u00f1\u00e9s de Derecho Comparado del Trabajo. Volumen XIV. A\u00f1o 2022\" alt=\"\" \t\tclass=\"so-widget-image\"\/>\n\t<\/div>\n\n<h3 class=\"widget-title\">Anuario Coru\u00f1\u00e9s de Derecho Comparado del Trabajo. Volumen XIV. A\u00f1o 2022<\/h3><\/div><\/div><div id=\"panel-gb1018-69ee1d90002dc-0-0-1\" class=\"so-panel widget widget_sow-button\" data-index=\"1\" ><div\n\t\t\t\n\t\t\tclass=\"so-widget-sow-button so-widget-sow-button-atom-a4a7116f49f3-1018\"\n\t\t\t\n\t\t><div class=\"ow-button-base ow-button-align-left\"\n>\n\t\t\t<a\n\t\t\t\t\thref=\"https:\/\/acdct.es\/wp-content\/uploads\/2023\/10\/00-acdct-xiv-2022.pdf\"\n\t\t\t\t\tclass=\"sowb-button ow-icon-placement-left ow-button-hover\" target=\"_blank\" rel=\"noopener noreferrer\" \t>\n\t\t<span>\n\t\t\t<span class=\"sow-icon-fontawesome sow-far\" data-sow-icon=\"&#xf1c1;\"\n\t\tstyle=\"color: #dd3333\" \n\t\taria-hidden=\"true\"><\/span>\n\t\t\tTexto completo\t\t<\/span>\n\t\t\t<\/a>\n\t<\/div>\n<\/div><\/div><div id=\"panel-gb1018-69ee1d90002dc-0-0-2\" class=\"so-panel widget widget_sow-editor panel-last-child\" data-index=\"2\" ><div\n\t\t\t\n\t\t\tclass=\"so-widget-sow-editor so-widget-sow-editor-base\"\n\t\t\t\n\t\t>\n<div class=\"siteorigin-widget-tinymce textwidget\">\n\t<\/div>\n<\/div><\/div><\/div><\/div><\/div>\n\n\n<p><\/p>\n\n\n<div id=\"pl-gb1018-69ee1d9006907\"  class=\"panel-layout wp-block-siteorigin-panels-layout-block\" ><div id=\"pg-gb1018-69ee1d9006907-0\"  class=\"panel-grid panel-no-style\" ><div id=\"pgc-gb1018-69ee1d9006907-0-0\"  class=\"panel-grid-cell\" ><div id=\"panel-gb1018-69ee1d9006907-0-0-0\" class=\"so-panel widget widget_sow-editor panel-first-child panel-last-child\" data-index=\"0\" ><div\n\t\t\t\n\t\t\tclass=\"so-widget-sow-editor so-widget-sow-editor-base\"\n\t\t\t\n\t\t><h3 class=\"widget-title\">\u00cdNDICE DE CONTENIDOS<\/h3>\n<div class=\"siteorigin-widget-tinymce textwidget\">\n\t<p><em>[TABLE OF CONTENTS]<\/em><\/p>\n<\/div>\n<\/div><\/div><\/div><div id=\"pgc-gb1018-69ee1d9006907-0-1\"  class=\"panel-grid-cell\" ><div id=\"panel-gb1018-69ee1d9006907-0-1-0\" class=\"so-panel widget widget_sow-button panel-first-child panel-last-child\" data-index=\"1\" ><div\n\t\t\t\n\t\t\tclass=\"so-widget-sow-button so-widget-sow-button-atom-a4a7116f49f3-1018\"\n\t\t\t\n\t\t><div class=\"ow-button-base ow-button-align-left\"\n>\n\t\t\t<a\n\t\t\t\t\thref=\"https:\/\/acdct.es\/wp-content\/uploads\/2023\/09\/01-indice-de-contenidos-acdct-xiv-2022.pdf\"\n\t\t\t\t\tclass=\"sowb-button ow-icon-placement-left ow-button-hover\" target=\"_blank\" rel=\"noopener noreferrer\" \t>\n\t\t<span>\n\t\t\t<span class=\"sow-icon-fontawesome sow-far\" data-sow-icon=\"&#xf1c1;\"\n\t\tstyle=\"color: #dd3333\" \n\t\taria-hidden=\"true\"><\/span>\n\t\t\tABRIR\t\t<\/span>\n\t\t\t<\/a>\n\t<\/div>\n<\/div><\/div><\/div><\/div><\/div>\n\n<div id=\"pl-gb1018-69ee1d9007110\"  class=\"panel-layout wp-block-siteorigin-panels-layout-block\" ><div id=\"pg-gb1018-69ee1d9007110-0\"  class=\"panel-grid panel-no-style\" ><div id=\"pgc-gb1018-69ee1d9007110-0-0\"  class=\"panel-grid-cell\" ><div id=\"panel-gb1018-69ee1d9007110-0-0-0\" class=\"so-panel widget widget_sow-editor panel-first-child panel-last-child\" data-index=\"0\" ><div\n\t\t\t\n\t\t\tclass=\"so-widget-sow-editor so-widget-sow-editor-base\"\n\t\t\t\n\t\t><h3 class=\"widget-title\">\u00cdNDICE DE AUTORES<\/h3>\n<div class=\"siteorigin-widget-tinymce textwidget\">\n\t<p><em>[CONTRIBUTORS INDEX]<\/em><\/p>\n<\/div>\n<\/div><\/div><\/div><div id=\"pgc-gb1018-69ee1d9007110-0-1\"  class=\"panel-grid-cell\" ><div id=\"panel-gb1018-69ee1d9007110-0-1-0\" class=\"so-panel widget widget_sow-button panel-first-child panel-last-child\" data-index=\"1\" ><div\n\t\t\t\n\t\t\tclass=\"so-widget-sow-button so-widget-sow-button-atom-a4a7116f49f3-1018\"\n\t\t\t\n\t\t><div class=\"ow-button-base ow-button-align-left\"\n>\n\t\t\t<a\n\t\t\t\t\thref=\"https:\/\/acdct.es\/wp-content\/uploads\/2023\/09\/02-indice-de-autores-acdct-xiv-2022.pdf\"\n\t\t\t\t\tclass=\"sowb-button ow-icon-placement-left ow-button-hover\" target=\"_blank\" rel=\"noopener noreferrer\" \t>\n\t\t<span>\n\t\t\t<span class=\"sow-icon-fontawesome sow-far\" data-sow-icon=\"&#xf1c1;\"\n\t\tstyle=\"color: #dd3333\" \n\t\taria-hidden=\"true\"><\/span>\n\t\t\tABRIR\t\t<\/span>\n\t\t\t<\/a>\n\t<\/div>\n<\/div><\/div><\/div><\/div><\/div>\n\n<div id=\"pl-gb1018-69ee1d9011b39\"  class=\"panel-layout wp-block-siteorigin-panels-layout-block\" ><div id=\"pg-gb1018-69ee1d9011b39-0\"  class=\"panel-grid panel-no-style\" ><div id=\"pgc-gb1018-69ee1d9011b39-0-0\"  class=\"panel-grid-cell\" ><div id=\"panel-gb1018-69ee1d9011b39-0-0-0\" class=\"so-panel widget widget_sow-editor panel-first-child panel-last-child\" data-index=\"0\" ><div\n\t\t\t\n\t\t\tclass=\"so-widget-sow-editor so-widget-sow-editor-base\"\n\t\t\t\n\t\t><h3 class=\"widget-title\">ESTUDIOS \/ RESEARCHES<\/h3>\n<div class=\"siteorigin-widget-tinymce textwidget\">\n\t<\/div>\n<\/div><\/div><\/div><\/div><div id=\"pg-gb1018-69ee1d9011b39-1\"  class=\"panel-grid panel-no-style\" ><div id=\"pgc-gb1018-69ee1d9011b39-1-0\"  class=\"panel-grid-cell\" ><div id=\"panel-gb1018-69ee1d9011b39-1-0-0\" class=\"so-panel widget widget_sow-editor panel-first-child panel-last-child\" data-index=\"1\" ><div\n\t\t\t\n\t\t\tclass=\"so-widget-sow-editor so-widget-sow-editor-base\"\n\t\t\t\n\t\t><h3 class=\"widget-title\">Ruth Bader Ginsburg, catedr\u00e1tica pionera, abogada pionera, Juez pionera de la Corte Suprema de los Estados Unidos<\/h3>\n<div class=\"siteorigin-widget-tinymce textwidget\">\n\t<p>[<em>Ruth Bader Ginsburg, pioneering university professor, pioneering attorney, pioneering United States Supreme Court Associate Justice<\/em>]<\/p>\n<p>Alberto Arufe Varela<\/p>\n<\/div>\n<\/div><\/div><\/div><div id=\"pgc-gb1018-69ee1d9011b39-1-1\"  class=\"panel-grid-cell\" ><div id=\"panel-gb1018-69ee1d9011b39-1-1-0\" class=\"so-panel widget widget_sow-button panel-first-child panel-last-child\" data-index=\"2\" ><div\n\t\t\t\n\t\t\tclass=\"so-widget-sow-button so-widget-sow-button-atom-a4a7116f49f3-1018\"\n\t\t\t\n\t\t><div class=\"ow-button-base ow-button-align-left\"\n>\n\t\t\t<a\n\t\t\t\t\thref=\"https:\/\/acdct.es\/wp-content\/uploads\/2023\/09\/03-arufe-varela-acdct-xiv-2022.pdf\"\n\t\t\t\t\tclass=\"sowb-button ow-icon-placement-left ow-button-hover\" target=\"_blank\" rel=\"noopener noreferrer\" \t>\n\t\t<span>\n\t\t\t<span class=\"sow-icon-fontawesome sow-far\" data-sow-icon=\"&#xf1c1;\"\n\t\tstyle=\"color: #dd3333\" \n\t\taria-hidden=\"true\"><\/span>\n\t\t\tABRIR\t\t<\/span>\n\t\t\t<\/a>\n\t<\/div>\n<\/div><\/div><\/div><\/div><div id=\"pg-gb1018-69ee1d9011b39-2\"  class=\"panel-grid panel-no-style\" ><div id=\"pgc-gb1018-69ee1d9011b39-2-0\"  class=\"panel-grid-cell\" ><div id=\"panel-gb1018-69ee1d9011b39-2-0-0\" class=\"so-panel widget widget_sow-editor panel-first-child panel-last-child\" data-index=\"3\" ><div\n\t\t\t\n\t\t\tclass=\"so-widget-sow-editor so-widget-sow-editor-base\"\n\t\t\t\n\t\t><h3 class=\"widget-title\">La problem\u00e1tica jur\u00eddica del trabajo remoto en Alemania<\/h3>\n<div class=\"siteorigin-widget-tinymce textwidget\">\n\t<p>[<em>The legal problems of remote work in Germany<\/em>]<\/p>\n<p>Holger Brecht-Heitzmann<\/p>\n<\/div>\n<\/div><\/div><\/div><div id=\"pgc-gb1018-69ee1d9011b39-2-1\"  class=\"panel-grid-cell\" ><div id=\"panel-gb1018-69ee1d9011b39-2-1-0\" class=\"so-panel widget widget_sow-button panel-first-child panel-last-child\" data-index=\"4\" ><div\n\t\t\t\n\t\t\tclass=\"so-widget-sow-button so-widget-sow-button-atom-a4a7116f49f3-1018\"\n\t\t\t\n\t\t><div class=\"ow-button-base ow-button-align-left\"\n>\n\t\t\t<a\n\t\t\t\t\thref=\"https:\/\/acdct.es\/wp-content\/uploads\/2023\/09\/04-brecht-heitzmann-acdct-xiv-2022.pdf\"\n\t\t\t\t\tclass=\"sowb-button ow-icon-placement-left ow-button-hover\" target=\"_blank\" rel=\"noopener noreferrer\" \t>\n\t\t<span>\n\t\t\t<span class=\"sow-icon-fontawesome sow-far\" data-sow-icon=\"&#xf1c1;\"\n\t\tstyle=\"color: #dd3333\" \n\t\taria-hidden=\"true\"><\/span>\n\t\t\tABRIR\t\t<\/span>\n\t\t\t<\/a>\n\t<\/div>\n<\/div><\/div><\/div><\/div><div id=\"pg-gb1018-69ee1d9011b39-3\"  class=\"panel-grid panel-no-style\" ><div id=\"pgc-gb1018-69ee1d9011b39-3-0\"  class=\"panel-grid-cell\" ><div id=\"panel-gb1018-69ee1d9011b39-3-0-0\" class=\"so-panel widget widget_sow-editor panel-first-child panel-last-child\" data-index=\"5\" ><div\n\t\t\t\n\t\t\tclass=\"so-widget-sow-editor so-widget-sow-editor-base\"\n\t\t\t\n\t\t><h3 class=\"widget-title\">La reforma laboral 2021-2022 en Espa\u00f1a: claves, mitos y realidades, a\u00f1o y medio despu\u00e9s de su entrada en vigor <\/h3>\n<div class=\"siteorigin-widget-tinymce textwidget\">\n\t<p><em>[The 2021-2022 Spanish labour reform: keys, myths and realities, a year an a half after its entry into force] <\/em><\/p>\n<p>Faustino Cavas Mart\u00ednez<\/p>\n<\/div>\n<\/div><\/div><\/div><div id=\"pgc-gb1018-69ee1d9011b39-3-1\"  class=\"panel-grid-cell\" ><div id=\"panel-gb1018-69ee1d9011b39-3-1-0\" class=\"so-panel widget widget_sow-button panel-first-child panel-last-child\" data-index=\"6\" ><div\n\t\t\t\n\t\t\tclass=\"so-widget-sow-button so-widget-sow-button-atom-a4a7116f49f3-1018\"\n\t\t\t\n\t\t><div class=\"ow-button-base ow-button-align-left\"\n>\n\t\t\t<a\n\t\t\t\t\thref=\"https:\/\/acdct.es\/wp-content\/uploads\/2023\/10\/05-cavas-martinez-acdct-xiv-2022.pdf\"\n\t\t\t\t\tclass=\"sowb-button ow-icon-placement-left ow-button-hover\" target=\"_blank\" rel=\"noopener noreferrer\" \t>\n\t\t<span>\n\t\t\t<span class=\"sow-icon-fontawesome sow-far\" data-sow-icon=\"&#xf1c1;\"\n\t\tstyle=\"color: #dd3333\" \n\t\taria-hidden=\"true\"><\/span>\n\t\t\tABRIR\t\t<\/span>\n\t\t\t<\/a>\n\t<\/div>\n<\/div><\/div><\/div><\/div><div id=\"pg-gb1018-69ee1d9011b39-4\"  class=\"panel-grid panel-no-style\" ><div id=\"pgc-gb1018-69ee1d9011b39-4-0\"  class=\"panel-grid-cell\" ><div id=\"panel-gb1018-69ee1d9011b39-4-0-0\" class=\"so-panel widget widget_sow-editor panel-first-child panel-last-child\" data-index=\"7\" ><div\n\t\t\t\n\t\t\tclass=\"so-widget-sow-editor so-widget-sow-editor-base\"\n\t\t\t\n\t\t><h3 class=\"widget-title\">Las especialidades del teletrabajo transnacional<\/h3>\n<div class=\"siteorigin-widget-tinymce textwidget\">\n\t<p>[<em>Transnational teleworking specialities<\/em>]<\/p>\n<p>Jes\u00fas Cruz Villal\u00f3n<\/p>\n<\/div>\n<\/div><\/div><\/div><div id=\"pgc-gb1018-69ee1d9011b39-4-1\"  class=\"panel-grid-cell\" ><div id=\"panel-gb1018-69ee1d9011b39-4-1-0\" class=\"so-panel widget widget_sow-button panel-first-child panel-last-child\" data-index=\"8\" ><div\n\t\t\t\n\t\t\tclass=\"so-widget-sow-button so-widget-sow-button-atom-a4a7116f49f3-1018\"\n\t\t\t\n\t\t><div class=\"ow-button-base ow-button-align-left\"\n>\n\t\t\t<a\n\t\t\t\t\thref=\"https:\/\/acdct.es\/wp-content\/uploads\/2023\/10\/06-cruz-villalon-acdct-xiv-2022.pdf\"\n\t\t\t\t\tclass=\"sowb-button ow-icon-placement-left ow-button-hover\" target=\"_blank\" rel=\"noopener noreferrer\" \t>\n\t\t<span>\n\t\t\t<span class=\"sow-icon-fontawesome sow-far\" data-sow-icon=\"&#xf1c1;\"\n\t\tstyle=\"color: #dd3333\" \n\t\taria-hidden=\"true\"><\/span>\n\t\t\tABRIR\t\t<\/span>\n\t\t\t<\/a>\n\t<\/div>\n<\/div><\/div><\/div><\/div><div id=\"pg-gb1018-69ee1d9011b39-5\"  class=\"panel-grid panel-no-style\" ><div id=\"pgc-gb1018-69ee1d9011b39-5-0\"  class=\"panel-grid-cell\" ><div id=\"panel-gb1018-69ee1d9011b39-5-0-0\" class=\"so-panel widget widget_sow-editor panel-first-child panel-last-child\" data-index=\"9\" ><div\n\t\t\t\n\t\t\tclass=\"so-widget-sow-editor so-widget-sow-editor-base\"\n\t\t\t\n\t\t><h3 class=\"widget-title\">Mujer y Fuerzas Armadas. un \u00e1mbito profesional de-generado en los Estados Unidos <\/h3>\n<div class=\"siteorigin-widget-tinymce textwidget\">\n\t<p>[W<em>omen and Armed Forces. a degendered professional field in the United States<\/em>]<\/p>\n<p>Jes\u00fas Mart\u00ednez Gir\u00f3n<\/p>\n<\/div>\n<\/div><\/div><\/div><div id=\"pgc-gb1018-69ee1d9011b39-5-1\"  class=\"panel-grid-cell\" ><div id=\"panel-gb1018-69ee1d9011b39-5-1-0\" class=\"so-panel widget widget_sow-button panel-first-child panel-last-child\" data-index=\"10\" ><div\n\t\t\t\n\t\t\tclass=\"so-widget-sow-button so-widget-sow-button-atom-a4a7116f49f3-1018\"\n\t\t\t\n\t\t><div class=\"ow-button-base ow-button-align-left\"\n>\n\t\t\t<a\n\t\t\t\t\thref=\"https:\/\/acdct.es\/wp-content\/uploads\/2023\/10\/07-martinez-giron-acdct-xiv-2022.pdf\"\n\t\t\t\t\tclass=\"sowb-button ow-icon-placement-left ow-button-hover\" target=\"_blank\" rel=\"noopener noreferrer\" \t>\n\t\t<span>\n\t\t\t<span class=\"sow-icon-fontawesome sow-far\" data-sow-icon=\"&#xf1c1;\"\n\t\tstyle=\"color: #dd3333\" \n\t\taria-hidden=\"true\"><\/span>\n\t\t\tABRIR\t\t<\/span>\n\t\t\t<\/a>\n\t<\/div>\n<\/div><\/div><\/div><\/div><div id=\"pg-gb1018-69ee1d9011b39-6\"  class=\"panel-grid panel-no-style\" ><div id=\"pgc-gb1018-69ee1d9011b39-6-0\"  class=\"panel-grid-cell\" ><div id=\"panel-gb1018-69ee1d9011b39-6-0-0\" class=\"so-panel widget widget_sow-editor panel-first-child panel-last-child\" data-index=\"11\" ><div\n\t\t\t\n\t\t\tclass=\"so-widget-sow-editor so-widget-sow-editor-base\"\n\t\t\t\n\t\t><h3 class=\"widget-title\">Teletrabajo en Austria<\/h3>\n<div class=\"siteorigin-widget-tinymce textwidget\">\n\t<p>[<em>Teleworking in Austria<\/em>]<\/p>\n<p>Nora Melzer<\/p>\n<\/div>\n<\/div><\/div><\/div><div id=\"pgc-gb1018-69ee1d9011b39-6-1\"  class=\"panel-grid-cell\" ><div id=\"panel-gb1018-69ee1d9011b39-6-1-0\" class=\"so-panel widget widget_sow-button panel-first-child panel-last-child\" data-index=\"12\" ><div\n\t\t\t\n\t\t\tclass=\"so-widget-sow-button so-widget-sow-button-atom-a4a7116f49f3-1018\"\n\t\t\t\n\t\t><div class=\"ow-button-base ow-button-align-left\"\n>\n\t\t\t<a\n\t\t\t\t\thref=\"https:\/\/acdct.es\/wp-content\/uploads\/2023\/09\/08-melzer-acdct-xiv-2022.pdf\"\n\t\t\t\t\tclass=\"sowb-button ow-icon-placement-left ow-button-hover\" target=\"_blank\" rel=\"noopener noreferrer\" \t>\n\t\t<span>\n\t\t\t<span class=\"sow-icon-fontawesome sow-far\" data-sow-icon=\"&#xf1c1;\"\n\t\tstyle=\"color: #dd3333\" \n\t\taria-hidden=\"true\"><\/span>\n\t\t\tABRIR\t\t<\/span>\n\t\t\t<\/a>\n\t<\/div>\n<\/div><\/div><\/div><\/div><div id=\"pg-gb1018-69ee1d9011b39-7\"  class=\"panel-grid panel-no-style\" ><div id=\"pgc-gb1018-69ee1d9011b39-7-0\"  class=\"panel-grid-cell\" ><div id=\"panel-gb1018-69ee1d9011b39-7-0-0\" class=\"so-panel widget widget_sow-editor panel-first-child panel-last-child\" data-index=\"13\" ><div\n\t\t\t\n\t\t\tclass=\"so-widget-sow-editor so-widget-sow-editor-base\"\n\t\t\t\n\t\t><h3 class=\"widget-title\">El juicio de proporcionalidad en lo laboral: construcci\u00f3n, nuevas dimensiones y futuros escenarios <\/h3>\n<div class=\"siteorigin-widget-tinymce textwidget\">\n\t<p>[<em>The scrutiny of proportionality in labor relations: construction, new dimensions and future scenarios<\/em>]<\/p>\n<p>Jes\u00fas R. Mercader Uguina<\/p>\n<\/div>\n<\/div><\/div><\/div><div id=\"pgc-gb1018-69ee1d9011b39-7-1\"  class=\"panel-grid-cell\" ><div id=\"panel-gb1018-69ee1d9011b39-7-1-0\" class=\"so-panel widget widget_sow-button panel-first-child panel-last-child\" data-index=\"14\" ><div\n\t\t\t\n\t\t\tclass=\"so-widget-sow-button so-widget-sow-button-atom-a4a7116f49f3-1018\"\n\t\t\t\n\t\t><div class=\"ow-button-base ow-button-align-left\"\n>\n\t\t\t<a\n\t\t\t\t\thref=\"https:\/\/acdct.es\/wp-content\/uploads\/2023\/09\/09-mercader-uguina-acdct-xiv-2022.pdf\"\n\t\t\t\t\tclass=\"sowb-button ow-icon-placement-left ow-button-hover\" target=\"_blank\" rel=\"noopener noreferrer\" \t>\n\t\t<span>\n\t\t\t<span class=\"sow-icon-fontawesome sow-far\" data-sow-icon=\"&#xf1c1;\"\n\t\tstyle=\"color: #dd3333\" \n\t\taria-hidden=\"true\"><\/span>\n\t\t\tABRIR\t\t<\/span>\n\t\t\t<\/a>\n\t<\/div>\n<\/div><\/div><\/div><\/div><div id=\"pg-gb1018-69ee1d9011b39-8\"  class=\"panel-grid panel-no-style\" ><div id=\"pgc-gb1018-69ee1d9011b39-8-0\"  class=\"panel-grid-cell\" ><div id=\"panel-gb1018-69ee1d9011b39-8-0-0\" class=\"so-panel widget widget_sow-editor panel-first-child panel-last-child\" data-index=\"15\" ><div\n\t\t\t\n\t\t\tclass=\"so-widget-sow-editor so-widget-sow-editor-base\"\n\t\t\t\n\t\t><h3 class=\"widget-title\">Caminante, no hay camino, se hace camino al andar: la presunci\u00f3n de laboralidad en las plataformas digitales y la gesti\u00f3n algor\u00edtmica en las relaciones laborales<\/h3>\n<div class=\"siteorigin-widget-tinymce textwidget\">\n\t<p>[Walker, there is no road, the road is made by walking: <em>the presumption of employment contract in digital platforms and algorithmic management in labour relations<\/em>]<\/p>\n<p>Teresa Coelho Moreira<\/p>\n<\/div>\n<\/div><\/div><\/div><div id=\"pgc-gb1018-69ee1d9011b39-8-1\"  class=\"panel-grid-cell\" ><div id=\"panel-gb1018-69ee1d9011b39-8-1-0\" class=\"so-panel widget widget_sow-button panel-first-child panel-last-child\" data-index=\"16\" ><div\n\t\t\t\n\t\t\tclass=\"so-widget-sow-button so-widget-sow-button-atom-a4a7116f49f3-1018\"\n\t\t\t\n\t\t><div class=\"ow-button-base ow-button-align-left\"\n>\n\t\t\t<a\n\t\t\t\t\thref=\"https:\/\/acdct.es\/wp-content\/uploads\/2023\/10\/10-coelho-moreira-acdct-xiv-2022.pdf\"\n\t\t\t\t\tclass=\"sowb-button ow-icon-placement-left ow-button-hover\" target=\"_blank\" rel=\"noopener noreferrer\" \t>\n\t\t<span>\n\t\t\t<span class=\"sow-icon-fontawesome sow-far\" data-sow-icon=\"&#xf1c1;\"\n\t\tstyle=\"color: #dd3333\" \n\t\taria-hidden=\"true\"><\/span>\n\t\t\tABRIR\t\t<\/span>\n\t\t\t<\/a>\n\t<\/div>\n<\/div><\/div><\/div><\/div><div id=\"pg-gb1018-69ee1d9011b39-9\"  class=\"panel-grid panel-no-style\" ><div id=\"pgc-gb1018-69ee1d9011b39-9-0\"  class=\"panel-grid-cell\" ><div id=\"panel-gb1018-69ee1d9011b39-9-0-0\" class=\"so-panel widget widget_sow-editor panel-first-child panel-last-child\" data-index=\"17\" ><div\n\t\t\t\n\t\t\tclass=\"so-widget-sow-editor so-widget-sow-editor-base\"\n\t\t\t\n\t\t><h3 class=\"widget-title\">La comparaci\u00f3n jur\u00eddica en la Facultad de Derecho de Trento (1987-2012), entre los recuerdos del estudiante y la actividad del docente<\/h3>\n<div class=\"siteorigin-widget-tinymce textwidget\">\n\t<p>[<em>The legal comparison at the Law School of Trento (1987-2012), between the student\u2019s memory and the professor\u2019s activity<\/em>]<\/p>\n<p>Luca Nogler<\/p>\n<\/div>\n<\/div><\/div><\/div><div id=\"pgc-gb1018-69ee1d9011b39-9-1\"  class=\"panel-grid-cell\" ><div id=\"panel-gb1018-69ee1d9011b39-9-1-0\" class=\"so-panel widget widget_sow-button panel-first-child panel-last-child\" data-index=\"18\" ><div\n\t\t\t\n\t\t\tclass=\"so-widget-sow-button so-widget-sow-button-atom-a4a7116f49f3-1018\"\n\t\t\t\n\t\t><div class=\"ow-button-base ow-button-align-left\"\n>\n\t\t\t<a\n\t\t\t\t\thref=\"https:\/\/acdct.es\/wp-content\/uploads\/2023\/09\/11-nogler-acdct-xiv-2022.pdf\"\n\t\t\t\t\tclass=\"sowb-button ow-icon-placement-left ow-button-hover\" target=\"_blank\" rel=\"noopener noreferrer\" \t>\n\t\t<span>\n\t\t\t<span class=\"sow-icon-fontawesome sow-far\" data-sow-icon=\"&#xf1c1;\"\n\t\tstyle=\"color: #dd3333\" \n\t\taria-hidden=\"true\"><\/span>\n\t\t\tABRIR\t\t<\/span>\n\t\t\t<\/a>\n\t<\/div>\n<\/div><\/div><\/div><\/div><div id=\"pg-gb1018-69ee1d9011b39-10\"  class=\"panel-grid panel-no-style\" ><div id=\"pgc-gb1018-69ee1d9011b39-10-0\"  class=\"panel-grid-cell\" ><div id=\"panel-gb1018-69ee1d9011b39-10-0-0\" class=\"so-panel widget widget_sow-editor panel-first-child panel-last-child\" data-index=\"19\" ><div\n\t\t\t\n\t\t\tclass=\"so-widget-sow-editor so-widget-sow-editor-base\"\n\t\t\t\n\t\t><h3 class=\"widget-title\">La Directiva 2019\/1158, de 20 de junio, relativa a la conciliaci\u00f3n de la vida familiar y profesional de los progenitores y cuidadores. Su transposici\u00f3n al ordenamiento jur\u00eddico espa\u00f1ol <\/h3>\n<div class=\"siteorigin-widget-tinymce textwidget\">\n\t<p>[<em>Directive 2019\/1158, of 20 june 2019, on work-life balance for parents and carers. Its implementation into Spanish law<\/em>]<\/p>\n<p>Susana Rodr\u00edguez Escanciano<\/p>\n<\/div>\n<\/div><\/div><\/div><div id=\"pgc-gb1018-69ee1d9011b39-10-1\"  class=\"panel-grid-cell\" ><div id=\"panel-gb1018-69ee1d9011b39-10-1-0\" class=\"so-panel widget widget_sow-button panel-first-child panel-last-child\" data-index=\"20\" ><div\n\t\t\t\n\t\t\tclass=\"so-widget-sow-button so-widget-sow-button-atom-a4a7116f49f3-1018\"\n\t\t\t\n\t\t><div class=\"ow-button-base ow-button-align-left\"\n>\n\t\t\t<a\n\t\t\t\t\thref=\"https:\/\/acdct.es\/wp-content\/uploads\/2023\/09\/12-rodriguez-escanciano-acdct-xiv-2022.pdf\"\n\t\t\t\t\tclass=\"sowb-button ow-icon-placement-left ow-button-hover\" target=\"_blank\" rel=\"noopener noreferrer\" \t>\n\t\t<span>\n\t\t\t<span class=\"sow-icon-fontawesome sow-far\" data-sow-icon=\"&#xf1c1;\"\n\t\tstyle=\"color: #dd3333\" \n\t\taria-hidden=\"true\"><\/span>\n\t\t\tABRIR\t\t<\/span>\n\t\t\t<\/a>\n\t<\/div>\n<\/div><\/div><\/div><\/div><div id=\"pg-gb1018-69ee1d9011b39-11\"  class=\"panel-grid panel-no-style\" ><div id=\"pgc-gb1018-69ee1d9011b39-11-0\"  class=\"panel-grid-cell\" ><div id=\"panel-gb1018-69ee1d9011b39-11-0-0\" class=\"so-panel widget widget_sow-editor panel-first-child panel-last-child\" data-index=\"21\" ><div\n\t\t\t\n\t\t\tclass=\"so-widget-sow-editor so-widget-sow-editor-base\"\n\t\t\t\n\t\t><h3 class=\"widget-title\">La regulaci\u00f3n del trabajo remoto mediante la negociaci\u00f3n colectiva: valoraci\u00f3n comparada de las experiencias espa\u00f1ola e italiana <\/h3>\n<div class=\"siteorigin-widget-tinymce textwidget\">\n\t<p>[<em>The regulation of remote work through collective bargaining: a comparative assessment of the Spanish and Italian experiences<\/em>]<\/p>\n<p>Jos\u00e9 Enrique Ruiz Saura<\/p>\n<\/div>\n<\/div><\/div><\/div><div id=\"pgc-gb1018-69ee1d9011b39-11-1\"  class=\"panel-grid-cell\" ><div id=\"panel-gb1018-69ee1d9011b39-11-1-0\" class=\"so-panel widget widget_sow-button panel-first-child panel-last-child\" data-index=\"22\" ><div\n\t\t\t\n\t\t\tclass=\"so-widget-sow-button so-widget-sow-button-atom-a4a7116f49f3-1018\"\n\t\t\t\n\t\t><div class=\"ow-button-base ow-button-align-left\"\n>\n\t\t\t<a\n\t\t\t\t\thref=\"https:\/\/acdct.es\/wp-content\/uploads\/2023\/09\/13-ruiz-saura-acdct-xiv-2022.pdf\"\n\t\t\t\t\tclass=\"sowb-button ow-icon-placement-left ow-button-hover\" target=\"_blank\" rel=\"noopener noreferrer\" \t>\n\t\t<span>\n\t\t\t<span class=\"sow-icon-fontawesome sow-far\" data-sow-icon=\"&#xf1c1;\"\n\t\tstyle=\"color: #dd3333\" \n\t\taria-hidden=\"true\"><\/span>\n\t\t\tABRIR\t\t<\/span>\n\t\t\t<\/a>\n\t<\/div>\n<\/div><\/div><\/div><\/div><\/div>\n\n<div id=\"pl-gb1018-69ee1d901438d\"  class=\"panel-layout wp-block-siteorigin-panels-layout-block\" ><div id=\"pg-gb1018-69ee1d901438d-0\"  class=\"panel-grid panel-no-style\" ><div id=\"pgc-gb1018-69ee1d901438d-0-0\"  class=\"panel-grid-cell\" ><div id=\"panel-gb1018-69ee1d901438d-0-0-0\" class=\"so-panel widget widget_sow-editor panel-first-child panel-last-child\" data-index=\"0\" ><div\n\t\t\t\n\t\t\tclass=\"so-widget-sow-editor so-widget-sow-editor-base\"\n\t\t\t\n\t\t>\n<div class=\"siteorigin-widget-tinymce textwidget\">\n\t<\/div>\n<\/div><\/div><\/div><\/div><\/div>\n\n<div id=\"pl-gb1018-69ee1d9014680\"  class=\"panel-layout wp-block-siteorigin-panels-layout-block\" ><div id=\"pg-gb1018-69ee1d9014680-0\"  class=\"panel-grid panel-no-style\" ><div id=\"pgc-gb1018-69ee1d9014680-0-0\"  class=\"panel-grid-cell\" ><div id=\"panel-gb1018-69ee1d9014680-0-0-0\" class=\"so-panel widget widget_sow-editor panel-first-child panel-last-child\" data-index=\"0\" ><div\n\t\t\t\n\t\t\tclass=\"so-widget-sow-editor so-widget-sow-editor-base\"\n\t\t\t\n\t\t><h3 class=\"widget-title\">RECENSIONES DE LIBROS<\/h3>\n<div class=\"siteorigin-widget-tinymce textwidget\">\n\t<p><em>[BOOK REVIEW]<\/em><\/p>\n<\/div>\n<\/div><\/div><\/div><\/div><\/div>\n\n<div id=\"pl-gb1018-69ee1d9015914\"  class=\"panel-layout wp-block-siteorigin-panels-layout-block\" ><div id=\"pg-gb1018-69ee1d9015914-0\"  class=\"panel-grid panel-no-style\" ><div id=\"pgc-gb1018-69ee1d9015914-0-0\"  class=\"panel-grid-cell\" ><div id=\"panel-gb1018-69ee1d9015914-0-0-0\" class=\"so-panel widget widget_sow-editor panel-first-child panel-last-child\" data-index=\"0\" ><div\n\t\t\t\n\t\t\tclass=\"so-widget-sow-editor so-widget-sow-editor-base\"\n\t\t\t\n\t\t><h3 class=\"widget-title\">Recensi\u00f3n a cargo de Iv\u00e1n Vizca\u00edno Ramos<\/h3>\n<div class=\"siteorigin-widget-tinymce textwidget\">\n\t<p>Lu\u00eds Fernando PIMENTEL DE OLIVEIRA VASCONCELOS ABREU, <em>A tutela da confian\u00e7a e a fun\u00e7\u00e3o judicial: O caso das viragens da jurisprud\u00eancia. Uma breve panor\u00e2mica do direito portugu\u00eas e do direito brasileiro<\/em>, Instituto Jur\u00eddico-Faculdade de Direito da Universidade de Coimbra (Coimbra, 2022), 170 p\u00e1gs.<\/p>\n<\/div>\n<\/div><\/div><\/div><div id=\"pgc-gb1018-69ee1d9015914-0-1\"  class=\"panel-grid-cell\" ><div id=\"panel-gb1018-69ee1d9015914-0-1-0\" class=\"so-panel widget widget_sow-button panel-first-child panel-last-child\" data-index=\"1\" ><div\n\t\t\t\n\t\t\tclass=\"so-widget-sow-button so-widget-sow-button-atom-a4a7116f49f3-1018\"\n\t\t\t\n\t\t><div class=\"ow-button-base ow-button-align-left\"\n>\n\t\t\t<a\n\t\t\t\t\thref=\"https:\/\/acdct.es\/wp-content\/uploads\/2023\/09\/14-vizcaino-abreu-acdct-xiv-2022.pdf\"\n\t\t\t\t\tclass=\"sowb-button ow-icon-placement-left ow-button-hover\" target=\"_blank\" rel=\"noopener noreferrer\" \t>\n\t\t<span>\n\t\t\t<span class=\"sow-icon-fontawesome sow-far\" data-sow-icon=\"&#xf1c1;\"\n\t\tstyle=\"color: #dd3333\" \n\t\taria-hidden=\"true\"><\/span>\n\t\t\tABRIR\t\t<\/span>\n\t\t\t<\/a>\n\t<\/div>\n<\/div><\/div><\/div><\/div><div id=\"pg-gb1018-69ee1d9015914-1\"  class=\"panel-grid panel-no-style\" ><div id=\"pgc-gb1018-69ee1d9015914-1-0\"  class=\"panel-grid-cell\" ><div id=\"panel-gb1018-69ee1d9015914-1-0-0\" class=\"so-panel widget widget_sow-editor panel-first-child panel-last-child\" data-index=\"2\" ><div\n\t\t\t\n\t\t\tclass=\"so-widget-sow-editor so-widget-sow-editor-base\"\n\t\t\t\n\t\t><h3 class=\"widget-title\">Recensi\u00f3n a cargo de Alberto Arufe Varela<\/h3>\n<div class=\"siteorigin-widget-tinymce textwidget\">\n\t<p style=\"text-align: left;\">Henar \u00c1LVAREZ CUESTA, <em>Protecci\u00f3n social frente a la pobreza<\/em>, Bomarzo (Albacete, 2023), 265 p\u00e1gs.<\/p>\n<\/div>\n<\/div><\/div><\/div><div id=\"pgc-gb1018-69ee1d9015914-1-1\"  class=\"panel-grid-cell\" ><div id=\"panel-gb1018-69ee1d9015914-1-1-0\" class=\"so-panel widget widget_sow-button panel-first-child panel-last-child\" data-index=\"3\" ><div\n\t\t\t\n\t\t\tclass=\"so-widget-sow-button so-widget-sow-button-atom-a4a7116f49f3-1018\"\n\t\t\t\n\t\t><div class=\"ow-button-base ow-button-align-left\"\n>\n\t\t\t<a\n\t\t\t\t\thref=\"https:\/\/acdct.es\/wp-content\/uploads\/2023\/09\/15-arufe-alvarez-cuesta-acdct-xiv-2022.pdf\"\n\t\t\t\t\tclass=\"sowb-button ow-icon-placement-left ow-button-hover\" target=\"_blank\" rel=\"noopener noreferrer\" \t>\n\t\t<span>\n\t\t\t<span class=\"sow-icon-fontawesome sow-far\" data-sow-icon=\"&#xf1c1;\"\n\t\tstyle=\"color: #dd3333\" \n\t\taria-hidden=\"true\"><\/span>\n\t\t\tABRIR\t\t<\/span>\n\t\t\t<\/a>\n\t<\/div>\n<\/div><\/div><\/div><\/div><div id=\"pg-gb1018-69ee1d9015914-2\"  class=\"panel-grid panel-no-style\" ><div id=\"pgc-gb1018-69ee1d9015914-2-0\"  class=\"panel-grid-cell\" ><div id=\"panel-gb1018-69ee1d9015914-2-0-0\" class=\"so-panel widget widget_sow-editor panel-first-child panel-last-child\" data-index=\"4\" ><div\n\t\t\t\n\t\t\tclass=\"so-widget-sow-editor so-widget-sow-editor-base\"\n\t\t\t\n\t\t><h3 class=\"widget-title\">Recensi\u00f3n a cargo de Alberto Arufe Varela<\/h3>\n<div class=\"siteorigin-widget-tinymce textwidget\">\n\t<p>Kate ANDRIAS y Brishen ROGERS, <em>Rebuilding worker voice in today\u2019s economy<\/em>, Roosevelt Institute (2018), 46 p\u00e1gs.<\/p>\n<\/div>\n<\/div><\/div><\/div><div id=\"pgc-gb1018-69ee1d9015914-2-1\"  class=\"panel-grid-cell\" ><div id=\"panel-gb1018-69ee1d9015914-2-1-0\" class=\"so-panel widget widget_sow-button panel-first-child panel-last-child\" data-index=\"5\" ><div\n\t\t\t\n\t\t\tclass=\"so-widget-sow-button so-widget-sow-button-atom-a4a7116f49f3-1018\"\n\t\t\t\n\t\t><div class=\"ow-button-base ow-button-align-left\"\n>\n\t\t\t<a\n\t\t\t\t\thref=\"https:\/\/acdct.es\/wp-content\/uploads\/2023\/09\/16-arufe-andrias-rogers-acdct-xiv-2022.pdf\"\n\t\t\t\t\tclass=\"sowb-button ow-icon-placement-left ow-button-hover\" target=\"_blank\" rel=\"noopener noreferrer\" \t>\n\t\t<span>\n\t\t\t<span class=\"sow-icon-fontawesome sow-far\" data-sow-icon=\"&#xf1c1;\"\n\t\tstyle=\"color: #dd3333\" \n\t\taria-hidden=\"true\"><\/span>\n\t\t\tABRIR\t\t<\/span>\n\t\t\t<\/a>\n\t<\/div>\n<\/div><\/div><\/div><\/div><div id=\"pg-gb1018-69ee1d9015914-3\"  class=\"panel-grid panel-no-style\" ><div id=\"pgc-gb1018-69ee1d9015914-3-0\"  class=\"panel-grid-cell\" ><div id=\"panel-gb1018-69ee1d9015914-3-0-0\" class=\"so-panel widget widget_sow-editor panel-first-child panel-last-child\" data-index=\"6\" ><div\n\t\t\t\n\t\t\tclass=\"so-widget-sow-editor so-widget-sow-editor-base\"\n\t\t\t\n\t\t><h3 class=\"widget-title\">Recensi\u00f3n a cargo de Alberto Arufe Varela<\/h3>\n<div class=\"siteorigin-widget-tinymce textwidget\">\n\t<p>Lincoln CAPLAN, <em>The Tenth Justice. The Solicitor General and the Rule of Law<\/em>, Vintage Books-Random House (New York, 1987), 343 p\u00e1gs.; Robert H. BORK, <em>Saving justice. Watergate, the Saturday Night Massacre and Other Adventures of a Solicitor General<\/em>, Encounter Books (New York, 2013), 136 p\u00e1gs.<\/p>\n<\/div>\n<\/div><\/div><\/div><div id=\"pgc-gb1018-69ee1d9015914-3-1\"  class=\"panel-grid-cell\" ><div id=\"panel-gb1018-69ee1d9015914-3-1-0\" class=\"so-panel widget widget_sow-button panel-first-child panel-last-child\" data-index=\"7\" ><div\n\t\t\t\n\t\t\tclass=\"so-widget-sow-button so-widget-sow-button-atom-a4a7116f49f3-1018\"\n\t\t\t\n\t\t><div class=\"ow-button-base ow-button-align-left\"\n>\n\t\t\t<a\n\t\t\t\t\thref=\"https:\/\/acdct.es\/wp-content\/uploads\/2023\/09\/17-arufe-caplan-acdct-xiv-2022.pdf\"\n\t\t\t\t\tclass=\"sowb-button ow-icon-placement-left ow-button-hover\" target=\"_blank\" rel=\"noopener noreferrer\" \t>\n\t\t<span>\n\t\t\t<span class=\"sow-icon-fontawesome sow-far\" data-sow-icon=\"&#xf1c1;\"\n\t\tstyle=\"color: #dd3333\" \n\t\taria-hidden=\"true\"><\/span>\n\t\t\tABRIR\t\t<\/span>\n\t\t\t<\/a>\n\t<\/div>\n<\/div><\/div><\/div><\/div><div id=\"pg-gb1018-69ee1d9015914-4\"  class=\"panel-grid panel-no-style\" ><div id=\"pgc-gb1018-69ee1d9015914-4-0\"  class=\"panel-grid-cell\" ><div id=\"panel-gb1018-69ee1d9015914-4-0-0\" class=\"so-panel widget widget_sow-editor panel-first-child panel-last-child\" data-index=\"8\" ><div\n\t\t\t\n\t\t\tclass=\"so-widget-sow-editor so-widget-sow-editor-base\"\n\t\t\t\n\t\t><h3 class=\"widget-title\">Recensi\u00f3n a cargo de Jes\u00fas Mart\u00ednez Gir\u00f3n<\/h3>\n<div class=\"siteorigin-widget-tinymce textwidget\">\n\t<p>Olga FOTINOPOULOU BASURKO, <em>La gente de mar en el Derecho de la Uni\u00f3n Europea<\/em>, Aranzadi (Cizur Menor-Navarra, 2023), 313 p\u00e1gs.<\/p>\n<\/div>\n<\/div><\/div><\/div><div id=\"pgc-gb1018-69ee1d9015914-4-1\"  class=\"panel-grid-cell\" ><div id=\"panel-gb1018-69ee1d9015914-4-1-0\" class=\"so-panel widget widget_sow-button panel-first-child panel-last-child\" data-index=\"9\" ><div\n\t\t\t\n\t\t\tclass=\"so-widget-sow-button so-widget-sow-button-atom-a4a7116f49f3-1018\"\n\t\t\t\n\t\t><div class=\"ow-button-base ow-button-align-left\"\n>\n\t\t\t<a\n\t\t\t\t\thref=\"https:\/\/acdct.es\/wp-content\/uploads\/2023\/10\/18-martinez-giron-fotinopoulou-basurko-acdct-xiv-2022.pdf\"\n\t\t\t\t\tclass=\"sowb-button ow-icon-placement-left ow-button-hover\" target=\"_blank\" rel=\"noopener noreferrer\" \t>\n\t\t<span>\n\t\t\t<span class=\"sow-icon-fontawesome sow-far\" data-sow-icon=\"&#xf1c1;\"\n\t\tstyle=\"color: #dd3333\" \n\t\taria-hidden=\"true\"><\/span>\n\t\t\tABRIR\t\t<\/span>\n\t\t\t<\/a>\n\t<\/div>\n<\/div><\/div><\/div><\/div><div id=\"pg-gb1018-69ee1d9015914-5\"  class=\"panel-grid panel-no-style\" ><div id=\"pgc-gb1018-69ee1d9015914-5-0\"  class=\"panel-grid-cell\" ><div id=\"panel-gb1018-69ee1d9015914-5-0-0\" class=\"so-panel widget widget_sow-editor panel-first-child panel-last-child\" data-index=\"10\" ><div\n\t\t\t\n\t\t\tclass=\"so-widget-sow-editor so-widget-sow-editor-base\"\n\t\t\t\n\t\t><h3 class=\"widget-title\">Recensi\u00f3n a cargo de Alberto Arufe Varela<\/h3>\n<div class=\"siteorigin-widget-tinymce textwidget\">\n\t<p>Herma HILL KAY, <em>Paving the way. The first American women law professors<\/em>, University of California Press (Oakland-California, 2021), 354 p\u00e1gs.<\/p>\n<\/div>\n<\/div><\/div><\/div><div id=\"pgc-gb1018-69ee1d9015914-5-1\"  class=\"panel-grid-cell\" ><div id=\"panel-gb1018-69ee1d9015914-5-1-0\" class=\"so-panel widget widget_sow-button panel-first-child panel-last-child\" data-index=\"11\" ><div\n\t\t\t\n\t\t\tclass=\"so-widget-sow-button so-widget-sow-button-atom-a4a7116f49f3-1018\"\n\t\t\t\n\t\t><div class=\"ow-button-base ow-button-align-left\"\n>\n\t\t\t<a\n\t\t\t\t\thref=\"https:\/\/acdct.es\/wp-content\/uploads\/2023\/09\/19-arufe-hill-kay-acdct-xiv-2022.pdf\"\n\t\t\t\t\tclass=\"sowb-button ow-icon-placement-left ow-button-hover\" target=\"_blank\" rel=\"noopener noreferrer\" \t>\n\t\t<span>\n\t\t\t<span class=\"sow-icon-fontawesome sow-far\" data-sow-icon=\"&#xf1c1;\"\n\t\tstyle=\"color: #dd3333\" \n\t\taria-hidden=\"true\"><\/span>\n\t\t\tABRIR\t\t<\/span>\n\t\t\t<\/a>\n\t<\/div>\n<\/div><\/div><\/div><\/div><div id=\"pg-gb1018-69ee1d9015914-6\"  class=\"panel-grid panel-no-style\" ><div id=\"pgc-gb1018-69ee1d9015914-6-0\"  class=\"panel-grid-cell\" ><div id=\"panel-gb1018-69ee1d9015914-6-0-0\" class=\"so-panel widget widget_sow-editor panel-first-child panel-last-child\" data-index=\"12\" ><div\n\t\t\t\n\t\t\tclass=\"so-widget-sow-editor so-widget-sow-editor-base\"\n\t\t\t\n\t\t><h3 class=\"widget-title\">Recensi\u00f3n a cargo de Alberto Arufe Varela<\/h3>\n<div class=\"siteorigin-widget-tinymce textwidget\">\n\t<p>Katharina VON KOPPENFELS-SPIES, Sozialrecht, 1\u00aa ed., Mohr Siebeck (Tubinga, 2018), 486 p\u00e1gs.; Katharina VON KOPPENFELS-SPIES y Ulrich WENNER (Editores), <em>SGB VII. Gesetzliche Unfallversicherung. Kommentar<\/em>, 3\u00aa ed., Luchterhand (M\u00fanich, 2022), 1112 p\u00e1gs.<\/p>\n<\/div>\n<\/div><\/div><\/div><div id=\"pgc-gb1018-69ee1d9015914-6-1\"  class=\"panel-grid-cell\" ><div id=\"panel-gb1018-69ee1d9015914-6-1-0\" class=\"so-panel widget widget_sow-button panel-first-child panel-last-child\" data-index=\"13\" ><div\n\t\t\t\n\t\t\tclass=\"so-widget-sow-button so-widget-sow-button-atom-a4a7116f49f3-1018\"\n\t\t\t\n\t\t><div class=\"ow-button-base ow-button-align-left\"\n>\n\t\t\t<a\n\t\t\t\t\thref=\"https:\/\/acdct.es\/wp-content\/uploads\/2023\/09\/20-arufe-vonkoppenfels-wenner-acdct-xiv-2022.pdf\"\n\t\t\t\t\tclass=\"sowb-button ow-icon-placement-left ow-button-hover\" target=\"_blank\" rel=\"noopener noreferrer\" \t>\n\t\t<span>\n\t\t\t<span class=\"sow-icon-fontawesome sow-far\" data-sow-icon=\"&#xf1c1;\"\n\t\tstyle=\"color: #dd3333\" \n\t\taria-hidden=\"true\"><\/span>\n\t\t\tABRIR\t\t<\/span>\n\t\t\t<\/a>\n\t<\/div>\n<\/div><\/div><\/div><\/div><div id=\"pg-gb1018-69ee1d9015914-7\"  class=\"panel-grid panel-no-style\" ><div id=\"pgc-gb1018-69ee1d9015914-7-0\"  class=\"panel-grid-cell\" ><div id=\"panel-gb1018-69ee1d9015914-7-0-0\" class=\"so-panel widget widget_sow-editor panel-first-child panel-last-child\" data-index=\"14\" ><div\n\t\t\t\n\t\t\tclass=\"so-widget-sow-editor so-widget-sow-editor-base\"\n\t\t\t\n\t\t><h3 class=\"widget-title\">Recensi\u00f3n a cargo de Jes\u00fas Mart\u00ednez Gir\u00f3n<\/h3>\n<div class=\"siteorigin-widget-tinymce textwidget\">\n\t<p>Yolanda MANEIRO V\u00c1ZQUEZ, <em>Cuidadores, igualdad y no discriminaci\u00f3n y corresponsabilidad: la (r)evoluci\u00f3n de los derechos de conciliaci\u00f3n de la mano de la\u00a0 Directiva (UE) 2019\/1158<\/em>, Bomarzo (Albacete, 2023), 217 p\u00e1gs.<\/p>\n<\/div>\n<\/div><\/div><\/div><div id=\"pgc-gb1018-69ee1d9015914-7-1\"  class=\"panel-grid-cell\" ><div id=\"panel-gb1018-69ee1d9015914-7-1-0\" class=\"so-panel widget widget_sow-button panel-first-child panel-last-child\" data-index=\"15\" ><div\n\t\t\t\n\t\t\tclass=\"so-widget-sow-button so-widget-sow-button-atom-a4a7116f49f3-1018\"\n\t\t\t\n\t\t><div class=\"ow-button-base ow-button-align-left\"\n>\n\t\t\t<a\n\t\t\t\t\thref=\"https:\/\/acdct.es\/wp-content\/uploads\/2023\/10\/21-martinez-giron-maneiro-vazquez-acdct-xiv-2022.pdf\"\n\t\t\t\t\tclass=\"sowb-button ow-icon-placement-left ow-button-hover\" target=\"_blank\" rel=\"noopener noreferrer\" \t>\n\t\t<span>\n\t\t\t<span class=\"sow-icon-fontawesome sow-far\" data-sow-icon=\"&#xf1c1;\"\n\t\tstyle=\"color: #dd3333\" \n\t\taria-hidden=\"true\"><\/span>\n\t\t\tABRIR\t\t<\/span>\n\t\t\t<\/a>\n\t<\/div>\n<\/div><\/div><\/div><\/div><div id=\"pg-gb1018-69ee1d9015914-8\"  class=\"panel-grid panel-no-style\" ><div id=\"pgc-gb1018-69ee1d9015914-8-0\"  class=\"panel-grid-cell\" ><div id=\"panel-gb1018-69ee1d9015914-8-0-0\" class=\"so-panel widget widget_sow-editor panel-first-child panel-last-child\" data-index=\"16\" ><div\n\t\t\t\n\t\t\tclass=\"so-widget-sow-editor so-widget-sow-editor-base\"\n\t\t\t\n\t\t><h3 class=\"widget-title\">Recensi\u00f3n a cargo de Jes\u00fas Mart\u00ednez Gir\u00f3n<\/h3>\n<div class=\"siteorigin-widget-tinymce textwidget\">\n\t<p>Jos\u00e9 Mar\u00eda MIRANDA BOTO, <em>Condiciones de trabajo transparentes y previsibles. Desaf\u00edos para el Derecho espa\u00f1ol de la Directiva (UE) 2019\/1152<\/em>, Tirant lo Blanch (Valencia, 2023), 319 p\u00e1gs.<\/p>\n<\/div>\n<\/div><\/div><\/div><div id=\"pgc-gb1018-69ee1d9015914-8-1\"  class=\"panel-grid-cell\" ><div id=\"panel-gb1018-69ee1d9015914-8-1-0\" class=\"so-panel widget widget_sow-button panel-first-child panel-last-child\" data-index=\"17\" ><div\n\t\t\t\n\t\t\tclass=\"so-widget-sow-button so-widget-sow-button-atom-a4a7116f49f3-1018\"\n\t\t\t\n\t\t><div class=\"ow-button-base ow-button-align-left\"\n>\n\t\t\t<a\n\t\t\t\t\thref=\"https:\/\/acdct.es\/wp-content\/uploads\/2023\/09\/22-martinez-giron-miranda-boto-acdct-xiv-2022.pdf\"\n\t\t\t\t\tclass=\"sowb-button ow-icon-placement-left ow-button-hover\" target=\"_blank\" rel=\"noopener noreferrer\" \t>\n\t\t<span>\n\t\t\t<span class=\"sow-icon-fontawesome sow-far\" data-sow-icon=\"&#xf1c1;\"\n\t\tstyle=\"color: #dd3333\" \n\t\taria-hidden=\"true\"><\/span>\n\t\t\tABRIR\t\t<\/span>\n\t\t\t<\/a>\n\t<\/div>\n<\/div><\/div><\/div><\/div><div id=\"pg-gb1018-69ee1d9015914-9\"  class=\"panel-grid panel-no-style\" ><div id=\"pgc-gb1018-69ee1d9015914-9-0\"  class=\"panel-grid-cell\" ><div id=\"panel-gb1018-69ee1d9015914-9-0-0\" class=\"so-panel widget widget_sow-editor panel-first-child panel-last-child\" data-index=\"18\" ><div\n\t\t\t\n\t\t\tclass=\"so-widget-sow-editor so-widget-sow-editor-base\"\n\t\t\t\n\t\t><h3 class=\"widget-title\">Recensi\u00f3n a cargo de Jes\u00fas Mart\u00ednez Gir\u00f3n<\/h3>\n<div class=\"siteorigin-widget-tinymce textwidget\">\n\t<p>Jos\u00e9 Luis MONEREO P\u00c9REZ y Bel\u00e9n del Mar L\u00d3PEZ INSUA, <em>La protecci\u00f3n socio-laboral de los j\u00f3venes: construyendo el futuro<\/em>, Atelier (Barcelona, 2023), 193 p\u00e1gs.<\/p>\n<\/div>\n<\/div><\/div><\/div><div id=\"pgc-gb1018-69ee1d9015914-9-1\"  class=\"panel-grid-cell\" ><div id=\"panel-gb1018-69ee1d9015914-9-1-0\" class=\"so-panel widget widget_sow-button panel-first-child panel-last-child\" data-index=\"19\" ><div\n\t\t\t\n\t\t\tclass=\"so-widget-sow-button so-widget-sow-button-atom-a4a7116f49f3-1018\"\n\t\t\t\n\t\t><div class=\"ow-button-base ow-button-align-left\"\n>\n\t\t\t<a\n\t\t\t\t\thref=\"https:\/\/acdct.es\/wp-content\/uploads\/2023\/09\/23-martinez-giron-monereo-lopez-insua-acdct-xiv-2022.pdf\"\n\t\t\t\t\tclass=\"sowb-button ow-icon-placement-left ow-button-hover\" target=\"_blank\" rel=\"noopener noreferrer\" \t>\n\t\t<span>\n\t\t\t<span class=\"sow-icon-fontawesome sow-far\" data-sow-icon=\"&#xf1c1;\"\n\t\tstyle=\"color: #dd3333\" \n\t\taria-hidden=\"true\"><\/span>\n\t\t\tABRIR\t\t<\/span>\n\t\t\t<\/a>\n\t<\/div>\n<\/div><\/div><\/div><\/div><div id=\"pg-gb1018-69ee1d9015914-10\"  class=\"panel-grid panel-no-style\" ><div id=\"pgc-gb1018-69ee1d9015914-10-0\"  class=\"panel-grid-cell\" ><div id=\"panel-gb1018-69ee1d9015914-10-0-0\" class=\"so-panel widget widget_sow-editor panel-first-child panel-last-child\" data-index=\"20\" ><div\n\t\t\t\n\t\t\tclass=\"so-widget-sow-editor so-widget-sow-editor-base\"\n\t\t\t\n\t\t><h3 class=\"widget-title\">Recensi\u00f3n a cargo de Jes\u00fas Mart\u00ednez Gir\u00f3n<\/h3>\n<div class=\"siteorigin-widget-tinymce textwidget\">\n\t<p>Lorenzo G. LUISETTO y Luca NOGLER (Editores), <em>Una nuova agenda statunitense di contrasto al monopsonio nei mercati di lavoro<\/em>, Fondazione Giacomo Brodolini (Roma, 2022), 191 p\u00e1gs.<\/p>\n<\/div>\n<\/div><\/div><\/div><div id=\"pgc-gb1018-69ee1d9015914-10-1\"  class=\"panel-grid-cell\" ><div id=\"panel-gb1018-69ee1d9015914-10-1-0\" class=\"so-panel widget widget_sow-button panel-first-child panel-last-child\" data-index=\"21\" ><div\n\t\t\t\n\t\t\tclass=\"so-widget-sow-button so-widget-sow-button-atom-a4a7116f49f3-1018\"\n\t\t\t\n\t\t><div class=\"ow-button-base ow-button-align-left\"\n>\n\t\t\t<a\n\t\t\t\t\thref=\"https:\/\/acdct.es\/wp-content\/uploads\/2023\/09\/24-martinez-giron-luisetto-nogler-acdct-xiv-2022.pdf\"\n\t\t\t\t\tclass=\"sowb-button ow-icon-placement-left ow-button-hover\" target=\"_blank\" rel=\"noopener noreferrer\" \t>\n\t\t<span>\n\t\t\t<span class=\"sow-icon-fontawesome sow-far\" data-sow-icon=\"&#xf1c1;\"\n\t\tstyle=\"color: #dd3333\" \n\t\taria-hidden=\"true\"><\/span>\n\t\t\tABRIR\t\t<\/span>\n\t\t\t<\/a>\n\t<\/div>\n<\/div><\/div><\/div><\/div><div id=\"pg-gb1018-69ee1d9015914-11\"  class=\"panel-grid panel-no-style\" ><div id=\"pgc-gb1018-69ee1d9015914-11-0\"  class=\"panel-grid-cell\" ><div id=\"panel-gb1018-69ee1d9015914-11-0-0\" class=\"so-panel widget widget_sow-editor panel-first-child panel-last-child\" data-index=\"22\" ><div\n\t\t\t\n\t\t\tclass=\"so-widget-sow-editor so-widget-sow-editor-base\"\n\t\t\t\n\t\t><h3 class=\"widget-title\">Recensi\u00f3n a cargo de Jes\u00fas Mart\u00ednez Gir\u00f3n<\/h3>\n<div class=\"siteorigin-widget-tinymce textwidget\">\n\t<p>Pompeyo Gabriel ORTEGA LOZANO, <em>Formalidades e implicaciones procesales del procedimiento extintivo individual de los contratos de trabajo<\/em>, Comares (Granada, 2022), 269 p\u00e1gs.<\/p>\n<\/div>\n<\/div><\/div><\/div><div id=\"pgc-gb1018-69ee1d9015914-11-1\"  class=\"panel-grid-cell\" ><div id=\"panel-gb1018-69ee1d9015914-11-1-0\" class=\"so-panel widget widget_sow-button panel-first-child panel-last-child\" data-index=\"23\" ><div\n\t\t\t\n\t\t\tclass=\"so-widget-sow-button so-widget-sow-button-atom-a4a7116f49f3-1018\"\n\t\t\t\n\t\t><div class=\"ow-button-base ow-button-align-left\"\n>\n\t\t\t<a\n\t\t\t\t\thref=\"https:\/\/acdct.es\/wp-content\/uploads\/2023\/09\/25-martinez-giron-ortega-lozano-acdct-xiv-2022.pdf\"\n\t\t\t\t\tclass=\"sowb-button ow-icon-placement-left ow-button-hover\" target=\"_blank\" rel=\"noopener noreferrer\" \t>\n\t\t<span>\n\t\t\t<span class=\"sow-icon-fontawesome sow-far\" data-sow-icon=\"&#xf1c1;\"\n\t\tstyle=\"color: #dd3333\" \n\t\taria-hidden=\"true\"><\/span>\n\t\t\tABRIR\t\t<\/span>\n\t\t\t<\/a>\n\t<\/div>\n<\/div><\/div><\/div><\/div><div id=\"pg-gb1018-69ee1d9015914-12\"  class=\"panel-grid panel-no-style\" ><div id=\"pgc-gb1018-69ee1d9015914-12-0\"  class=\"panel-grid-cell\" ><div id=\"panel-gb1018-69ee1d9015914-12-0-0\" class=\"so-panel widget widget_sow-editor panel-first-child panel-last-child\" data-index=\"24\" ><div\n\t\t\t\n\t\t\tclass=\"so-widget-sow-editor so-widget-sow-editor-base\"\n\t\t\t\n\t\t><h3 class=\"widget-title\">Recensi\u00f3n a cargo de Arancha Vicente Palacio<\/h3>\n<div class=\"siteorigin-widget-tinymce textwidget\">\n\t<p>\u201cLIGERAS, FEMENINAS Y DEPORTISTAS\u201d [A modo de rese\u00f1a del libro \u201cDeporte profesional de-generado. Un estudio sobre feminismo radical\u201d, J. Mart\u00ednez Gir\u00f3n y A. Arufe Varela (Atelier), 2017].<\/p>\n<\/div>\n<\/div><\/div><\/div><div id=\"pgc-gb1018-69ee1d9015914-12-1\"  class=\"panel-grid-cell\" ><div id=\"panel-gb1018-69ee1d9015914-12-1-0\" class=\"so-panel widget widget_sow-button panel-first-child panel-last-child\" data-index=\"25\" ><div\n\t\t\t\n\t\t\tclass=\"so-widget-sow-button so-widget-sow-button-atom-a4a7116f49f3-1018\"\n\t\t\t\n\t\t><div class=\"ow-button-base ow-button-align-left\"\n>\n\t\t\t<a\n\t\t\t\t\thref=\"https:\/\/acdct.es\/wp-content\/uploads\/2023\/09\/26-vicente-palacio-martinez-giron-arufe-acdct-xiv-2022.pdf\"\n\t\t\t\t\tclass=\"sowb-button ow-icon-placement-left ow-button-hover\" target=\"_blank\" rel=\"noopener noreferrer\" \t>\n\t\t<span>\n\t\t\t<span class=\"sow-icon-fontawesome sow-far\" data-sow-icon=\"&#xf1c1;\"\n\t\tstyle=\"color: #dd3333\" \n\t\taria-hidden=\"true\"><\/span>\n\t\t\tABRIR\t\t<\/span>\n\t\t\t<\/a>\n\t<\/div>\n<\/div><\/div><\/div><\/div><div id=\"pg-gb1018-69ee1d9015914-13\"  class=\"panel-grid panel-no-style\" ><div id=\"pgc-gb1018-69ee1d9015914-13-0\"  class=\"panel-grid-cell\" ><div id=\"panel-gb1018-69ee1d9015914-13-0-0\" class=\"so-panel widget widget_sow-editor panel-first-child panel-last-child\" data-index=\"26\" ><div\n\t\t\t\n\t\t\tclass=\"so-widget-sow-editor so-widget-sow-editor-base\"\n\t\t\t\n\t\t><h3 class=\"widget-title\">Recensi\u00f3n a cargo de Jes\u00fas Mart\u00ednez Gir\u00f3n<\/h3>\n<div class=\"siteorigin-widget-tinymce textwidget\">\n\t<p>Luis Enrique DE LA VILLA GIL, <em>Alma<\/em>, Editorial C\u00edrculo Rojo (Almer\u00eda, 2022), 164 p\u00e1gs.<\/p>\n<\/div>\n<\/div><\/div><\/div><div id=\"pgc-gb1018-69ee1d9015914-13-1\"  class=\"panel-grid-cell\" ><div id=\"panel-gb1018-69ee1d9015914-13-1-0\" class=\"so-panel widget widget_sow-button panel-first-child panel-last-child\" data-index=\"27\" ><div\n\t\t\t\n\t\t\tclass=\"so-widget-sow-button so-widget-sow-button-atom-a4a7116f49f3-1018\"\n\t\t\t\n\t\t><div class=\"ow-button-base ow-button-align-left\"\n>\n\t\t\t<a\n\t\t\t\t\thref=\"https:\/\/acdct.es\/wp-content\/uploads\/2023\/09\/27-martinez-giron-delavilla-gil-acdct-xiv-2022.pdf\"\n\t\t\t\t\tclass=\"sowb-button ow-icon-placement-left ow-button-hover\" target=\"_blank\" rel=\"noopener noreferrer\" \t>\n\t\t<span>\n\t\t\t<span class=\"sow-icon-fontawesome sow-far\" data-sow-icon=\"&#xf1c1;\"\n\t\tstyle=\"color: #dd3333\" \n\t\taria-hidden=\"true\"><\/span>\n\t\t\tABRIR\t\t<\/span>\n\t\t\t<\/a>\n\t<\/div>\n<\/div><\/div><\/div><\/div><div id=\"pg-gb1018-69ee1d9015914-14\"  class=\"panel-grid panel-no-style\" ><div id=\"pgc-gb1018-69ee1d9015914-14-0\"  class=\"panel-grid-cell\" ><div id=\"panel-gb1018-69ee1d9015914-14-0-0\" class=\"so-panel widget widget_sow-editor panel-first-child panel-last-child\" data-index=\"28\" ><div\n\t\t\t\n\t\t\tclass=\"so-widget-sow-editor so-widget-sow-editor-base\"\n\t\t\t\n\t\t><h3 class=\"widget-title\">Recensi\u00f3n a cargo de Jes\u00fas Mart\u00ednez Gir\u00f3n<\/h3>\n<div class=\"siteorigin-widget-tinymce textwidget\">\n\t<p>Ulrich FISCHER, <em>Amianto. Franz Kafka como empresario<\/em> (con \u00abPr\u00f3logo\u00bb de Luis Enrique DE LA VILLA GIL), Biblioteca del ICAM-Tirant lo Blanch (Valencia, 2023), 197 p\u00e1gs.<\/p>\n<\/div>\n<\/div><\/div><\/div><div id=\"pgc-gb1018-69ee1d9015914-14-1\"  class=\"panel-grid-cell\" ><div id=\"panel-gb1018-69ee1d9015914-14-1-0\" class=\"so-panel widget widget_sow-button panel-first-child panel-last-child\" data-index=\"29\" ><div\n\t\t\t\n\t\t\tclass=\"so-widget-sow-button so-widget-sow-button-atom-a4a7116f49f3-1018\"\n\t\t\t\n\t\t><div class=\"ow-button-base ow-button-align-left\"\n>\n\t\t\t<a\n\t\t\t\t\thref=\"https:\/\/acdct.es\/wp-content\/uploads\/2023\/09\/28-martinez-giron-fischer-acdct-xiv-2022.pdf\"\n\t\t\t\t\tclass=\"sowb-button ow-icon-placement-left ow-button-hover\" target=\"_blank\" rel=\"noopener noreferrer\" \t>\n\t\t<span>\n\t\t\t<span class=\"sow-icon-fontawesome sow-far\" data-sow-icon=\"&#xf1c1;\"\n\t\tstyle=\"color: #dd3333\" \n\t\taria-hidden=\"true\"><\/span>\n\t\t\tABRIR\t\t<\/span>\n\t\t\t<\/a>\n\t<\/div>\n<\/div><\/div><\/div><\/div><\/div>\n\n<div id=\"pl-gb1018-69ee1d9018b13\"  class=\"panel-layout wp-block-siteorigin-panels-layout-block\" ><div id=\"pg-gb1018-69ee1d9018b13-0\"  class=\"panel-grid panel-no-style\" ><div id=\"pgc-gb1018-69ee1d9018b13-0-0\"  class=\"panel-grid-cell\" ><div id=\"panel-gb1018-69ee1d9018b13-0-0-0\" class=\"so-panel widget widget_sow-editor panel-first-child panel-last-child\" data-index=\"0\" ><div\n\t\t\t\n\t\t\tclass=\"so-widget-sow-editor so-widget-sow-editor-base\"\n\t\t\t\n\t\t><h3 class=\"widget-title\">REVISTA DE REVISTAS<\/h3>\n<div class=\"siteorigin-widget-tinymce textwidget\">\n\t<p><em>[Review of reviews]<\/em><\/p>\n<\/div>\n<\/div><\/div><\/div><div id=\"pgc-gb1018-69ee1d9018b13-0-1\"  class=\"panel-grid-cell\" ><div id=\"panel-gb1018-69ee1d9018b13-0-1-0\" class=\"so-panel widget widget_sow-button panel-first-child panel-last-child\" data-index=\"1\" ><div\n\t\t\t\n\t\t\tclass=\"so-widget-sow-button so-widget-sow-button-atom-a4a7116f49f3-1018\"\n\t\t\t\n\t\t><div class=\"ow-button-base ow-button-align-left\"\n>\n\t\t\t<a\n\t\t\t\t\thref=\"https:\/\/acdct.es\/wp-content\/uploads\/2023\/09\/29-revista-de-revistas-acdct-xiv-2022.pdf\"\n\t\t\t\t\tclass=\"sowb-button ow-icon-placement-right ow-button-hover\" target=\"_blank\" rel=\"noopener noreferrer\" \t>\n\t\t<span>\n\t\t\t<span class=\"sow-icon-fontawesome sow-far\" data-sow-icon=\"&#xf1c1;\"\n\t\tstyle=\"color: #dd3333\" \n\t\taria-hidden=\"true\"><\/span>\n\t\t\tABRIR\t\t<\/span>\n\t\t\t<\/a>\n\t<\/div>\n<\/div><\/div><\/div><\/div><\/div><\/div><\/div>\n","protected":false},"excerpt":{"rendered":"","protected":false},"author":1,"featured_media":0,"parent":93,"menu_order":0,"comment_status":"closed","ping_status":"closed","template":"","meta":{"footnotes":""},"class_list":["post-1018","page","type-page","status-publish","hentry"],"_links":{"self":[{"href":"https:\/\/acdct.es\/index.php\/wp-json\/wp\/v2\/pages\/1018","targetHints":{"allow":["GET"]}}],"collection":[{"href":"https:\/\/acdct.es\/index.php\/wp-json\/wp\/v2\/pages"}],"about":[{"href":"https:\/\/acdct.es\/index.php\/wp-json\/wp\/v2\/types\/page"}],"author":[{"embeddable":true,"href":"https:\/\/acdct.es\/index.php\/wp-json\/wp\/v2\/users\/1"}],"replies":[{"embeddable":true,"href":"https:\/\/acdct.es\/index.php\/wp-json\/wp\/v2\/comments?post=1018"}],"version-history":[{"count":49,"href":"https:\/\/acdct.es\/index.php\/wp-json\/wp\/v2\/pages\/1018\/revisions"}],"predecessor-version":[{"id":1239,"href":"https:\/\/acdct.es\/index.php\/wp-json\/wp\/v2\/pages\/1018\/revisions\/1239"}],"up":[{"embeddable":true,"href":"https:\/\/acdct.es\/index.php\/wp-json\/wp\/v2\/pages\/93"}],"wp:attachment":[{"href":"https:\/\/acdct.es\/index.php\/wp-json\/wp\/v2\/media?parent=1018"}],"curies":[{"name":"wp","href":"https:\/\/api.w.org\/{rel}","templated":true}]}}