{"id":1194,"date":"2025-10-30T12:19:40","date_gmt":"2025-10-30T12:19:40","guid":{"rendered":"https:\/\/acdct.es\/?page_id=1194"},"modified":"2025-10-30T13:57:25","modified_gmt":"2025-10-30T13:57:25","slug":"volumen-xvi","status":"publish","type":"page","link":"https:\/\/acdct.es\/index.php\/anuario-corunes-acdct\/volumen-xvi\/","title":{"rendered":"Volumen XVI"},"content":{"rendered":"\n<div class=\"wp-block-group has-background\" style=\"background-color:#e2e4e4\"><div class=\"wp-block-group__inner-container is-layout-flow wp-block-group-is-layout-flow\"><div id=\"pl-gb1194-69ee0fd02bf9f\"  class=\"panel-layout wp-block-siteorigin-panels-layout-block\" ><div id=\"pg-gb1194-69ee0fd02bf9f-0\"  class=\"panel-grid panel-no-style\" ><div id=\"pgc-gb1194-69ee0fd02bf9f-0-0\"  class=\"panel-grid-cell\" ><div id=\"panel-gb1194-69ee0fd02bf9f-0-0-0\" class=\"so-panel widget widget_sow-image panel-first-child\" data-index=\"0\" ><div\n\t\t\t\n\t\t\tclass=\"so-widget-sow-image so-widget-sow-image-default-113ccd71f3e6-1194\"\n\t\t\t\n\t\t>\n<div class=\"sow-image-container\">\n\t\t<img \n\tsrc=\"https:\/\/acdct.es\/wp-content\/uploads\/2021\/07\/ACDCT_IX.jpg\" width=\"657\" height=\"942\" srcset=\"https:\/\/acdct.es\/wp-content\/uploads\/2021\/07\/ACDCT_IX.jpg 657w, https:\/\/acdct.es\/wp-content\/uploads\/2021\/07\/ACDCT_IX-209x300.jpg 209w\" sizes=\"(max-width: 657px) 100vw, 657px\" title=\"Anuario Coru\u00f1\u00e9s de Derecho Comparado del Trabajo. Volumen XVI. A\u00f1o 2024\" alt=\"\" \t\tclass=\"so-widget-image\"\/>\n\t<\/div>\n\n<h3 class=\"widget-title\">Anuario Coru\u00f1\u00e9s de Derecho Comparado del Trabajo. Volumen XVI. A\u00f1o 2024<\/h3><\/div><\/div><div id=\"panel-gb1194-69ee0fd02bf9f-0-0-1\" class=\"so-panel widget widget_sow-button\" data-index=\"1\" ><div\n\t\t\t\n\t\t\tclass=\"so-widget-sow-button so-widget-sow-button-atom-0747e0f7255e-1194\"\n\t\t\t\n\t\t><div class=\"ow-button-base ow-button-align-left\"\n>\n\t\t\t<a\n\t\t\t\t\thref=\"https:\/\/acdct.es\/wp-content\/uploads\/2025\/10\/00-ACDCT-XVI_2024.pdf\"\n\t\t\t\t\tclass=\"sowb-button ow-icon-placement-left ow-button-hover\" target=\"_blank\" rel=\"noopener noreferrer\" \t>\n\t\t<span>\n\t\t\t<span class=\"sow-icon-fontawesome sow-far\" data-sow-icon=\"&#xf1c1;\"\n\t\tstyle=\"color: #dd3333\" \n\t\taria-hidden=\"true\"><\/span>\n\t\t\tTexto completo\t\t<\/span>\n\t\t\t<\/a>\n\t<\/div>\n<\/div><\/div><div id=\"panel-gb1194-69ee0fd02bf9f-0-0-2\" class=\"so-panel widget widget_sow-editor panel-last-child\" data-index=\"2\" ><div\n\t\t\t\n\t\t\tclass=\"so-widget-sow-editor so-widget-sow-editor-base\"\n\t\t\t\n\t\t>\n<div class=\"siteorigin-widget-tinymce textwidget\">\n\t<\/div>\n<\/div><\/div><\/div><\/div><\/div>\n\n\n<p><\/p>\n\n\n<div id=\"pl-gb1194-69ee0fd0322e5\"  class=\"panel-layout wp-block-siteorigin-panels-layout-block\" ><div id=\"pg-gb1194-69ee0fd0322e5-0\"  class=\"panel-grid panel-no-style\" ><div id=\"pgc-gb1194-69ee0fd0322e5-0-0\"  class=\"panel-grid-cell\" ><div id=\"panel-gb1194-69ee0fd0322e5-0-0-0\" class=\"so-panel widget widget_sow-editor panel-first-child panel-last-child\" data-index=\"0\" ><div\n\t\t\t\n\t\t\tclass=\"so-widget-sow-editor so-widget-sow-editor-base\"\n\t\t\t\n\t\t><h3 class=\"widget-title\">\u00cdNDICE DE CONTENIDOS<\/h3>\n<div class=\"siteorigin-widget-tinymce textwidget\">\n\t<p><em>[TABLE OF CONTENTS]<\/em><\/p>\n<\/div>\n<\/div><\/div><\/div><div id=\"pgc-gb1194-69ee0fd0322e5-0-1\"  class=\"panel-grid-cell\" ><div id=\"panel-gb1194-69ee0fd0322e5-0-1-0\" class=\"so-panel widget widget_sow-button panel-first-child panel-last-child\" data-index=\"1\" ><div\n\t\t\t\n\t\t\tclass=\"so-widget-sow-button so-widget-sow-button-atom-0747e0f7255e-1194\"\n\t\t\t\n\t\t><div class=\"ow-button-base ow-button-align-left\"\n>\n\t\t\t<a\n\t\t\t\t\thref=\"https:\/\/acdct.es\/wp-content\/uploads\/2025\/10\/01-indice-de-contenidos-acdct-xvi-2024.pdf\"\n\t\t\t\t\tclass=\"sowb-button ow-icon-placement-left ow-button-hover\" target=\"_blank\" rel=\"noopener noreferrer\" \t>\n\t\t<span>\n\t\t\t<span class=\"sow-icon-fontawesome sow-far\" data-sow-icon=\"&#xf1c1;\"\n\t\tstyle=\"color: #dd3333\" \n\t\taria-hidden=\"true\"><\/span>\n\t\t\tABRIR\t\t<\/span>\n\t\t\t<\/a>\n\t<\/div>\n<\/div><\/div><\/div><\/div><\/div>\n\n<div id=\"pl-gb1194-69ee0fd032a71\"  class=\"panel-layout wp-block-siteorigin-panels-layout-block\" ><div id=\"pg-gb1194-69ee0fd032a71-0\"  class=\"panel-grid panel-no-style\" ><div id=\"pgc-gb1194-69ee0fd032a71-0-0\"  class=\"panel-grid-cell\" ><div id=\"panel-gb1194-69ee0fd032a71-0-0-0\" class=\"so-panel widget widget_sow-editor panel-first-child panel-last-child\" data-index=\"0\" ><div\n\t\t\t\n\t\t\tclass=\"so-widget-sow-editor so-widget-sow-editor-base\"\n\t\t\t\n\t\t><h3 class=\"widget-title\">\u00cdNDICE DE AUTORES<\/h3>\n<div class=\"siteorigin-widget-tinymce textwidget\">\n\t<p><em>[CONTRIBUTORS INDEX]<\/em><\/p>\n<\/div>\n<\/div><\/div><\/div><div id=\"pgc-gb1194-69ee0fd032a71-0-1\"  class=\"panel-grid-cell\" ><div id=\"panel-gb1194-69ee0fd032a71-0-1-0\" class=\"so-panel widget widget_sow-button panel-first-child panel-last-child\" data-index=\"1\" ><div\n\t\t\t\n\t\t\tclass=\"so-widget-sow-button so-widget-sow-button-atom-0747e0f7255e-1194\"\n\t\t\t\n\t\t><div class=\"ow-button-base ow-button-align-left\"\n>\n\t\t\t<a\n\t\t\t\t\thref=\"https:\/\/acdct.es\/wp-content\/uploads\/2025\/10\/02-indice-de-autores-acdct-xvi-2024.pdf\"\n\t\t\t\t\tclass=\"sowb-button ow-icon-placement-left ow-button-hover\" target=\"_blank\" rel=\"noopener noreferrer\" \t>\n\t\t<span>\n\t\t\t<span class=\"sow-icon-fontawesome sow-far\" data-sow-icon=\"&#xf1c1;\"\n\t\tstyle=\"color: #dd3333\" \n\t\taria-hidden=\"true\"><\/span>\n\t\t\tABRIR\t\t<\/span>\n\t\t\t<\/a>\n\t<\/div>\n<\/div><\/div><\/div><\/div><\/div>\n\n<div id=\"pl-gb1194-69ee0fd04222d\"  class=\"panel-layout\" ><div id=\"pg-gb1194-69ee0fd04222d-0\"  class=\"panel-grid panel-no-style\" ><div id=\"pgc-gb1194-69ee0fd04222d-0-0\"  class=\"panel-grid-cell\" ><div id=\"panel-gb1194-69ee0fd04222d-0-0-0\" class=\"so-panel widget widget_sow-editor panel-first-child panel-last-child\" data-index=\"0\" ><div\n\t\t\t\n\t\t\tclass=\"so-widget-sow-editor so-widget-sow-editor-base\"\n\t\t\t\n\t\t><h3 class=\"widget-title\">ESTUDIOS \/ RESEARCHES<\/h3>\n<div class=\"siteorigin-widget-tinymce textwidget\">\n\t<\/div>\n<\/div><\/div><\/div><\/div><div id=\"pg-gb1194-69ee0fd04222d-1\"  class=\"panel-grid panel-no-style\" ><div id=\"pgc-gb1194-69ee0fd04222d-1-0\"  class=\"panel-grid-cell\" ><div id=\"panel-gb1194-69ee0fd04222d-1-0-0\" class=\"so-panel widget widget_sow-editor panel-first-child panel-last-child\" data-index=\"1\" ><div\n\t\t\t\n\t\t\tclass=\"so-widget-sow-editor so-widget-sow-editor-base\"\n\t\t\t\n\t\t><h3 class=\"widget-title\">LOS PLANES DE MOVILIDAD SOSTENIBLE EN EL \u00c1MBITO DEL DERECHO DEL TRABAJO<\/h3>\n<div class=\"siteorigin-widget-tinymce textwidget\">\n\t<p>[SUSTAINABLE MOBILITY PLANS IN THE FIELD OF LABOR LAW]<\/p>\n<p>Henar \u00c1lvarez Cuesta<\/p>\n<\/div>\n<\/div><\/div><\/div><div id=\"pgc-gb1194-69ee0fd04222d-1-1\"  class=\"panel-grid-cell\" ><div id=\"panel-gb1194-69ee0fd04222d-1-1-0\" class=\"so-panel widget widget_sow-button panel-first-child panel-last-child\" data-index=\"2\" ><div\n\t\t\t\n\t\t\tclass=\"so-widget-sow-button so-widget-sow-button-atom-0747e0f7255e-1194\"\n\t\t\t\n\t\t><div class=\"ow-button-base ow-button-align-left\"\n>\n\t\t\t<a\n\t\t\t\t\thref=\"https:\/\/acdct.es\/wp-content\/uploads\/2025\/10\/03-alvarez-cuesta-acdct-xvi-2024.pdf\"\n\t\t\t\t\tclass=\"sowb-button ow-icon-placement-left ow-button-hover\" target=\"_blank\" rel=\"noopener noreferrer\" \t>\n\t\t<span>\n\t\t\t<span class=\"sow-icon-fontawesome sow-far\" data-sow-icon=\"&#xf1c1;\"\n\t\tstyle=\"color: #dd3333\" \n\t\taria-hidden=\"true\"><\/span>\n\t\t\tABRIR\t\t<\/span>\n\t\t\t<\/a>\n\t<\/div>\n<\/div><\/div><\/div><\/div><div id=\"pg-gb1194-69ee0fd04222d-2\"  class=\"panel-grid panel-no-style\" ><div id=\"pgc-gb1194-69ee0fd04222d-2-0\"  class=\"panel-grid-cell\" ><div id=\"panel-gb1194-69ee0fd04222d-2-0-0\" class=\"so-panel widget widget_sow-editor panel-first-child panel-last-child\" data-index=\"3\" ><div\n\t\t\t\n\t\t\tclass=\"so-widget-sow-editor so-widget-sow-editor-base\"\n\t\t\t\n\t\t><h3 class=\"widget-title\">LA CARGA DE LA PRUEBA DE LA \u00abDISCRIMINACI\u00d3N INVERSA\u00bb EN LA JURISPRUDENCIA DE LA CORTE SUPREMA DE LOS ESTADOS UNIDOS. A PROP\u00d3SITO DEL CASO AMES v. OHIO DEPARTMENT OF YOUTH SERVICES (2025)<\/h3>\n<div class=\"siteorigin-widget-tinymce textwidget\">\n\t<p>[THE BURDEN OF PROOF OF \u00abREVERSE DISCRIMINATION\u00bb IN THE CASE-LAW OF THE UNITED STATES SUPREME COURT. REGARDING THE CASE AMES v. OHIO DEPARTMENT OF YOUTH SERVICES (2025)]<\/p>\n<p>Alberto Arufe Varela<\/p>\n<\/div>\n<\/div><\/div><\/div><div id=\"pgc-gb1194-69ee0fd04222d-2-1\"  class=\"panel-grid-cell\" ><div id=\"panel-gb1194-69ee0fd04222d-2-1-0\" class=\"so-panel widget widget_sow-button panel-first-child panel-last-child\" data-index=\"4\" ><div\n\t\t\t\n\t\t\tclass=\"so-widget-sow-button so-widget-sow-button-atom-0747e0f7255e-1194\"\n\t\t\t\n\t\t><div class=\"ow-button-base ow-button-align-left\"\n>\n\t\t\t<a\n\t\t\t\t\thref=\"https:\/\/acdct.es\/wp-content\/uploads\/2025\/10\/04-arufe-varela-acdct-xvi-2024.pdf\"\n\t\t\t\t\tclass=\"sowb-button ow-icon-placement-left ow-button-hover\" target=\"_blank\" rel=\"noopener noreferrer\" \t>\n\t\t<span>\n\t\t\t<span class=\"sow-icon-fontawesome sow-far\" data-sow-icon=\"&#xf1c1;\"\n\t\tstyle=\"color: #dd3333\" \n\t\taria-hidden=\"true\"><\/span>\n\t\t\tABRIR\t\t<\/span>\n\t\t\t<\/a>\n\t<\/div>\n<\/div><\/div><\/div><\/div><div id=\"pg-gb1194-69ee0fd04222d-3\"  class=\"panel-grid panel-no-style\" ><div id=\"pgc-gb1194-69ee0fd04222d-3-0\"  class=\"panel-grid-cell\" ><div id=\"panel-gb1194-69ee0fd04222d-3-0-0\" class=\"so-panel widget widget_sow-editor panel-first-child panel-last-child\" data-index=\"5\" ><div\n\t\t\t\n\t\t\tclass=\"so-widget-sow-editor so-widget-sow-editor-base\"\n\t\t\t\n\t\t><h3 class=\"widget-title\">EL TRABAJADOR DE LAS PLATAFORMAS DIGITALES TRAS LA DIRECTIVA 2024\/2831 Y SU PROTECCI\u00d3N SOCIAL EN ESPA\u00d1A<\/h3>\n<div class=\"siteorigin-widget-tinymce textwidget\">\n\t<p>[DIGITAL PLATFORMS WORKERS AFTER DIRECTIVE 2024\/2831 AND THEIR SOCIAL PROTECTION IN SPAIN]<\/p>\n<p>Inmaculada Ballester Pastor<\/p>\n<\/div>\n<\/div><\/div><\/div><div id=\"pgc-gb1194-69ee0fd04222d-3-1\"  class=\"panel-grid-cell\" ><div id=\"panel-gb1194-69ee0fd04222d-3-1-0\" class=\"so-panel widget widget_sow-button panel-first-child panel-last-child\" data-index=\"6\" ><div\n\t\t\t\n\t\t\tclass=\"so-widget-sow-button so-widget-sow-button-atom-0747e0f7255e-1194\"\n\t\t\t\n\t\t><div class=\"ow-button-base ow-button-align-left\"\n>\n\t\t\t<a\n\t\t\t\t\thref=\"https:\/\/acdct.es\/wp-content\/uploads\/2025\/10\/05-ballester-pastor-acdct-xvi-2024.pdf\"\n\t\t\t\t\tclass=\"sowb-button ow-icon-placement-left ow-button-hover\" target=\"_blank\" rel=\"noopener noreferrer\" \t>\n\t\t<span>\n\t\t\t<span class=\"sow-icon-fontawesome sow-far\" data-sow-icon=\"&#xf1c1;\"\n\t\tstyle=\"color: #dd3333\" \n\t\taria-hidden=\"true\"><\/span>\n\t\t\tABRIR\t\t<\/span>\n\t\t\t<\/a>\n\t<\/div>\n<\/div><\/div><\/div><\/div><div id=\"pg-gb1194-69ee0fd04222d-4\"  class=\"panel-grid panel-no-style\" ><div id=\"pgc-gb1194-69ee0fd04222d-4-0\"  class=\"panel-grid-cell\" ><div id=\"panel-gb1194-69ee0fd04222d-4-0-0\" class=\"so-panel widget widget_sow-editor panel-first-child panel-last-child\" data-index=\"7\" ><div\n\t\t\t\n\t\t\tclass=\"so-widget-sow-editor so-widget-sow-editor-base\"\n\t\t\t\n\t\t><h3 class=\"widget-title\">LA CONCURRENCIA DE CONVENIOS COLECTIVOS EN EL DERECHO ALEM\u00c1N DEL TRABAJO<\/h3>\n<div class=\"siteorigin-widget-tinymce textwidget\">\n\t<p>[THE CONCURRENCE OF COLLECTIVE BARGAINING AGREEMENTS IN GERMAN LABOR LAW]<\/p>\n<p>Holger Brecht-Heitzmann<\/p>\n<\/div>\n<\/div><\/div><\/div><div id=\"pgc-gb1194-69ee0fd04222d-4-1\"  class=\"panel-grid-cell\" ><div id=\"panel-gb1194-69ee0fd04222d-4-1-0\" class=\"so-panel widget widget_sow-button panel-first-child panel-last-child\" data-index=\"8\" ><div\n\t\t\t\n\t\t\tclass=\"so-widget-sow-button so-widget-sow-button-atom-0747e0f7255e-1194\"\n\t\t\t\n\t\t><div class=\"ow-button-base ow-button-align-left\"\n>\n\t\t\t<a\n\t\t\t\t\thref=\"https:\/\/acdct.es\/wp-content\/uploads\/2025\/10\/06-brecht-heitzmann-acdct-xvi-2024.pdf\"\n\t\t\t\t\tclass=\"sowb-button ow-icon-placement-left ow-button-hover\" target=\"_blank\" rel=\"noopener noreferrer\" \t>\n\t\t<span>\n\t\t\t<span class=\"sow-icon-fontawesome sow-far\" data-sow-icon=\"&#xf1c1;\"\n\t\tstyle=\"color: #dd3333\" \n\t\taria-hidden=\"true\"><\/span>\n\t\t\tABRIR\t\t<\/span>\n\t\t\t<\/a>\n\t<\/div>\n<\/div><\/div><\/div><\/div><div id=\"pg-gb1194-69ee0fd04222d-5\"  class=\"panel-grid panel-no-style\" ><div id=\"pgc-gb1194-69ee0fd04222d-5-0\"  class=\"panel-grid-cell\" ><div id=\"panel-gb1194-69ee0fd04222d-5-0-0\" class=\"so-panel widget widget_sow-editor panel-first-child panel-last-child\" data-index=\"9\" ><div\n\t\t\t\n\t\t\tclass=\"so-widget-sow-editor so-widget-sow-editor-base\"\n\t\t\t\n\t\t><h3 class=\"widget-title\">LA RELACI\u00d3N CONTRACTUAL ENTRE LOS TRABAJADORES DE PLATAFORMAS Y LAS PLATAFORMAS DIGITALES: LA RESPUESTA DE LA DIRECTIVA (UE) 2024\/2831 EN CLAVE COMPARADA<\/h3>\n<div class=\"siteorigin-widget-tinymce textwidget\">\n\t<p>[THE CONTRACTUAL RELATIONSHIP BETWEEN PLATFORM WORKERS AND DIGITAL PLATFORMS: THE RESPONSE OF DIRECTIVE (EU) 2024\/2831 IN TERMS OF COMPARATIVE LAW]<\/p>\n<p>Mar\u00eda Antonia Castro Arg\u00fcelles<\/p>\n<\/div>\n<\/div><\/div><\/div><div id=\"pgc-gb1194-69ee0fd04222d-5-1\"  class=\"panel-grid-cell\" ><div id=\"panel-gb1194-69ee0fd04222d-5-1-0\" class=\"so-panel widget widget_sow-button panel-first-child panel-last-child\" data-index=\"10\" ><div\n\t\t\t\n\t\t\tclass=\"so-widget-sow-button so-widget-sow-button-atom-0747e0f7255e-1194\"\n\t\t\t\n\t\t><div class=\"ow-button-base ow-button-align-left\"\n>\n\t\t\t<a\n\t\t\t\t\thref=\"https:\/\/acdct.es\/wp-content\/uploads\/2025\/10\/07-castro-arguelles-acdct-xvi-2024.pdf\"\n\t\t\t\t\tclass=\"sowb-button ow-icon-placement-left ow-button-hover\" target=\"_blank\" rel=\"noopener noreferrer\" \t>\n\t\t<span>\n\t\t\t<span class=\"sow-icon-fontawesome sow-far\" data-sow-icon=\"&#xf1c1;\"\n\t\tstyle=\"color: #dd3333\" \n\t\taria-hidden=\"true\"><\/span>\n\t\t\tABRIR\t\t<\/span>\n\t\t\t<\/a>\n\t<\/div>\n<\/div><\/div><\/div><\/div><div id=\"pg-gb1194-69ee0fd04222d-6\"  class=\"panel-grid panel-no-style\" ><div id=\"pgc-gb1194-69ee0fd04222d-6-0\"  class=\"panel-grid-cell\" ><div id=\"panel-gb1194-69ee0fd04222d-6-0-0\" class=\"so-panel widget widget_sow-editor panel-first-child panel-last-child\" data-index=\"11\" ><div\n\t\t\t\n\t\t\tclass=\"so-widget-sow-editor so-widget-sow-editor-base\"\n\t\t\t\n\t\t><h3 class=\"widget-title\">\u00bfQU\u00c9 ES, EN ESPA\u00d1A Y EN ALEMANIA, UN \u00abSINDICATO\u00bb? AN\u00c1LISIS COMPARADO DE LOS CASOS \u00abORGANIZACI\u00d3N DE TRABAJADORAS DEL SEXO-OTRAS\u00bb Y \u00abDIE BERUFSGEWERKSCHAFT e.V.-DHV\u00bb, AMBOS DE 2021<\/h3>\n<div class=\"siteorigin-widget-tinymce textwidget\">\n\t<p>[WHAT IS, IN SPAIN AND IN GERMANY, A \u00abLABOR UNION\u00bb? A COMPARATIVE ANALYSIS OF THE CASES \u00abORGANIZACI\u00d3N DE TRABAJADORAS DEL SEXO-OTRAS\u00bb AND \u00abDIE BERUFSGEWERKSCHAFT e.V.-DHV\u00bb, BOTH OF 2021]<\/p>\n<p>Jes\u00fas Mart\u00ednez Gir\u00f3n<\/p>\n<\/div>\n<\/div><\/div><\/div><div id=\"pgc-gb1194-69ee0fd04222d-6-1\"  class=\"panel-grid-cell\" ><div id=\"panel-gb1194-69ee0fd04222d-6-1-0\" class=\"so-panel widget widget_sow-button panel-first-child panel-last-child\" data-index=\"12\" ><div\n\t\t\t\n\t\t\tclass=\"so-widget-sow-button so-widget-sow-button-atom-0747e0f7255e-1194\"\n\t\t\t\n\t\t><div class=\"ow-button-base ow-button-align-left\"\n>\n\t\t\t<a\n\t\t\t\t\thref=\"https:\/\/acdct.es\/wp-content\/uploads\/2025\/10\/08-martinez-giron-acdct-xvi-2024.pdf\"\n\t\t\t\t\tclass=\"sowb-button ow-icon-placement-left ow-button-hover\" target=\"_blank\" rel=\"noopener noreferrer\" \t>\n\t\t<span>\n\t\t\t<span class=\"sow-icon-fontawesome sow-far\" data-sow-icon=\"&#xf1c1;\"\n\t\tstyle=\"color: #dd3333\" \n\t\taria-hidden=\"true\"><\/span>\n\t\t\tABRIR\t\t<\/span>\n\t\t\t<\/a>\n\t<\/div>\n<\/div><\/div><\/div><\/div><div id=\"pg-gb1194-69ee0fd04222d-7\"  class=\"panel-grid panel-no-style\" ><div id=\"pgc-gb1194-69ee0fd04222d-7-0\"  class=\"panel-grid-cell\" ><div id=\"panel-gb1194-69ee0fd04222d-7-0-0\" class=\"so-panel widget widget_sow-editor panel-first-child panel-last-child\" data-index=\"13\" ><div\n\t\t\t\n\t\t\tclass=\"so-widget-sow-editor so-widget-sow-editor-base\"\n\t\t\t\n\t\t><h3 class=\"widget-title\">LA REGULACI\u00d3N DEL DERECHO DEL TRABAJO CUBANO ACTUAL, UN AN\u00c1LISIS COMPARADO CON EL ORDENAMIENTO JUR\u00cdDICO LABORAL ESPA\u00d1OL<\/h3>\n<div class=\"siteorigin-widget-tinymce textwidget\">\n\t<p>[THE REGULATION OF CURRENT CUBAN LEGAL LABOR LAW, A COMPARATIVE ANALYSIS WITH THE SPANISH LABOR FRAMEWORK]<\/p>\n<p>Sandys Menoya Zayas<\/p>\n<\/div>\n<\/div><\/div><\/div><div id=\"pgc-gb1194-69ee0fd04222d-7-1\"  class=\"panel-grid-cell\" ><div id=\"panel-gb1194-69ee0fd04222d-7-1-0\" class=\"so-panel widget widget_sow-button panel-first-child panel-last-child\" data-index=\"14\" ><div\n\t\t\t\n\t\t\tclass=\"so-widget-sow-button so-widget-sow-button-atom-0747e0f7255e-1194\"\n\t\t\t\n\t\t><div class=\"ow-button-base ow-button-align-left\"\n>\n\t\t\t<a\n\t\t\t\t\thref=\"https:\/\/acdct.es\/wp-content\/uploads\/2025\/10\/09-menoya-zayas-acdct-xvi-2024.pdf\"\n\t\t\t\t\tclass=\"sowb-button ow-icon-placement-left ow-button-hover\" target=\"_blank\" rel=\"noopener noreferrer\" \t>\n\t\t<span>\n\t\t\t<span class=\"sow-icon-fontawesome sow-far\" data-sow-icon=\"&#xf1c1;\"\n\t\tstyle=\"color: #dd3333\" \n\t\taria-hidden=\"true\"><\/span>\n\t\t\tABRIR\t\t<\/span>\n\t\t\t<\/a>\n\t<\/div>\n<\/div><\/div><\/div><\/div><div id=\"pg-gb1194-69ee0fd04222d-8\"  class=\"panel-grid panel-no-style\" ><div id=\"pgc-gb1194-69ee0fd04222d-8-0\"  class=\"panel-grid-cell\" ><div id=\"panel-gb1194-69ee0fd04222d-8-0-0\" class=\"so-panel widget widget_sow-editor panel-first-child panel-last-child\" data-index=\"15\" ><div\n\t\t\t\n\t\t\tclass=\"so-widget-sow-editor so-widget-sow-editor-base\"\n\t\t\t\n\t\t><h3 class=\"widget-title\">\u00bfD\u00d3NDE EST\u00c1 MI COMIT\u00c9 DE EMPRESA? UNA MIRADA A LA LEGISLACI\u00d3N APLICABLE EN MATERIA DE INFORMACI\u00d3N Y CONSULTA A LOS REPRESENTANTES DE LOS TRABAJADORES EN UN CONTEXTO TRANSFRONTERIZO A TRAV\u00c9S DE UN ESTUDIO DE CASO<\/h3>\n<div class=\"siteorigin-widget-tinymce textwidget\">\n\t<p>[WHERE IS MY WORKS COUNCIL? A LOOK AT THE APPLICABLE LAW ON INFORMATION AND CONSULTATION OF WORKERS\u2019 REPRESENTATIVES IN A CROSS-BORDER CONTEXT THROUGH A CASE STUDY]<\/p>\n<p>Jos\u00e9 Mar\u00eda Miranda Boto y Elisabeth Brameshuber<\/p>\n<\/div>\n<\/div><\/div><\/div><div id=\"pgc-gb1194-69ee0fd04222d-8-1\"  class=\"panel-grid-cell\" ><div id=\"panel-gb1194-69ee0fd04222d-8-1-0\" class=\"so-panel widget widget_sow-button panel-first-child panel-last-child\" data-index=\"16\" ><div\n\t\t\t\n\t\t\tclass=\"so-widget-sow-button so-widget-sow-button-atom-0747e0f7255e-1194\"\n\t\t\t\n\t\t><div class=\"ow-button-base ow-button-align-left\"\n>\n\t\t\t<a\n\t\t\t\t\thref=\"https:\/\/acdct.es\/wp-content\/uploads\/2025\/10\/10-miranda-brameshuber-acdct-xvi-2024.pdf\"\n\t\t\t\t\tclass=\"sowb-button ow-icon-placement-left ow-button-hover\" target=\"_blank\" rel=\"noopener noreferrer\" \t>\n\t\t<span>\n\t\t\t<span class=\"sow-icon-fontawesome sow-far\" data-sow-icon=\"&#xf1c1;\"\n\t\tstyle=\"color: #dd3333\" \n\t\taria-hidden=\"true\"><\/span>\n\t\t\tABRIR\t\t<\/span>\n\t\t\t<\/a>\n\t<\/div>\n<\/div><\/div><\/div><\/div><div id=\"pg-gb1194-69ee0fd04222d-9\"  class=\"panel-grid panel-no-style\" ><div id=\"pgc-gb1194-69ee0fd04222d-9-0\"  class=\"panel-grid-cell\" ><div id=\"panel-gb1194-69ee0fd04222d-9-0-0\" class=\"so-panel widget widget_sow-editor panel-first-child panel-last-child\" data-index=\"17\" ><div\n\t\t\t\n\t\t\tclass=\"so-widget-sow-editor so-widget-sow-editor-base\"\n\t\t\t\n\t\t><h3 class=\"widget-title\">HACIA EL RECONOCIMIENTO DE NEURODERECHOS EN EL \u00c1MBITO DE LAS RELACIONES LABORALES<\/h3>\n<div class=\"siteorigin-widget-tinymce textwidget\">\n\t<p>[TOWARDS THE RECOGNITION OF NEURO-RIGHTS IN THE FIELD OF LABOR RELATIONS]<\/p>\n<p>Olimpia Molina Hermosilla<\/p>\n<\/div>\n<\/div><\/div><\/div><div id=\"pgc-gb1194-69ee0fd04222d-9-1\"  class=\"panel-grid-cell\" ><div id=\"panel-gb1194-69ee0fd04222d-9-1-0\" class=\"so-panel widget widget_sow-button panel-first-child panel-last-child\" data-index=\"18\" ><div\n\t\t\t\n\t\t\tclass=\"so-widget-sow-button so-widget-sow-button-atom-0747e0f7255e-1194\"\n\t\t\t\n\t\t><div class=\"ow-button-base ow-button-align-left\"\n>\n\t\t\t<a\n\t\t\t\t\thref=\"https:\/\/acdct.es\/wp-content\/uploads\/2025\/10\/11-molina-hermosilla-acdct-xvi-2024.pdf\"\n\t\t\t\t\tclass=\"sowb-button ow-icon-placement-left ow-button-hover\" target=\"_blank\" rel=\"noopener noreferrer\" \t>\n\t\t<span>\n\t\t\t<span class=\"sow-icon-fontawesome sow-far\" data-sow-icon=\"&#xf1c1;\"\n\t\tstyle=\"color: #dd3333\" \n\t\taria-hidden=\"true\"><\/span>\n\t\t\tABRIR\t\t<\/span>\n\t\t\t<\/a>\n\t<\/div>\n<\/div><\/div><\/div><\/div><div id=\"pg-gb1194-69ee0fd04222d-10\"  class=\"panel-grid panel-no-style\" ><div id=\"pgc-gb1194-69ee0fd04222d-10-0\"  class=\"panel-grid-cell\" ><div id=\"panel-gb1194-69ee0fd04222d-10-0-0\" class=\"so-panel widget widget_sow-editor panel-first-child panel-last-child\" data-index=\"19\" ><div\n\t\t\t\n\t\t\tclass=\"so-widget-sow-editor so-widget-sow-editor-base\"\n\t\t\t\n\t\t><h3 class=\"widget-title\">LITIGIO ESTRAT\u00c9GICO Y PROCEDIMIENTO DE RECLAMACIONES COLECTIVAS: TREINTA A\u00d1OS DE PRAXIS IURIS GARANTIZANDO DERECHOS SOCIALES<\/h3>\n<div class=\"siteorigin-widget-tinymce textwidget\">\n\t<p>[STRATEGIC LITIGATION AND COLLECTIVE COMPLAINTS PROCEDURE: THIRTY YEARS OF PRAXIS IURIS GUARANTEEING SOCIAL RIGHTS]<\/p>\n<p>Carmen Salcedo Beltr\u00e1n<\/p>\n<\/div>\n<\/div><\/div><\/div><div id=\"pgc-gb1194-69ee0fd04222d-10-1\"  class=\"panel-grid-cell\" ><div id=\"panel-gb1194-69ee0fd04222d-10-1-0\" class=\"so-panel widget widget_sow-button panel-first-child panel-last-child\" data-index=\"20\" ><div\n\t\t\t\n\t\t\tclass=\"so-widget-sow-button so-widget-sow-button-atom-0747e0f7255e-1194\"\n\t\t\t\n\t\t><div class=\"ow-button-base ow-button-align-left\"\n>\n\t\t\t<a\n\t\t\t\t\thref=\"https:\/\/acdct.es\/wp-content\/uploads\/2025\/10\/12-salcedo-beltran-acdct-xvi-2024.pdf\"\n\t\t\t\t\tclass=\"sowb-button ow-icon-placement-left ow-button-hover\" target=\"_blank\" rel=\"noopener noreferrer\" \t>\n\t\t<span>\n\t\t\t<span class=\"sow-icon-fontawesome sow-far\" data-sow-icon=\"&#xf1c1;\"\n\t\tstyle=\"color: #dd3333\" \n\t\taria-hidden=\"true\"><\/span>\n\t\t\tABRIR\t\t<\/span>\n\t\t\t<\/a>\n\t<\/div>\n<\/div><\/div><\/div><\/div><div id=\"pg-gb1194-69ee0fd04222d-11\"  class=\"panel-grid panel-no-style\" ><div id=\"pgc-gb1194-69ee0fd04222d-11-0\"  class=\"panel-grid-cell\" ><div id=\"panel-gb1194-69ee0fd04222d-11-0-0\" class=\"so-panel widget widget_sow-editor panel-first-child panel-last-child\" data-index=\"21\" ><div\n\t\t\t\n\t\t\tclass=\"so-widget-sow-editor so-widget-sow-editor-base\"\n\t\t\t\n\t\t><h3 class=\"widget-title\">TRABAJO, DERECHO Y FELICIDAD<\/h3>\n<div class=\"siteorigin-widget-tinymce textwidget\">\n\t<p>[WORK, LAW, AND HAPPINESS]<\/p>\n<p>Rodrigo Tasc\u00f3n L\u00f3pez<\/p>\n<\/div>\n<\/div><\/div><\/div><div id=\"pgc-gb1194-69ee0fd04222d-11-1\"  class=\"panel-grid-cell\" ><div id=\"panel-gb1194-69ee0fd04222d-11-1-0\" class=\"so-panel widget widget_sow-button panel-first-child panel-last-child\" data-index=\"22\" ><div\n\t\t\t\n\t\t\tclass=\"so-widget-sow-button so-widget-sow-button-atom-0747e0f7255e-1194\"\n\t\t\t\n\t\t><div class=\"ow-button-base ow-button-align-left\"\n>\n\t\t\t<a\n\t\t\t\t\thref=\"https:\/\/acdct.es\/wp-content\/uploads\/2025\/10\/13-tascon-lopez-acdct-xvi-2024.pdf\"\n\t\t\t\t\tclass=\"sowb-button ow-icon-placement-left ow-button-hover\" target=\"_blank\" rel=\"noopener noreferrer\" \t>\n\t\t<span>\n\t\t\t<span class=\"sow-icon-fontawesome sow-far\" data-sow-icon=\"&#xf1c1;\"\n\t\tstyle=\"color: #dd3333\" \n\t\taria-hidden=\"true\"><\/span>\n\t\t\tABRIR\t\t<\/span>\n\t\t\t<\/a>\n\t<\/div>\n<\/div><\/div><\/div><\/div><div id=\"pg-gb1194-69ee0fd04222d-12\"  class=\"panel-grid panel-no-style\" ><div id=\"pgc-gb1194-69ee0fd04222d-12-0\"  class=\"panel-grid-cell\" ><div id=\"panel-gb1194-69ee0fd04222d-12-0-0\" class=\"so-panel widget widget_sow-editor panel-first-child panel-last-child\" data-index=\"23\" ><div\n\t\t\t\n\t\t\tclass=\"so-widget-sow-editor so-widget-sow-editor-base\"\n\t\t\t\n\t\t><h3 class=\"widget-title\">LOS SUJETOS COLECTIVOS EN EL C\u00d3DIGO DEL TRABAJO EN PORTUGAL: UNA REVISI\u00d3N DE DOS D\u00c9CADAS<\/h3>\n<div class=\"siteorigin-widget-tinymce textwidget\">\n\t<p>[COLLECTIVE PERSONS IN THE LABOR CODE IN PORTUGAL: A REVIEW OF TWO DECADES]<\/p>\n<p>Lu\u00edsa Teixeira Alves<\/p>\n<\/div>\n<\/div><\/div><\/div><div id=\"pgc-gb1194-69ee0fd04222d-12-1\"  class=\"panel-grid-cell\" ><div id=\"panel-gb1194-69ee0fd04222d-12-1-0\" class=\"so-panel widget widget_sow-button panel-first-child panel-last-child\" data-index=\"24\" ><div\n\t\t\t\n\t\t\tclass=\"so-widget-sow-button so-widget-sow-button-atom-0747e0f7255e-1194\"\n\t\t\t\n\t\t><div class=\"ow-button-base ow-button-align-left\"\n>\n\t\t\t<a\n\t\t\t\t\thref=\"https:\/\/acdct.es\/wp-content\/uploads\/2025\/10\/14-teixeira-alves-acdct-xvi-2024.pdf\"\n\t\t\t\t\tclass=\"sowb-button ow-icon-placement-left ow-button-hover\" target=\"_blank\" rel=\"noopener noreferrer\" \t>\n\t\t<span>\n\t\t\t<span class=\"sow-icon-fontawesome sow-far\" data-sow-icon=\"&#xf1c1;\"\n\t\tstyle=\"color: #dd3333\" \n\t\taria-hidden=\"true\"><\/span>\n\t\t\tABRIR\t\t<\/span>\n\t\t\t<\/a>\n\t<\/div>\n<\/div><\/div><\/div><\/div><div id=\"pg-gb1194-69ee0fd04222d-13\"  class=\"panel-grid panel-no-style\" ><div id=\"pgc-gb1194-69ee0fd04222d-13-0\"  class=\"panel-grid-cell\" ><div id=\"panel-gb1194-69ee0fd04222d-13-0-0\" class=\"so-panel widget widget_sow-editor panel-first-child panel-last-child\" data-index=\"25\" ><div\n\t\t\t\n\t\t\tclass=\"so-widget-sow-editor so-widget-sow-editor-base\"\n\t\t\t\n\t\t><h3 class=\"widget-title\">LA IMPLEMENTACI\u00d3N DEL ACUERDO MARCO EUROPEO SOBRE DIGITALIZACI\u00d3N POR LA NEGOCIACI\u00d3N COLECTIVA ESPA\u00d1OLA<\/h3>\n<div class=\"siteorigin-widget-tinymce textwidget\">\n\t<p>[THE IMPLEMENTATION OF THE EUROPEAN FRAMEWORK AGREEMENT ON DIGITALIZATION THROUGH SPANISH COLLECTIVE BARGAINING]<\/p>\n<p>F. Andr\u00e9s Valle Mu\u00f1oz<\/p>\n<\/div>\n<\/div><\/div><\/div><div id=\"pgc-gb1194-69ee0fd04222d-13-1\"  class=\"panel-grid-cell\" ><div id=\"panel-gb1194-69ee0fd04222d-13-1-0\" class=\"so-panel widget widget_sow-button panel-first-child panel-last-child\" data-index=\"26\" ><div\n\t\t\t\n\t\t\tclass=\"so-widget-sow-button so-widget-sow-button-atom-0747e0f7255e-1194\"\n\t\t\t\n\t\t><div class=\"ow-button-base ow-button-align-left\"\n>\n\t\t\t<a\n\t\t\t\t\thref=\"https:\/\/acdct.es\/wp-content\/uploads\/2025\/10\/15-valle-munoz-acdct-xvi-2024.pdf\"\n\t\t\t\t\tclass=\"sowb-button ow-icon-placement-left ow-button-hover\" target=\"_blank\" rel=\"noopener noreferrer\" \t>\n\t\t<span>\n\t\t\t<span class=\"sow-icon-fontawesome sow-far\" data-sow-icon=\"&#xf1c1;\"\n\t\tstyle=\"color: #dd3333\" \n\t\taria-hidden=\"true\"><\/span>\n\t\t\tABRIR\t\t<\/span>\n\t\t\t<\/a>\n\t<\/div>\n<\/div><\/div><\/div><\/div><div id=\"pg-gb1194-69ee0fd04222d-14\"  class=\"panel-grid panel-no-style\" ><div id=\"pgc-gb1194-69ee0fd04222d-14-0\"  class=\"panel-grid-cell\" ><div id=\"panel-gb1194-69ee0fd04222d-14-0-0\" class=\"so-panel widget widget_sow-editor panel-first-child panel-last-child\" data-index=\"27\" ><div\n\t\t\t\n\t\t\tclass=\"so-widget-sow-editor so-widget-sow-editor-base\"\n\t\t\t\n\t\t><h3 class=\"widget-title\">TRES SUGERENCIAS SOBRE EL C\u00d3DIGO DEL TRABAJO PORTUGU\u00c9S POR UN NO IUSLABORALISTA<\/h3>\n<div class=\"siteorigin-widget-tinymce textwidget\">\n\t<p>[THREE SUGGESTIONS ON THE PORTUGUESE LABOR CODE BY A NON-LABOR LAW EXPERT]<\/p>\n<p>Lu\u00eds Vasconcelos Abreu<\/p>\n<\/div>\n<\/div><\/div><\/div><div id=\"pgc-gb1194-69ee0fd04222d-14-1\"  class=\"panel-grid-cell\" ><div id=\"panel-gb1194-69ee0fd04222d-14-1-0\" class=\"so-panel widget widget_sow-button panel-first-child panel-last-child\" data-index=\"28\" ><div\n\t\t\t\n\t\t\tclass=\"so-widget-sow-button so-widget-sow-button-atom-0747e0f7255e-1194\"\n\t\t\t\n\t\t><div class=\"ow-button-base ow-button-align-left\"\n>\n\t\t\t<a\n\t\t\t\t\thref=\"https:\/\/acdct.es\/wp-content\/uploads\/2025\/10\/16-vasconcelos-abreu-acdct-xvi-2024.pdf\"\n\t\t\t\t\tclass=\"sowb-button ow-icon-placement-left ow-button-hover\" target=\"_blank\" rel=\"noopener noreferrer\" \t>\n\t\t<span>\n\t\t\t<span class=\"sow-icon-fontawesome sow-far\" data-sow-icon=\"&#xf1c1;\"\n\t\tstyle=\"color: #dd3333\" \n\t\taria-hidden=\"true\"><\/span>\n\t\t\tABRIR\t\t<\/span>\n\t\t\t<\/a>\n\t<\/div>\n<\/div><\/div><\/div><\/div><div id=\"pg-gb1194-69ee0fd04222d-15\"  class=\"panel-grid panel-no-style\" ><div id=\"pgc-gb1194-69ee0fd04222d-15-0\"  class=\"panel-grid-cell\" ><div id=\"panel-gb1194-69ee0fd04222d-15-0-0\" class=\"so-panel widget widget_sow-editor panel-first-child panel-last-child\" data-index=\"29\" ><div\n\t\t\t\n\t\t\tclass=\"so-widget-sow-editor so-widget-sow-editor-base\"\n\t\t\t\n\t\t><h3 class=\"widget-title\">SERVANDO GERPE (1872-1928): DEFENSA DE LOS DERECHOS OBREROS Y TUTELA DEL EMIGRANTE EN LA GALICIA DE LA RESTAURACI\u00d3N<\/h3>\n<div class=\"siteorigin-widget-tinymce textwidget\">\n\t<p>[SERVANDO GERPE (1872-1928): DEFENDER OF WORKERS\u2019 RIGHTS AND PROTECTOR OF EMIGRANTS FROM GALICIA DURING THE RESTORATION]<\/p>\n<p>Ar\u00e1ntzazu Vicente Palacio<\/p>\n<\/div>\n<\/div><\/div><\/div><div id=\"pgc-gb1194-69ee0fd04222d-15-1\"  class=\"panel-grid-cell\" ><div id=\"panel-gb1194-69ee0fd04222d-15-1-0\" class=\"so-panel widget widget_sow-button panel-first-child panel-last-child\" data-index=\"30\" ><div\n\t\t\t\n\t\t\tclass=\"so-widget-sow-button so-widget-sow-button-atom-0747e0f7255e-1194\"\n\t\t\t\n\t\t><div class=\"ow-button-base ow-button-align-left\"\n>\n\t\t\t<a\n\t\t\t\t\thref=\"https:\/\/acdct.es\/wp-content\/uploads\/2025\/10\/17-vicente-palacio-acdct-xvi-2024.pdf\"\n\t\t\t\t\tclass=\"sowb-button ow-icon-placement-left ow-button-hover\" target=\"_blank\" rel=\"noopener noreferrer\" \t>\n\t\t<span>\n\t\t\t<span class=\"sow-icon-fontawesome sow-far\" data-sow-icon=\"&#xf1c1;\"\n\t\tstyle=\"color: #dd3333\" \n\t\taria-hidden=\"true\"><\/span>\n\t\t\tABRIR\t\t<\/span>\n\t\t\t<\/a>\n\t<\/div>\n<\/div><\/div><\/div><\/div><\/div>\n\n<div id=\"pl-gb1194-69ee0fd0454be\"  class=\"panel-layout wp-block-siteorigin-panels-layout-block\" ><div id=\"pg-gb1194-69ee0fd0454be-0\"  class=\"panel-grid panel-no-style\" ><div id=\"pgc-gb1194-69ee0fd0454be-0-0\"  class=\"panel-grid-cell\" ><div id=\"panel-gb1194-69ee0fd0454be-0-0-0\" class=\"so-panel widget widget_sow-editor panel-first-child panel-last-child\" data-index=\"0\" ><div\n\t\t\t\n\t\t\tclass=\"so-widget-sow-editor so-widget-sow-editor-base\"\n\t\t\t\n\t\t>\n<div class=\"siteorigin-widget-tinymce textwidget\">\n\t<\/div>\n<\/div><\/div><\/div><\/div><\/div>\n\n<div id=\"pl-gb1194-69ee0fd0457ea\"  class=\"panel-layout wp-block-siteorigin-panels-layout-block\" ><div id=\"pg-gb1194-69ee0fd0457ea-0\"  class=\"panel-grid panel-no-style\" ><div id=\"pgc-gb1194-69ee0fd0457ea-0-0\"  class=\"panel-grid-cell\" ><div id=\"panel-gb1194-69ee0fd0457ea-0-0-0\" class=\"so-panel widget widget_sow-editor panel-first-child panel-last-child\" data-index=\"0\" ><div\n\t\t\t\n\t\t\tclass=\"so-widget-sow-editor so-widget-sow-editor-base\"\n\t\t\t\n\t\t><h3 class=\"widget-title\">RECENSIONES DE LIBROS<\/h3>\n<div class=\"siteorigin-widget-tinymce textwidget\">\n\t<p><em>[BOOK REVIEW]<\/em><\/p>\n<\/div>\n<\/div><\/div><\/div><\/div><\/div>\n\n<div id=\"pl-gb1194-69ee0fd046bc6\"  class=\"panel-layout wp-block-siteorigin-panels-layout-block\" ><div id=\"pg-gb1194-69ee0fd046bc6-0\"  class=\"panel-grid panel-no-style\" ><div id=\"pgc-gb1194-69ee0fd046bc6-0-0\"  class=\"panel-grid-cell\" ><div id=\"panel-gb1194-69ee0fd046bc6-0-0-0\" class=\"so-panel widget widget_sow-editor panel-first-child panel-last-child\" data-index=\"0\" ><div\n\t\t\t\n\t\t\tclass=\"so-widget-sow-editor so-widget-sow-editor-base\"\n\t\t\t\n\t\t><h3 class=\"widget-title\">Recensi\u00f3n a cargo de Mar\u00eda Rajo V\u00e1zquez<\/h3>\n<div class=\"siteorigin-widget-tinymce textwidget\">\n\t<p>Ketanji BROWN JACKSON, Lovely one, Random House (New York, 2024), 405 p\u00e1gs.<\/p>\n<\/div>\n<\/div><\/div><\/div><div id=\"pgc-gb1194-69ee0fd046bc6-0-1\"  class=\"panel-grid-cell\" ><div id=\"panel-gb1194-69ee0fd046bc6-0-1-0\" class=\"so-panel widget widget_sow-button panel-first-child panel-last-child\" data-index=\"1\" ><div\n\t\t\t\n\t\t\tclass=\"so-widget-sow-button so-widget-sow-button-atom-0747e0f7255e-1194\"\n\t\t\t\n\t\t><div class=\"ow-button-base ow-button-align-left\"\n>\n\t\t\t<a\n\t\t\t\t\thref=\"https:\/\/acdct.es\/wp-content\/uploads\/2025\/10\/18-rajo-brown-acdct-xvi-2024.pdf\"\n\t\t\t\t\tclass=\"sowb-button ow-icon-placement-left ow-button-hover\" target=\"_blank\" rel=\"noopener noreferrer\" \t>\n\t\t<span>\n\t\t\t<span class=\"sow-icon-fontawesome sow-far\" data-sow-icon=\"&#xf1c1;\"\n\t\tstyle=\"color: #dd3333\" \n\t\taria-hidden=\"true\"><\/span>\n\t\t\tABRIR\t\t<\/span>\n\t\t\t<\/a>\n\t<\/div>\n<\/div><\/div><\/div><\/div><div id=\"pg-gb1194-69ee0fd046bc6-1\"  class=\"panel-grid panel-no-style\" ><div id=\"pgc-gb1194-69ee0fd046bc6-1-0\"  class=\"panel-grid-cell\" ><div id=\"panel-gb1194-69ee0fd046bc6-1-0-0\" class=\"so-panel widget widget_sow-editor panel-first-child panel-last-child\" data-index=\"2\" ><div\n\t\t\t\n\t\t\tclass=\"so-widget-sow-editor so-widget-sow-editor-base\"\n\t\t\t\n\t\t><h3 class=\"widget-title\">Recensi\u00f3n a cargo de Alberto Arufe Varela<\/h3>\n<div class=\"siteorigin-widget-tinymce textwidget\">\n\t<p style=\"text-align: left;\">Luisa CORAZZA, Il lavoro delle donne? Una questione redistributiva, Franco Angeli (Mil\u00e1n, 2025), 222 p\u00e1gs.<\/p>\n<\/div>\n<\/div><\/div><\/div><div id=\"pgc-gb1194-69ee0fd046bc6-1-1\"  class=\"panel-grid-cell\" ><div id=\"panel-gb1194-69ee0fd046bc6-1-1-0\" class=\"so-panel widget widget_sow-button panel-first-child panel-last-child\" data-index=\"3\" ><div\n\t\t\t\n\t\t\tclass=\"so-widget-sow-button so-widget-sow-button-atom-0747e0f7255e-1194\"\n\t\t\t\n\t\t><div class=\"ow-button-base ow-button-align-left\"\n>\n\t\t\t<a\n\t\t\t\t\thref=\"https:\/\/acdct.es\/wp-content\/uploads\/2025\/10\/19-arufe-corazza-acdct-xvi-2024.pdf\"\n\t\t\t\t\tclass=\"sowb-button ow-icon-placement-left ow-button-hover\" target=\"_blank\" rel=\"noopener noreferrer\" \t>\n\t\t<span>\n\t\t\t<span class=\"sow-icon-fontawesome sow-far\" data-sow-icon=\"&#xf1c1;\"\n\t\tstyle=\"color: #dd3333\" \n\t\taria-hidden=\"true\"><\/span>\n\t\t\tABRIR\t\t<\/span>\n\t\t\t<\/a>\n\t<\/div>\n<\/div><\/div><\/div><\/div><div id=\"pg-gb1194-69ee0fd046bc6-2\"  class=\"panel-grid panel-no-style\" ><div id=\"pgc-gb1194-69ee0fd046bc6-2-0\"  class=\"panel-grid-cell\" ><div id=\"panel-gb1194-69ee0fd046bc6-2-0-0\" class=\"so-panel widget widget_sow-editor panel-first-child panel-last-child\" data-index=\"4\" ><div\n\t\t\t\n\t\t\tclass=\"so-widget-sow-editor so-widget-sow-editor-base\"\n\t\t\t\n\t\t><h3 class=\"widget-title\">Recensi\u00f3n a cargo de Alberto Arufe Varela<\/h3>\n<div class=\"siteorigin-widget-tinymce textwidget\">\n\t<p>Chiara CRISTOFOLINI, Profili organizzattivi e trasparenza finanziaria dei sindacati rappresentativi. Uno studio comparato, Franco Angeli (Mil\u00e1n, 2021), 330 p\u00e1gs.<\/p>\n<\/div>\n<\/div><\/div><\/div><div id=\"pgc-gb1194-69ee0fd046bc6-2-1\"  class=\"panel-grid-cell\" ><div id=\"panel-gb1194-69ee0fd046bc6-2-1-0\" class=\"so-panel widget widget_sow-button panel-first-child panel-last-child\" data-index=\"5\" ><div\n\t\t\t\n\t\t\tclass=\"so-widget-sow-button so-widget-sow-button-atom-0747e0f7255e-1194\"\n\t\t\t\n\t\t><div class=\"ow-button-base ow-button-align-left\"\n>\n\t\t\t<a\n\t\t\t\t\thref=\"https:\/\/acdct.es\/wp-content\/uploads\/2025\/10\/20-arufe-cristofolini-acdct-xvi-2024.pdf\"\n\t\t\t\t\tclass=\"sowb-button ow-icon-placement-left ow-button-hover\" target=\"_blank\" rel=\"noopener noreferrer\" \t>\n\t\t<span>\n\t\t\t<span class=\"sow-icon-fontawesome sow-far\" data-sow-icon=\"&#xf1c1;\"\n\t\tstyle=\"color: #dd3333\" \n\t\taria-hidden=\"true\"><\/span>\n\t\t\tABRIR\t\t<\/span>\n\t\t\t<\/a>\n\t<\/div>\n<\/div><\/div><\/div><\/div><div id=\"pg-gb1194-69ee0fd046bc6-3\"  class=\"panel-grid panel-no-style\" ><div id=\"pgc-gb1194-69ee0fd046bc6-3-0\"  class=\"panel-grid-cell\" ><div id=\"panel-gb1194-69ee0fd046bc6-3-0-0\" class=\"so-panel widget widget_sow-editor panel-first-child panel-last-child\" data-index=\"6\" ><div\n\t\t\t\n\t\t\tclass=\"so-widget-sow-editor so-widget-sow-editor-base\"\n\t\t\t\n\t\t><h3 class=\"widget-title\">Recensi\u00f3n a cargo de Jes\u00fas Mart\u00ednez Gir\u00f3n<\/h3>\n<div class=\"siteorigin-widget-tinymce textwidget\">\n\t<p>Juan Jos\u00e9 FERN\u00c1NDEZ DOM\u00cdNGUEZ, Susana RODR\u00cdGUEZ ESCANCIANO y Mar\u00eda de los Reyes MART\u00cdNEZ BARROSO (Directores), Relecturas de la obra del profesor Germ\u00e1n Barreiro Gonz\u00e1lez. Un recuerdo de sus disc\u00edpulos. In Memoriam, Tirant lo Blanch (Valencia, 2024), 274 p\u00e1gs.<\/p>\n<\/div>\n<\/div><\/div><\/div><div id=\"pgc-gb1194-69ee0fd046bc6-3-1\"  class=\"panel-grid-cell\" ><div id=\"panel-gb1194-69ee0fd046bc6-3-1-0\" class=\"so-panel widget widget_sow-button panel-first-child panel-last-child\" data-index=\"7\" ><div\n\t\t\t\n\t\t\tclass=\"so-widget-sow-button so-widget-sow-button-atom-0747e0f7255e-1194\"\n\t\t\t\n\t\t><div class=\"ow-button-base ow-button-align-left\"\n>\n\t\t\t<a\n\t\t\t\t\thref=\"https:\/\/acdct.es\/wp-content\/uploads\/2025\/10\/21-martinez-dominguez-acdct-xvi-2024.pdf\"\n\t\t\t\t\tclass=\"sowb-button ow-icon-placement-left ow-button-hover\" target=\"_blank\" rel=\"noopener noreferrer\" \t>\n\t\t<span>\n\t\t\t<span class=\"sow-icon-fontawesome sow-far\" data-sow-icon=\"&#xf1c1;\"\n\t\tstyle=\"color: #dd3333\" \n\t\taria-hidden=\"true\"><\/span>\n\t\t\tABRIR\t\t<\/span>\n\t\t\t<\/a>\n\t<\/div>\n<\/div><\/div><\/div><\/div><div id=\"pg-gb1194-69ee0fd046bc6-4\"  class=\"panel-grid panel-no-style\" ><div id=\"pgc-gb1194-69ee0fd046bc6-4-0\"  class=\"panel-grid-cell\" ><div id=\"panel-gb1194-69ee0fd046bc6-4-0-0\" class=\"so-panel widget widget_sow-editor panel-first-child panel-last-child\" data-index=\"8\" ><div\n\t\t\t\n\t\t\tclass=\"so-widget-sow-editor so-widget-sow-editor-base\"\n\t\t\t\n\t\t><h3 class=\"widget-title\">Recensi\u00f3n a cargo de Mar\u00eda Gorrochategui Polo<\/h3>\n<div class=\"siteorigin-widget-tinymce textwidget\">\n\t<p>Francisca FERN\u00c1NDEZ PROL, Participaci\u00f3n y mujer. Libertad sindical, derechos de representaci\u00f3n y autonom\u00eda colectiva en clave de g\u00e9nero, Bomarzo (Albacete, 2025), 230 p\u00e1gs.<\/p>\n<\/div>\n<\/div><\/div><\/div><div id=\"pgc-gb1194-69ee0fd046bc6-4-1\"  class=\"panel-grid-cell\" ><div id=\"panel-gb1194-69ee0fd046bc6-4-1-0\" class=\"so-panel widget widget_sow-button panel-first-child panel-last-child\" data-index=\"9\" ><div\n\t\t\t\n\t\t\tclass=\"so-widget-sow-button so-widget-sow-button-atom-0747e0f7255e-1194\"\n\t\t\t\n\t\t><div class=\"ow-button-base ow-button-align-left\"\n>\n\t\t\t<a\n\t\t\t\t\thref=\"https:\/\/acdct.es\/wp-content\/uploads\/2025\/10\/22-gorrochategui-prol-acdct-xvi-2024.pdf\"\n\t\t\t\t\tclass=\"sowb-button ow-icon-placement-left ow-button-hover\" target=\"_blank\" rel=\"noopener noreferrer\" \t>\n\t\t<span>\n\t\t\t<span class=\"sow-icon-fontawesome sow-far\" data-sow-icon=\"&#xf1c1;\"\n\t\tstyle=\"color: #dd3333\" \n\t\taria-hidden=\"true\"><\/span>\n\t\t\tABRIR\t\t<\/span>\n\t\t\t<\/a>\n\t<\/div>\n<\/div><\/div><\/div><\/div><div id=\"pg-gb1194-69ee0fd046bc6-5\"  class=\"panel-grid panel-no-style\" ><div id=\"pgc-gb1194-69ee0fd046bc6-5-0\"  class=\"panel-grid-cell\" ><div id=\"panel-gb1194-69ee0fd046bc6-5-0-0\" class=\"so-panel widget widget_sow-editor panel-first-child panel-last-child\" data-index=\"10\" ><div\n\t\t\t\n\t\t\tclass=\"so-widget-sow-editor so-widget-sow-editor-base\"\n\t\t\t\n\t\t><h3 class=\"widget-title\">Recensi\u00f3n a cargo de Iv\u00e1n Vizca\u00edno Ramos<\/h3>\n<div class=\"siteorigin-widget-tinymce textwidget\">\n\t<p>Lidia GIL OTERO, La econom\u00eda de plataformas ante las categor\u00edas cl\u00e1sicas del Derecho del Trabajo, Tirant lo blanch (Valencia, 2024), 260 p\u00e1gs.<\/p>\n<\/div>\n<\/div><\/div><\/div><div id=\"pgc-gb1194-69ee0fd046bc6-5-1\"  class=\"panel-grid-cell\" ><div id=\"panel-gb1194-69ee0fd046bc6-5-1-0\" class=\"so-panel widget widget_sow-button panel-first-child panel-last-child\" data-index=\"11\" ><div\n\t\t\t\n\t\t\tclass=\"so-widget-sow-button so-widget-sow-button-atom-0747e0f7255e-1194\"\n\t\t\t\n\t\t><div class=\"ow-button-base ow-button-align-left\"\n>\n\t\t\t<a\n\t\t\t\t\thref=\"https:\/\/acdct.es\/wp-content\/uploads\/2025\/10\/23-vizcaino-gil-acdct-xvi-2024.pdf\"\n\t\t\t\t\tclass=\"sowb-button ow-icon-placement-left ow-button-hover\" target=\"_blank\" rel=\"noopener noreferrer\" \t>\n\t\t<span>\n\t\t\t<span class=\"sow-icon-fontawesome sow-far\" data-sow-icon=\"&#xf1c1;\"\n\t\tstyle=\"color: #dd3333\" \n\t\taria-hidden=\"true\"><\/span>\n\t\t\tABRIR\t\t<\/span>\n\t\t\t<\/a>\n\t<\/div>\n<\/div><\/div><\/div><\/div><div id=\"pg-gb1194-69ee0fd046bc6-6\"  class=\"panel-grid panel-no-style\" ><div id=\"pgc-gb1194-69ee0fd046bc6-6-0\"  class=\"panel-grid-cell\" ><div id=\"panel-gb1194-69ee0fd046bc6-6-0-0\" class=\"so-panel widget widget_sow-editor panel-first-child panel-last-child\" data-index=\"12\" ><div\n\t\t\t\n\t\t\tclass=\"so-widget-sow-editor so-widget-sow-editor-base\"\n\t\t\t\n\t\t><h3 class=\"widget-title\">Recensi\u00f3n a cargo de Jes\u00fas Mart\u00ednez Gir\u00f3n<\/h3>\n<div class=\"siteorigin-widget-tinymce textwidget\">\n\t<p>Francisco J. G\u00d3MEZ ABELLEIRA y Daniel P\u00c9REZ DEL PRADO, Handbook of European and Spanish Employment and Social Security Law, 2\u00aa ed., Tecnos (Madrid, 2024), 338 p\u00e1gs.<\/p>\n<\/div>\n<\/div><\/div><\/div><div id=\"pgc-gb1194-69ee0fd046bc6-6-1\"  class=\"panel-grid-cell\" ><div id=\"panel-gb1194-69ee0fd046bc6-6-1-0\" class=\"so-panel widget widget_sow-button panel-first-child panel-last-child\" data-index=\"13\" ><div\n\t\t\t\n\t\t\tclass=\"so-widget-sow-button so-widget-sow-button-atom-0747e0f7255e-1194\"\n\t\t\t\n\t\t><div class=\"ow-button-base ow-button-align-left\"\n>\n\t\t\t<a\n\t\t\t\t\thref=\"https:\/\/acdct.es\/wp-content\/uploads\/2025\/10\/24-martinez-abelleira-acdct-xvi-2024.pdf\"\n\t\t\t\t\tclass=\"sowb-button ow-icon-placement-left ow-button-hover\" target=\"_blank\" rel=\"noopener noreferrer\" \t>\n\t\t<span>\n\t\t\t<span class=\"sow-icon-fontawesome sow-far\" data-sow-icon=\"&#xf1c1;\"\n\t\tstyle=\"color: #dd3333\" \n\t\taria-hidden=\"true\"><\/span>\n\t\t\tABRIR\t\t<\/span>\n\t\t\t<\/a>\n\t<\/div>\n<\/div><\/div><\/div><\/div><div id=\"pg-gb1194-69ee0fd046bc6-7\"  class=\"panel-grid panel-no-style\" ><div id=\"pgc-gb1194-69ee0fd046bc6-7-0\"  class=\"panel-grid-cell\" ><div id=\"panel-gb1194-69ee0fd046bc6-7-0-0\" class=\"so-panel widget widget_sow-editor panel-first-child panel-last-child\" data-index=\"14\" ><div\n\t\t\t\n\t\t\tclass=\"so-widget-sow-editor so-widget-sow-editor-base\"\n\t\t\t\n\t\t><h3 class=\"widget-title\">Recensi\u00f3n a cargo de Xos\u00e9 Manuel Carril V\u00e1zquez<\/h3>\n<div class=\"siteorigin-widget-tinymce textwidget\">\n\t<p>Bernard MARTIN y Patrick CHAUMETTE, Droit social des gens de mer, L\u2019Harmattan (Par\u00eds, 2025), 304 p\u00e1gs.<\/p>\n<\/div>\n<\/div><\/div><\/div><div id=\"pgc-gb1194-69ee0fd046bc6-7-1\"  class=\"panel-grid-cell\" ><div id=\"panel-gb1194-69ee0fd046bc6-7-1-0\" class=\"so-panel widget widget_sow-button panel-first-child panel-last-child\" data-index=\"15\" ><div\n\t\t\t\n\t\t\tclass=\"so-widget-sow-button so-widget-sow-button-atom-0747e0f7255e-1194\"\n\t\t\t\n\t\t><div class=\"ow-button-base ow-button-align-left\"\n>\n\t\t\t<a\n\t\t\t\t\thref=\"https:\/\/acdct.es\/wp-content\/uploads\/2025\/10\/25-carril-chaumette-acdct-xvi-2024.pdf\"\n\t\t\t\t\tclass=\"sowb-button ow-icon-placement-left ow-button-hover\" target=\"_blank\" rel=\"noopener noreferrer\" \t>\n\t\t<span>\n\t\t\t<span class=\"sow-icon-fontawesome sow-far\" data-sow-icon=\"&#xf1c1;\"\n\t\tstyle=\"color: #dd3333\" \n\t\taria-hidden=\"true\"><\/span>\n\t\t\tABRIR\t\t<\/span>\n\t\t\t<\/a>\n\t<\/div>\n<\/div><\/div><\/div><\/div><div id=\"pg-gb1194-69ee0fd046bc6-8\"  class=\"panel-grid panel-no-style\" ><div id=\"pgc-gb1194-69ee0fd046bc6-8-0\"  class=\"panel-grid-cell\" ><div id=\"panel-gb1194-69ee0fd046bc6-8-0-0\" class=\"so-panel widget widget_sow-editor panel-first-child panel-last-child\" data-index=\"16\" ><div\n\t\t\t\n\t\t\tclass=\"so-widget-sow-editor so-widget-sow-editor-base\"\n\t\t\t\n\t\t><h3 class=\"widget-title\">Recensi\u00f3n a cargo de Jes\u00fas Mart\u00ednez Gir\u00f3n<\/h3>\n<div class=\"siteorigin-widget-tinymce textwidget\">\n\t<p>Jos\u00e9 Luis MONEREO P\u00c9REZ, La negociaci\u00f3n colectiva en Espa\u00f1a: Un modelo de negociaci\u00f3n colectiva para el siglo veintiuno, Atelier (Barcelona, 2024), 377 p\u00e1gs.<\/p>\n<\/div>\n<\/div><\/div><\/div><div id=\"pgc-gb1194-69ee0fd046bc6-8-1\"  class=\"panel-grid-cell\" ><div id=\"panel-gb1194-69ee0fd046bc6-8-1-0\" class=\"so-panel widget widget_sow-button panel-first-child panel-last-child\" data-index=\"17\" ><div\n\t\t\t\n\t\t\tclass=\"so-widget-sow-button so-widget-sow-button-atom-0747e0f7255e-1194\"\n\t\t\t\n\t\t><div class=\"ow-button-base ow-button-align-left\"\n>\n\t\t\t<a\n\t\t\t\t\thref=\"https:\/\/acdct.es\/wp-content\/uploads\/2025\/10\/26-martinez-monereo-acdct-xvi-2024.pdf\"\n\t\t\t\t\tclass=\"sowb-button ow-icon-placement-left ow-button-hover\" target=\"_blank\" rel=\"noopener noreferrer\" \t>\n\t\t<span>\n\t\t\t<span class=\"sow-icon-fontawesome sow-far\" data-sow-icon=\"&#xf1c1;\"\n\t\tstyle=\"color: #dd3333\" \n\t\taria-hidden=\"true\"><\/span>\n\t\t\tABRIR\t\t<\/span>\n\t\t\t<\/a>\n\t<\/div>\n<\/div><\/div><\/div><\/div><div id=\"pg-gb1194-69ee0fd046bc6-9\"  class=\"panel-grid panel-no-style\" ><div id=\"pgc-gb1194-69ee0fd046bc6-9-0\"  class=\"panel-grid-cell\" ><div id=\"panel-gb1194-69ee0fd046bc6-9-0-0\" class=\"so-panel widget widget_sow-editor panel-first-child panel-last-child\" data-index=\"18\" ><div\n\t\t\t\n\t\t\tclass=\"so-widget-sow-editor so-widget-sow-editor-base\"\n\t\t\t\n\t\t><h3 class=\"widget-title\">Recensi\u00f3n a cargo de Alberto Arufe Varela<\/h3>\n<div class=\"siteorigin-widget-tinymce textwidget\">\n\t<p>Jos\u00e9 Luis MONEREO P\u00c9REZ y Pompeyo Gabriel ORTEGA LOZANO, Modificaciones sustanciales de las condiciones de trabajo, Aranzadi (Madrid, 2024), 539 p\u00e1gs.<\/p>\n<\/div>\n<\/div><\/div><\/div><div id=\"pgc-gb1194-69ee0fd046bc6-9-1\"  class=\"panel-grid-cell\" ><div id=\"panel-gb1194-69ee0fd046bc6-9-1-0\" class=\"so-panel widget widget_sow-button panel-first-child panel-last-child\" data-index=\"19\" ><div\n\t\t\t\n\t\t\tclass=\"so-widget-sow-button so-widget-sow-button-atom-0747e0f7255e-1194\"\n\t\t\t\n\t\t><div class=\"ow-button-base ow-button-align-left\"\n>\n\t\t\t<a\n\t\t\t\t\thref=\"https:\/\/acdct.es\/wp-content\/uploads\/2025\/10\/27-arufe-monereo-acdct-xvi-2024.pdf\"\n\t\t\t\t\tclass=\"sowb-button ow-icon-placement-left ow-button-hover\" target=\"_blank\" rel=\"noopener noreferrer\" \t>\n\t\t<span>\n\t\t\t<span class=\"sow-icon-fontawesome sow-far\" data-sow-icon=\"&#xf1c1;\"\n\t\tstyle=\"color: #dd3333\" \n\t\taria-hidden=\"true\"><\/span>\n\t\t\tABRIR\t\t<\/span>\n\t\t\t<\/a>\n\t<\/div>\n<\/div><\/div><\/div><\/div><div id=\"pg-gb1194-69ee0fd046bc6-10\"  class=\"panel-grid panel-no-style\" ><div id=\"pgc-gb1194-69ee0fd046bc6-10-0\"  class=\"panel-grid-cell\" ><div id=\"panel-gb1194-69ee0fd046bc6-10-0-0\" class=\"so-panel widget widget_sow-editor panel-first-child panel-last-child\" data-index=\"20\" ><div\n\t\t\t\n\t\t\tclass=\"so-widget-sow-editor so-widget-sow-editor-base\"\n\t\t\t\n\t\t><h3 class=\"widget-title\">Recensi\u00f3n a cargo de Xos\u00e9 Manuel Carril V\u00e1zquez<\/h3>\n<div class=\"siteorigin-widget-tinymce textwidget\">\n\t<p>Patricia NIETO ROJAS, Obligaciones empresariales respecto al colectivo LGTBI, Aranzadi La Ley (Madrid, 2025), 330, p\u00e1gs.<\/p>\n<\/div>\n<\/div><\/div><\/div><div id=\"pgc-gb1194-69ee0fd046bc6-10-1\"  class=\"panel-grid-cell\" ><div id=\"panel-gb1194-69ee0fd046bc6-10-1-0\" class=\"so-panel widget widget_sow-button panel-first-child panel-last-child\" data-index=\"21\" ><div\n\t\t\t\n\t\t\tclass=\"so-widget-sow-button so-widget-sow-button-atom-0747e0f7255e-1194\"\n\t\t\t\n\t\t><div class=\"ow-button-base ow-button-align-left\"\n>\n\t\t\t<a\n\t\t\t\t\thref=\"https:\/\/acdct.es\/wp-content\/uploads\/2025\/10\/28-carril-nieto-acdct-xvi-2024.pdf\"\n\t\t\t\t\tclass=\"sowb-button ow-icon-placement-left ow-button-hover\" target=\"_blank\" rel=\"noopener noreferrer\" \t>\n\t\t<span>\n\t\t\t<span class=\"sow-icon-fontawesome sow-far\" data-sow-icon=\"&#xf1c1;\"\n\t\tstyle=\"color: #dd3333\" \n\t\taria-hidden=\"true\"><\/span>\n\t\t\tABRIR\t\t<\/span>\n\t\t\t<\/a>\n\t<\/div>\n<\/div><\/div><\/div><\/div><div id=\"pg-gb1194-69ee0fd046bc6-11\"  class=\"panel-grid panel-no-style\" ><div id=\"pgc-gb1194-69ee0fd046bc6-11-0\"  class=\"panel-grid-cell\" ><div id=\"panel-gb1194-69ee0fd046bc6-11-0-0\" class=\"so-panel widget widget_sow-editor panel-first-child panel-last-child\" data-index=\"22\" ><div\n\t\t\t\n\t\t\tclass=\"so-widget-sow-editor so-widget-sow-editor-base\"\n\t\t\t\n\t\t><h3 class=\"widget-title\">Recensi\u00f3n a cargo de Alberto Arufe Varela<\/h3>\n<div class=\"siteorigin-widget-tinymce textwidget\">\n\t<p>Pompeyo Gabriel ORTEGA LOZANO y Sara GUINDO MORALES, Las relaciones sociolaborales en la era de la transici\u00f3n digital: Inteligencia artificial (IA), algoritmos, rob\u00f3tica, automatizaci\u00f3n, big data, compliance y tecnolog\u00edas avanzadas, Comares (Granada, 2024), 337 p\u00e1gs.<\/p>\n<\/div>\n<\/div><\/div><\/div><div id=\"pgc-gb1194-69ee0fd046bc6-11-1\"  class=\"panel-grid-cell\" ><div id=\"panel-gb1194-69ee0fd046bc6-11-1-0\" class=\"so-panel widget widget_sow-button panel-first-child panel-last-child\" data-index=\"23\" ><div\n\t\t\t\n\t\t\tclass=\"so-widget-sow-button so-widget-sow-button-atom-0747e0f7255e-1194\"\n\t\t\t\n\t\t><div class=\"ow-button-base ow-button-align-left\"\n>\n\t\t\t<a\n\t\t\t\t\thref=\"https:\/\/acdct.es\/wp-content\/uploads\/2025\/10\/29-arufe-ortega-acdct-xvi-2024.pdf\"\n\t\t\t\t\tclass=\"sowb-button ow-icon-placement-left ow-button-hover\" target=\"_blank\" rel=\"noopener noreferrer\" \t>\n\t\t<span>\n\t\t\t<span class=\"sow-icon-fontawesome sow-far\" data-sow-icon=\"&#xf1c1;\"\n\t\tstyle=\"color: #dd3333\" \n\t\taria-hidden=\"true\"><\/span>\n\t\t\tABRIR\t\t<\/span>\n\t\t\t<\/a>\n\t<\/div>\n<\/div><\/div><\/div><\/div><div id=\"pg-gb1194-69ee0fd046bc6-12\"  class=\"panel-grid panel-no-style\" ><div id=\"pgc-gb1194-69ee0fd046bc6-12-0\"  class=\"panel-grid-cell\" ><div id=\"panel-gb1194-69ee0fd046bc6-12-0-0\" class=\"so-panel widget widget_sow-editor panel-first-child panel-last-child\" data-index=\"24\" ><div\n\t\t\t\n\t\t\tclass=\"so-widget-sow-editor so-widget-sow-editor-base\"\n\t\t\t\n\t\t><h3 class=\"widget-title\">Recensi\u00f3n a cargo de Alberto Arufe Varela<\/h3>\n<div class=\"siteorigin-widget-tinymce textwidget\">\n\t<p>Iv\u00e1n Antonio RODR\u00cdGUEZ CARDO, La seguridad jur\u00eddica en el Derecho del Trabajo y de la Seguridad Social, BOE (Madrid, 2024), 270 p\u00e1gs.<\/p>\n<\/div>\n<\/div><\/div><\/div><div id=\"pgc-gb1194-69ee0fd046bc6-12-1\"  class=\"panel-grid-cell\" ><div id=\"panel-gb1194-69ee0fd046bc6-12-1-0\" class=\"so-panel widget widget_sow-button panel-first-child panel-last-child\" data-index=\"25\" ><div\n\t\t\t\n\t\t\tclass=\"so-widget-sow-button so-widget-sow-button-atom-0747e0f7255e-1194\"\n\t\t\t\n\t\t><div class=\"ow-button-base ow-button-align-left\"\n>\n\t\t\t<a\n\t\t\t\t\thref=\"https:\/\/acdct.es\/wp-content\/uploads\/2025\/10\/30-arufe-rodriguez-acdct-xvi-2024.pdf\"\n\t\t\t\t\tclass=\"sowb-button ow-icon-placement-left ow-button-hover\" target=\"_blank\" rel=\"noopener noreferrer\" \t>\n\t\t<span>\n\t\t\t<span class=\"sow-icon-fontawesome sow-far\" data-sow-icon=\"&#xf1c1;\"\n\t\tstyle=\"color: #dd3333\" \n\t\taria-hidden=\"true\"><\/span>\n\t\t\tABRIR\t\t<\/span>\n\t\t\t<\/a>\n\t<\/div>\n<\/div><\/div><\/div><\/div><div id=\"pg-gb1194-69ee0fd046bc6-13\"  class=\"panel-grid panel-no-style\" ><div id=\"pgc-gb1194-69ee0fd046bc6-13-0\"  class=\"panel-grid-cell\" ><div id=\"panel-gb1194-69ee0fd046bc6-13-0-0\" class=\"so-panel widget widget_sow-editor panel-first-child panel-last-child\" data-index=\"26\" ><div\n\t\t\t\n\t\t\tclass=\"so-widget-sow-editor so-widget-sow-editor-base\"\n\t\t\t\n\t\t><h3 class=\"widget-title\">Recensi\u00f3n a cargo de Jes\u00fas Mart\u00ednez Gir\u00f3n<\/h3>\n<div class=\"siteorigin-widget-tinymce textwidget\">\n\t<p>George STEINER, Lessons of the Masters, Harvard University Press (Cambridge-Massachusetts, 2003), 198 p\u00e1gs.<\/p>\n<\/div>\n<\/div><\/div><\/div><div id=\"pgc-gb1194-69ee0fd046bc6-13-1\"  class=\"panel-grid-cell\" ><div id=\"panel-gb1194-69ee0fd046bc6-13-1-0\" class=\"so-panel widget widget_sow-button panel-first-child panel-last-child\" data-index=\"27\" ><div\n\t\t\t\n\t\t\tclass=\"so-widget-sow-button so-widget-sow-button-atom-0747e0f7255e-1194\"\n\t\t\t\n\t\t><div class=\"ow-button-base ow-button-align-left\"\n>\n\t\t\t<a\n\t\t\t\t\thref=\"https:\/\/acdct.es\/wp-content\/uploads\/2025\/10\/31-martinez-steiner-acdct-xvi-2024.pdf\"\n\t\t\t\t\tclass=\"sowb-button ow-icon-placement-left ow-button-hover\" target=\"_blank\" rel=\"noopener noreferrer\" \t>\n\t\t<span>\n\t\t\t<span class=\"sow-icon-fontawesome sow-far\" data-sow-icon=\"&#xf1c1;\"\n\t\tstyle=\"color: #dd3333\" \n\t\taria-hidden=\"true\"><\/span>\n\t\t\tABRIR\t\t<\/span>\n\t\t\t<\/a>\n\t<\/div>\n<\/div><\/div><\/div><\/div><div id=\"pg-gb1194-69ee0fd046bc6-14\"  class=\"panel-grid panel-no-style\" ><div id=\"pgc-gb1194-69ee0fd046bc6-14-0\"  class=\"panel-grid-cell\" ><div id=\"panel-gb1194-69ee0fd046bc6-14-0-0\" class=\"so-panel widget widget_sow-editor panel-first-child panel-last-child\" data-index=\"28\" ><div\n\t\t\t\n\t\t\tclass=\"so-widget-sow-editor so-widget-sow-editor-base\"\n\t\t\t\n\t\t><h3 class=\"widget-title\">Recensi\u00f3n a cargo de Jes\u00fas Mart\u00ednez Gir\u00f3n<\/h3>\n<div class=\"siteorigin-widget-tinymce textwidget\">\n\t<p>Luis Enrique DE LA VILLA GIL, Una vida, una obra. Mis libros, UDIMA-CEF (Madrid, 2025), 407 p\u00e1gs.<\/p>\n<\/div>\n<\/div><\/div><\/div><div id=\"pgc-gb1194-69ee0fd046bc6-14-1\"  class=\"panel-grid-cell\" ><div id=\"panel-gb1194-69ee0fd046bc6-14-1-0\" class=\"so-panel widget widget_sow-button panel-first-child panel-last-child\" data-index=\"29\" ><div\n\t\t\t\n\t\t\tclass=\"so-widget-sow-button so-widget-sow-button-atom-0747e0f7255e-1194\"\n\t\t\t\n\t\t><div class=\"ow-button-base ow-button-align-left\"\n>\n\t\t\t<a\n\t\t\t\t\thref=\"https:\/\/acdct.es\/wp-content\/uploads\/2025\/10\/32-martinez-delavilla-acdct-xvi-2024.pdf\"\n\t\t\t\t\tclass=\"sowb-button ow-icon-placement-left ow-button-hover\" target=\"_blank\" rel=\"noopener noreferrer\" \t>\n\t\t<span>\n\t\t\t<span class=\"sow-icon-fontawesome sow-far\" data-sow-icon=\"&#xf1c1;\"\n\t\tstyle=\"color: #dd3333\" \n\t\taria-hidden=\"true\"><\/span>\n\t\t\tABRIR\t\t<\/span>\n\t\t\t<\/a>\n\t<\/div>\n<\/div><\/div><\/div><\/div><\/div>\n\n<div id=\"pl-gb1194-69ee0fd05d062\"  class=\"panel-layout wp-block-siteorigin-panels-layout-block\" ><div id=\"pg-gb1194-69ee0fd05d062-0\"  class=\"panel-grid panel-no-style\" ><div id=\"pgc-gb1194-69ee0fd05d062-0-0\"  class=\"panel-grid-cell\" ><div id=\"panel-gb1194-69ee0fd05d062-0-0-0\" class=\"so-panel widget widget_sow-editor panel-first-child panel-last-child\" data-index=\"0\" ><div\n\t\t\t\n\t\t\tclass=\"so-widget-sow-editor so-widget-sow-editor-base\"\n\t\t\t\n\t\t><h3 class=\"widget-title\">REVISTA DE REVISTAS<\/h3>\n<div class=\"siteorigin-widget-tinymce textwidget\">\n\t<p><em>[Review of reviews]<\/em><\/p>\n<\/div>\n<\/div><\/div><\/div><div id=\"pgc-gb1194-69ee0fd05d062-0-1\"  class=\"panel-grid-cell\" ><div id=\"panel-gb1194-69ee0fd05d062-0-1-0\" class=\"so-panel widget widget_sow-button panel-first-child panel-last-child\" data-index=\"1\" ><div\n\t\t\t\n\t\t\tclass=\"so-widget-sow-button so-widget-sow-button-atom-0747e0f7255e-1194\"\n\t\t\t\n\t\t><div class=\"ow-button-base ow-button-align-left\"\n>\n\t\t\t<a\n\t\t\t\t\thref=\"https:\/\/acdct.es\/wp-content\/uploads\/2025\/10\/33-revista-de-revistas-xvi-2024.pdf\"\n\t\t\t\t\tclass=\"sowb-button ow-icon-placement-right ow-button-hover\" target=\"_blank\" rel=\"noopener noreferrer\" \t>\n\t\t<span>\n\t\t\t<span class=\"sow-icon-fontawesome sow-far\" data-sow-icon=\"&#xf1c1;\"\n\t\tstyle=\"color: #dd3333\" \n\t\taria-hidden=\"true\"><\/span>\n\t\t\tABRIR\t\t<\/span>\n\t\t\t<\/a>\n\t<\/div>\n<\/div><\/div><\/div><\/div><\/div><\/div><\/div>\n","protected":false},"excerpt":{"rendered":"","protected":false},"author":1,"featured_media":0,"parent":93,"menu_order":0,"comment_status":"closed","ping_status":"closed","template":"","meta":{"footnotes":""},"class_list":["post-1194","page","type-page","status-publish","hentry"],"_links":{"self":[{"href":"https:\/\/acdct.es\/index.php\/wp-json\/wp\/v2\/pages\/1194","targetHints":{"allow":["GET"]}}],"collection":[{"href":"https:\/\/acdct.es\/index.php\/wp-json\/wp\/v2\/pages"}],"about":[{"href":"https:\/\/acdct.es\/index.php\/wp-json\/wp\/v2\/types\/page"}],"author":[{"embeddable":true,"href":"https:\/\/acdct.es\/index.php\/wp-json\/wp\/v2\/users\/1"}],"replies":[{"embeddable":true,"href":"https:\/\/acdct.es\/index.php\/wp-json\/wp\/v2\/comments?post=1194"}],"version-history":[{"count":16,"href":"https:\/\/acdct.es\/index.php\/wp-json\/wp\/v2\/pages\/1194\/revisions"}],"predecessor-version":[{"id":1246,"href":"https:\/\/acdct.es\/index.php\/wp-json\/wp\/v2\/pages\/1194\/revisions\/1246"}],"up":[{"embeddable":true,"href":"https:\/\/acdct.es\/index.php\/wp-json\/wp\/v2\/pages\/93"}],"wp:attachment":[{"href":"https:\/\/acdct.es\/index.php\/wp-json\/wp\/v2\/media?parent=1194"}],"curies":[{"name":"wp","href":"https:\/\/api.w.org\/{rel}","templated":true}]}}