{"id":132,"date":"2021-03-19T13:16:33","date_gmt":"2021-03-19T12:16:33","guid":{"rendered":"http:\/\/localhost\/wordpress\/?page_id=132"},"modified":"2021-09-07T16:45:59","modified_gmt":"2021-09-07T16:45:59","slug":"volumen-iii","status":"publish","type":"page","link":"https:\/\/acdct.es\/index.php\/anuario-corunes-acdct\/volumen-iii\/","title":{"rendered":"VOLUMEN III"},"content":{"rendered":"\n<div class=\"wp-block-group has-background\" style=\"background-color:#e2e4e4\"><div class=\"wp-block-group__inner-container is-layout-flow wp-block-group-is-layout-flow\"><div id=\"pl-gb132-69ee0d978c715\"  class=\"panel-layout\" ><div id=\"pg-gb132-69ee0d978c715-0\"  class=\"panel-grid panel-no-style\" ><div id=\"pgc-gb132-69ee0d978c715-0-0\"  class=\"panel-grid-cell\" ><div id=\"panel-gb132-69ee0d978c715-0-0-0\" class=\"so-panel widget widget_sow-image panel-first-child\" data-index=\"0\" ><div\n\t\t\t\n\t\t\tclass=\"so-widget-sow-image so-widget-sow-image-default-113ccd71f3e6-132\"\n\t\t\t\n\t\t>\n<div class=\"sow-image-container\">\n\t\t<img \n\tsrc=\"https:\/\/acdct.es\/wp-content\/uploads\/2021\/07\/ACDCT_III.jpg\" width=\"105\" height=\"150\" srcset=\"https:\/\/acdct.es\/wp-content\/uploads\/2021\/07\/ACDCT_III.jpg 662w, https:\/\/acdct.es\/wp-content\/uploads\/2021\/07\/ACDCT_III-210x300.jpg 210w\" sizes=\"(max-width: 105px) 100vw, 105px\" title=\"Anuario Coru\u00f1\u00e9s de Derecho Comparado del Trabajo. Volumen III. A\u00f1o 2011\" alt=\"\" \t\tclass=\"so-widget-image\"\/>\n\t<\/div>\n\n<h3 class=\"widget-title\">Anuario Coru\u00f1\u00e9s de Derecho Comparado del Trabajo. Volumen III. A\u00f1o 2011<\/h3><\/div><\/div><div id=\"panel-gb132-69ee0d978c715-0-0-1\" class=\"so-panel widget widget_sow-button\" data-index=\"1\" ><div\n\t\t\t\n\t\t\tclass=\"so-widget-sow-button so-widget-sow-button-atom-a4a7116f49f3-132\"\n\t\t\t\n\t\t><div class=\"ow-button-base ow-button-align-left\"\n>\n\t\t\t<a\n\t\t\t\t\thref=\"https:\/\/acdct.es\/wp-content\/uploads\/2021\/09\/ACDCT_III_Completo.pdf\"\n\t\t\t\t\tclass=\"sowb-button ow-icon-placement-left ow-button-hover\" target=\"_blank\" rel=\"noopener noreferrer\" \t>\n\t\t<span>\n\t\t\t<span class=\"sow-icon-fontawesome sow-far\" data-sow-icon=\"&#xf1c1;\"\n\t\tstyle=\"color: #dd3333\" \n\t\taria-hidden=\"true\"><\/span>\n\t\t\tTexto completo\t\t<\/span>\n\t\t\t<\/a>\n\t<\/div>\n<\/div><\/div><div id=\"panel-gb132-69ee0d978c715-0-0-2\" class=\"so-panel widget widget_sow-editor panel-last-child\" data-index=\"2\" ><div\n\t\t\t\n\t\t\tclass=\"so-widget-sow-editor so-widget-sow-editor-base\"\n\t\t\t\n\t\t>\n<div class=\"siteorigin-widget-tinymce textwidget\">\n\t<\/div>\n<\/div><\/div><\/div><\/div><\/div>\n\n<div id=\"pl-gb132-69ee0d97a68a6\"  class=\"panel-layout\" ><div id=\"pg-gb132-69ee0d97a68a6-0\"  class=\"panel-grid panel-no-style\" ><div id=\"pgc-gb132-69ee0d97a68a6-0-0\"  class=\"panel-grid-cell\" ><div id=\"panel-gb132-69ee0d97a68a6-0-0-0\" class=\"so-panel widget widget_sow-editor panel-first-child\" data-index=\"0\" ><div\n\t\t\t\n\t\t\tclass=\"so-widget-sow-editor so-widget-sow-editor-base\"\n\t\t\t\n\t\t><h3 class=\"widget-title\">\u00cdNDICE DE CONTENIDOS<\/h3>\n<div class=\"siteorigin-widget-tinymce textwidget\">\n\t<p><em>TABLE OF CONTENTS<\/em><\/p>\n<\/div>\n<\/div><\/div><div id=\"panel-gb132-69ee0d97a68a6-0-0-1\" class=\"so-panel widget widget_sow-editor panel-last-child\" data-index=\"1\" ><div\n\t\t\t\n\t\t\tclass=\"so-widget-sow-editor so-widget-sow-editor-base\"\n\t\t\t\n\t\t>\n<div class=\"siteorigin-widget-tinymce textwidget\">\n\t<\/div>\n<\/div><\/div><\/div><div id=\"pgc-gb132-69ee0d97a68a6-0-1\"  class=\"panel-grid-cell\" ><div id=\"panel-gb132-69ee0d97a68a6-0-1-0\" class=\"so-panel widget widget_sow-button panel-first-child panel-last-child\" data-index=\"2\" ><div\n\t\t\t\n\t\t\tclass=\"so-widget-sow-button so-widget-sow-button-atom-a4a7116f49f3-132\"\n\t\t\t\n\t\t><div class=\"ow-button-base ow-button-align-left\"\n>\n\t\t\t<a\n\t\t\t\t\thref=\"https:\/\/acdct.es\/wp-content\/uploads\/2021\/07\/Indice-de-Contenidos-ACDCT-III-2011-1.pdf\"\n\t\t\t\t\tclass=\"sowb-button ow-icon-placement-left ow-button-hover\" target=\"_blank\" rel=\"noopener noreferrer\" \t>\n\t\t<span>\n\t\t\t<span class=\"sow-icon-fontawesome sow-far\" data-sow-icon=\"&#xf1c1;\"\n\t\tstyle=\"color: #dd3333\" \n\t\taria-hidden=\"true\"><\/span>\n\t\t\tAbrir\t\t<\/span>\n\t\t\t<\/a>\n\t<\/div>\n<\/div><\/div><\/div><\/div><\/div>\n\n<div id=\"pl-gb132-69ee0d97a778b\"  class=\"panel-layout\" ><div id=\"pg-gb132-69ee0d97a778b-0\"  class=\"panel-grid panel-no-style\" ><div id=\"pgc-gb132-69ee0d97a778b-0-0\"  class=\"panel-grid-cell\" ><div id=\"panel-gb132-69ee0d97a778b-0-0-0\" class=\"so-panel widget widget_sow-editor panel-first-child\" data-index=\"0\" ><div\n\t\t\t\n\t\t\tclass=\"so-widget-sow-editor so-widget-sow-editor-base\"\n\t\t\t\n\t\t><h3 class=\"widget-title\">\u00cdNDICE DE AUTORES<\/h3>\n<div class=\"siteorigin-widget-tinymce textwidget\">\n\t<p><em>CONTRIBUTORS INDEX<\/em><\/p>\n<\/div>\n<\/div><\/div><div id=\"panel-gb132-69ee0d97a778b-0-0-1\" class=\"so-panel widget widget_sow-editor panel-last-child\" data-index=\"1\" ><div\n\t\t\t\n\t\t\tclass=\"so-widget-sow-editor so-widget-sow-editor-base\"\n\t\t\t\n\t\t>\n<div class=\"siteorigin-widget-tinymce textwidget\">\n\t<\/div>\n<\/div><\/div><\/div><div id=\"pgc-gb132-69ee0d97a778b-0-1\"  class=\"panel-grid-cell\" ><div id=\"panel-gb132-69ee0d97a778b-0-1-0\" class=\"so-panel widget widget_sow-button panel-first-child panel-last-child\" data-index=\"2\" ><div\n\t\t\t\n\t\t\tclass=\"so-widget-sow-button so-widget-sow-button-atom-a4a7116f49f3-132\"\n\t\t\t\n\t\t><div class=\"ow-button-base ow-button-align-left\"\n>\n\t\t\t<a\n\t\t\t\t\thref=\"https:\/\/acdct.es\/wp-content\/uploads\/2021\/07\/Indice-de-Autores-ACDCT-III-2011-2.pdf\"\n\t\t\t\t\tclass=\"sowb-button ow-icon-placement-left ow-button-hover\" target=\"_blank\" rel=\"noopener noreferrer\" \t>\n\t\t<span>\n\t\t\t<span class=\"sow-icon-fontawesome sow-far\" data-sow-icon=\"&#xf1c1;\"\n\t\tstyle=\"color: #dd3333\" \n\t\taria-hidden=\"true\"><\/span>\n\t\t\tAbrir\t\t<\/span>\n\t\t\t<\/a>\n\t<\/div>\n<\/div><\/div><\/div><\/div><\/div>\n\n<div id=\"pl-gb132-69ee0d97a8ea5\"  class=\"panel-layout\" ><div id=\"pg-gb132-69ee0d97a8ea5-0\"  class=\"panel-grid panel-no-style\" ><div id=\"pgc-gb132-69ee0d97a8ea5-0-0\"  class=\"panel-grid-cell\" ><div id=\"panel-gb132-69ee0d97a8ea5-0-0-0\" class=\"so-panel widget widget_sow-editor panel-first-child panel-last-child\" data-index=\"0\" ><div\n\t\t\t\n\t\t\tclass=\"so-widget-sow-editor so-widget-sow-editor-base\"\n\t\t\t\n\t\t><h3 class=\"widget-title\">ESTUDIOS<\/h3>\n<div class=\"siteorigin-widget-tinymce textwidget\">\n\t<p><em>RESEARCHES<\/em><\/p>\n<\/div>\n<\/div><\/div><\/div><\/div><div id=\"pg-gb132-69ee0d97a8ea5-1\"  class=\"panel-grid panel-no-style\" ><div id=\"pgc-gb132-69ee0d97a8ea5-1-0\"  class=\"panel-grid-cell\" ><div id=\"panel-gb132-69ee0d97a8ea5-1-0-0\" class=\"so-panel widget widget_sow-editor panel-first-child panel-last-child\" data-index=\"1\" ><div\n\t\t\t\n\t\t\tclass=\"so-widget-sow-editor so-widget-sow-editor-base\"\n\t\t\t\n\t\t><h3 class=\"widget-title\">La posici\u00f3n del Juez-Presidente Roberts en los casos \u00ablaborales\u00bb decididos por la Corte Suprema de los Estados Unidos (2005-2010) <\/h3>\n<div class=\"siteorigin-widget-tinymce textwidget\">\n\t<p><em>The position of\u00a0 Chief Justice Roberts in the \u00ablabor\u00bb cases adjudged by the Supreme Court of the United States (2005-2010)\u00a0<\/em><\/p>\n<p>Alberto Arufe Varela<\/p>\n<\/div>\n<\/div><\/div><\/div><div id=\"pgc-gb132-69ee0d97a8ea5-1-1\"  class=\"panel-grid-cell\" ><div id=\"panel-gb132-69ee0d97a8ea5-1-1-0\" class=\"so-panel widget widget_sow-button panel-first-child panel-last-child\" data-index=\"2\" ><div\n\t\t\t\n\t\t\tclass=\"so-widget-sow-button so-widget-sow-button-atom-a4a7116f49f3-132\"\n\t\t\t\n\t\t><div class=\"ow-button-base ow-button-align-left\"\n>\n\t\t\t<a\n\t\t\t\t\thref=\"https:\/\/acdct.es\/wp-content\/uploads\/2021\/07\/Arufe-ACDCT-III-2011-3.pdf\"\n\t\t\t\t\tclass=\"sowb-button ow-icon-placement-left ow-button-hover\" target=\"_blank\" rel=\"noopener noreferrer\" \t>\n\t\t<span>\n\t\t\t<span class=\"sow-icon-fontawesome sow-far\" data-sow-icon=\"&#xf1c1;\"\n\t\tstyle=\"color: #dd3333\" \n\t\taria-hidden=\"true\"><\/span>\n\t\t\tAbrir\t\t<\/span>\n\t\t\t<\/a>\n\t<\/div>\n<\/div><\/div><\/div><\/div><div id=\"pg-gb132-69ee0d97a8ea5-2\"  class=\"panel-grid panel-no-style\" ><div id=\"pgc-gb132-69ee0d97a8ea5-2-0\"  class=\"panel-grid-cell\" ><div id=\"panel-gb132-69ee0d97a8ea5-2-0-0\" class=\"so-panel widget widget_sow-editor panel-first-child panel-last-child\" data-index=\"3\" ><div\n\t\t\t\n\t\t\tclass=\"so-widget-sow-editor so-widget-sow-editor-base\"\n\t\t\t\n\t\t><h3 class=\"widget-title\">Las peque\u00f1as empresas en Derecho franc\u00e9s<\/h3>\n<div class=\"siteorigin-widget-tinymce textwidget\">\n\t<p><i>The small enterprises in French Labor Law<\/i><\/p>\n<p>Patrick R\u00e9my y Consuelo Ferreiro Regueiro<\/p>\n<\/div>\n<\/div><\/div><\/div><div id=\"pgc-gb132-69ee0d97a8ea5-2-1\"  class=\"panel-grid-cell\" ><div id=\"panel-gb132-69ee0d97a8ea5-2-1-0\" class=\"so-panel widget widget_sow-button panel-first-child panel-last-child\" data-index=\"4\" ><div\n\t\t\t\n\t\t\tclass=\"so-widget-sow-button so-widget-sow-button-atom-a4a7116f49f3-132\"\n\t\t\t\n\t\t><div class=\"ow-button-base ow-button-align-left\"\n>\n\t\t\t<a\n\t\t\t\t\thref=\"https:\/\/acdct.es\/wp-content\/uploads\/2021\/07\/Remy-Ferreiro-ACDCT-III-2011-4.pdf\"\n\t\t\t\t\tclass=\"sowb-button ow-icon-placement-left ow-button-hover\" target=\"_blank\" rel=\"noopener noreferrer\" \t>\n\t\t<span>\n\t\t\t<span class=\"sow-icon-fontawesome sow-far\" data-sow-icon=\"&#xf1c1;\"\n\t\tstyle=\"color: #dd3333\" \n\t\taria-hidden=\"true\"><\/span>\n\t\t\tAbrir\t\t<\/span>\n\t\t\t<\/a>\n\t<\/div>\n<\/div><\/div><\/div><\/div><div id=\"pg-gb132-69ee0d97a8ea5-3\"  class=\"panel-grid panel-no-style\" ><div id=\"pgc-gb132-69ee0d97a8ea5-3-0\"  class=\"panel-grid-cell\" ><div id=\"panel-gb132-69ee0d97a8ea5-3-0-0\" class=\"so-panel widget widget_sow-editor panel-first-child panel-last-child\" data-index=\"5\" ><div\n\t\t\t\n\t\t\tclass=\"so-widget-sow-editor so-widget-sow-editor-base\"\n\t\t\t\n\t\t><h3 class=\"widget-title\">El Cap\u00edtulo V del T\u00edtulo II del C\u00f3digo de Trabajo de Ruman\u00eda, sobre la extinci\u00f3n del contrato de trabajo. Estudio contextualizador y comparado con el Derecho espa\u00f1ol, y traducci\u00f3n castellana<\/h3>\n<div class=\"siteorigin-widget-tinymce textwidget\">\n\t<p><em>Chapter V of Title II of the Rumanian Labor Code. A comparative study in context with the Spanish Law, and translation into castilian<\/em><\/p>\n<p>Oana Dariana Lazarescu<\/p>\n<\/div>\n<\/div><\/div><\/div><div id=\"pgc-gb132-69ee0d97a8ea5-3-1\"  class=\"panel-grid-cell\" ><div id=\"panel-gb132-69ee0d97a8ea5-3-1-0\" class=\"so-panel widget widget_sow-button panel-first-child panel-last-child\" data-index=\"6\" ><div\n\t\t\t\n\t\t\tclass=\"so-widget-sow-button so-widget-sow-button-atom-a4a7116f49f3-132\"\n\t\t\t\n\t\t><div class=\"ow-button-base ow-button-align-left\"\n>\n\t\t\t<a\n\t\t\t\t\thref=\"https:\/\/acdct.es\/wp-content\/uploads\/2021\/07\/Goni-ACDCT-II-2010-5.pdf\"\n\t\t\t\t\tclass=\"sowb-button ow-icon-placement-left ow-button-hover\" target=\"_blank\" rel=\"noopener noreferrer\" \t>\n\t\t<span>\n\t\t\t<span class=\"sow-icon-fontawesome sow-far\" data-sow-icon=\"&#xf1c1;\"\n\t\tstyle=\"color: #dd3333\" \n\t\taria-hidden=\"true\"><\/span>\n\t\t\tAbrir\t\t<\/span>\n\t\t\t<\/a>\n\t<\/div>\n<\/div><\/div><\/div><\/div><div id=\"pg-gb132-69ee0d97a8ea5-4\"  class=\"panel-grid panel-no-style\" ><div id=\"pgc-gb132-69ee0d97a8ea5-4-0\"  class=\"panel-grid-cell\" ><div id=\"panel-gb132-69ee0d97a8ea5-4-0-0\" class=\"so-panel widget widget_sow-editor panel-first-child panel-last-child\" data-index=\"7\" ><div\n\t\t\t\n\t\t\tclass=\"so-widget-sow-editor so-widget-sow-editor-base\"\n\t\t\t\n\t\t><h3 class=\"widget-title\">Las estructuras normativas del Derecho austr\u00edaco del Trabajo y de la Seguridad Social. Estudio comparado con el Derecho alem\u00e1n<\/h3>\n<div class=\"siteorigin-widget-tinymce textwidget\">\n\t<p><em>The normative structures of Austrian Labor and Social Security Law. A comparative study with the German Law<\/em><\/p>\n<p>Jes\u00fas Mart\u00ednez Gir\u00f3n<\/p>\n<\/div>\n<\/div><\/div><\/div><div id=\"pgc-gb132-69ee0d97a8ea5-4-1\"  class=\"panel-grid-cell\" ><div id=\"panel-gb132-69ee0d97a8ea5-4-1-0\" class=\"so-panel widget widget_sow-button panel-first-child panel-last-child\" data-index=\"8\" ><div\n\t\t\t\n\t\t\tclass=\"so-widget-sow-button so-widget-sow-button-atom-a4a7116f49f3-132\"\n\t\t\t\n\t\t><div class=\"ow-button-base ow-button-align-left\"\n>\n\t\t\t<a\n\t\t\t\t\thref=\"https:\/\/acdct.es\/wp-content\/uploads\/2021\/07\/Giron-ACDCT-III-2011-7.pdf\"\n\t\t\t\t\tclass=\"sowb-button ow-icon-placement-left ow-button-hover\" target=\"_blank\" rel=\"noopener noreferrer\" \t>\n\t\t<span>\n\t\t\t<span class=\"sow-icon-fontawesome sow-far\" data-sow-icon=\"&#xf1c1;\"\n\t\tstyle=\"color: #dd3333\" \n\t\taria-hidden=\"true\"><\/span>\n\t\t\tAbrir\t\t<\/span>\n\t\t\t<\/a>\n\t<\/div>\n<\/div><\/div><\/div><\/div><div id=\"pg-gb132-69ee0d97a8ea5-5\"  class=\"panel-grid panel-no-style\" ><div id=\"pgc-gb132-69ee0d97a8ea5-5-0\"  class=\"panel-grid-cell\" ><div id=\"panel-gb132-69ee0d97a8ea5-5-0-0\" class=\"so-panel widget widget_sow-editor panel-first-child panel-last-child\" data-index=\"9\" ><div\n\t\t\t\n\t\t\tclass=\"so-widget-sow-editor so-widget-sow-editor-base\"\n\t\t\t\n\t\t><h3 class=\"widget-title\">Conciliaci\u00f3n de la vida personal y familiar con la vida laboral en la Ley del Trabajo portuguesa<\/h3>\n<div class=\"siteorigin-widget-tinymce textwidget\">\n\t<p><em>Reconciliation between personal and family life and labor life in Portuguese Labor Law<\/em><\/p>\n<p>Antonio Monteiro Fernandes<\/p>\n<\/div>\n<\/div><\/div><\/div><div id=\"pgc-gb132-69ee0d97a8ea5-5-1\"  class=\"panel-grid-cell\" ><div id=\"panel-gb132-69ee0d97a8ea5-5-1-0\" class=\"so-panel widget widget_sow-button panel-first-child panel-last-child\" data-index=\"10\" ><div\n\t\t\t\n\t\t\tclass=\"so-widget-sow-button so-widget-sow-button-atom-a4a7116f49f3-132\"\n\t\t\t\n\t\t><div class=\"ow-button-base ow-button-align-left\"\n>\n\t\t\t<a\n\t\t\t\t\thref=\"https:\/\/acdct.es\/wp-content\/uploads\/2021\/07\/Monteiro-ACDCT-III-2011-8.pdf\"\n\t\t\t\t\tclass=\"sowb-button ow-icon-placement-left ow-button-hover\" target=\"_blank\" rel=\"noopener noreferrer\" \t>\n\t\t<span>\n\t\t\t<span class=\"sow-icon-fontawesome sow-far\" data-sow-icon=\"&#xf1c1;\"\n\t\tstyle=\"color: #dd3333\" \n\t\taria-hidden=\"true\"><\/span>\n\t\t\tAbrir\t\t<\/span>\n\t\t\t<\/a>\n\t<\/div>\n<\/div><\/div><\/div><\/div><div id=\"pg-gb132-69ee0d97a8ea5-6\"  class=\"panel-grid panel-no-style\" ><div id=\"pgc-gb132-69ee0d97a8ea5-6-0\"  class=\"panel-grid-cell\" ><div id=\"panel-gb132-69ee0d97a8ea5-6-0-0\" class=\"so-panel widget widget_sow-editor panel-first-child panel-last-child\" data-index=\"11\" ><div\n\t\t\t\n\t\t\tclass=\"so-widget-sow-editor so-widget-sow-editor-base\"\n\t\t\t\n\t\t><h3 class=\"widget-title\">La viabilidad futura del sistema espa\u00f1ol de pensiones. Consideraciones a la luz del Derecho comparado<\/h3>\n<div class=\"siteorigin-widget-tinymce textwidget\">\n\t<p><i>The future viability of the Spanish pensions system. Considerations in the light of comparative Law<\/i><\/p>\n<p>Jes\u00fas Palmou Lorenzo<\/p>\n<\/div>\n<\/div><\/div><\/div><div id=\"pgc-gb132-69ee0d97a8ea5-6-1\"  class=\"panel-grid-cell\" ><div id=\"panel-gb132-69ee0d97a8ea5-6-1-0\" class=\"so-panel widget widget_sow-button panel-first-child panel-last-child\" data-index=\"12\" ><div\n\t\t\t\n\t\t\tclass=\"so-widget-sow-button so-widget-sow-button-atom-a4a7116f49f3-132\"\n\t\t\t\n\t\t><div class=\"ow-button-base ow-button-align-left\"\n>\n\t\t\t<a\n\t\t\t\t\thref=\"https:\/\/acdct.es\/wp-content\/uploads\/2021\/07\/Palmou-ACDCT-III-2011-9.pdf\"\n\t\t\t\t\tclass=\"sowb-button ow-icon-placement-left ow-button-hover\" target=\"_blank\" rel=\"noopener noreferrer\" \t>\n\t\t<span>\n\t\t\t<span class=\"sow-icon-fontawesome sow-far\" data-sow-icon=\"&#xf1c1;\"\n\t\tstyle=\"color: #dd3333\" \n\t\taria-hidden=\"true\"><\/span>\n\t\t\tAbrir\t\t<\/span>\n\t\t\t<\/a>\n\t<\/div>\n<\/div><\/div><\/div><\/div><div id=\"pg-gb132-69ee0d97a8ea5-7\"  class=\"panel-grid panel-no-style\" ><div id=\"pgc-gb132-69ee0d97a8ea5-7-0\"  class=\"panel-grid-cell\" ><div id=\"panel-gb132-69ee0d97a8ea5-7-0-0\" class=\"so-panel widget widget_sow-editor panel-first-child panel-last-child\" data-index=\"13\" ><div\n\t\t\t\n\t\t\tclass=\"so-widget-sow-editor so-widget-sow-editor-base\"\n\t\t\t\n\t\t><h3 class=\"widget-title\">La protecci\u00f3n del trabajador frente al despido en el Derecho alem\u00e1n<\/h3>\n<div class=\"siteorigin-widget-tinymce textwidget\">\n\t<p><em>The worker\u00b4s protection against dismissal in German Law<\/em><\/p>\n<p>Teresa Velasco Portero y Martin Fr\u00f6lich<\/p>\n<\/div>\n<\/div><\/div><\/div><div id=\"pgc-gb132-69ee0d97a8ea5-7-1\"  class=\"panel-grid-cell\" ><div id=\"panel-gb132-69ee0d97a8ea5-7-1-0\" class=\"so-panel widget widget_sow-button panel-first-child panel-last-child\" data-index=\"14\" ><div\n\t\t\t\n\t\t\tclass=\"so-widget-sow-button so-widget-sow-button-atom-a4a7116f49f3-132\"\n\t\t\t\n\t\t><div class=\"ow-button-base ow-button-align-left\"\n>\n\t\t\t<a\n\t\t\t\t\thref=\"https:\/\/acdct.es\/wp-content\/uploads\/2021\/07\/Velasco-Frolich-ACDCT-III-2011-10.pdf\"\n\t\t\t\t\tclass=\"sowb-button ow-icon-placement-left ow-button-hover\" target=\"_blank\" rel=\"noopener noreferrer\" \t>\n\t\t<span>\n\t\t\t<span class=\"sow-icon-fontawesome sow-far\" data-sow-icon=\"&#xf1c1;\"\n\t\tstyle=\"color: #dd3333\" \n\t\taria-hidden=\"true\"><\/span>\n\t\t\tAbrir\t\t<\/span>\n\t\t\t<\/a>\n\t<\/div>\n<\/div><\/div><\/div><\/div><div id=\"pg-gb132-69ee0d97a8ea5-8\"  class=\"panel-grid panel-no-style\" ><div id=\"pgc-gb132-69ee0d97a8ea5-8-0\"  class=\"panel-grid-cell\" ><div id=\"panel-gb132-69ee0d97a8ea5-8-0-0\" class=\"so-panel widget widget_sow-editor panel-first-child panel-last-child\" data-index=\"15\" ><div\n\t\t\t\n\t\t\tclass=\"so-widget-sow-editor so-widget-sow-editor-base\"\n\t\t\t\n\t\t>\n<div class=\"siteorigin-widget-tinymce textwidget\">\n\t<\/div>\n<\/div><\/div><\/div><\/div><\/div>\n\n<div id=\"pl-gb132-69ee0d97ac1c6\"  class=\"panel-layout\" ><div id=\"pg-gb132-69ee0d97ac1c6-0\"  class=\"panel-grid panel-no-style\" ><div id=\"pgc-gb132-69ee0d97ac1c6-0-0\"  class=\"panel-grid-cell\" ><div id=\"panel-gb132-69ee0d97ac1c6-0-0-0\" class=\"so-panel widget widget_sow-editor panel-first-child panel-last-child\" data-index=\"0\" ><div\n\t\t\t\n\t\t\tclass=\"so-widget-sow-editor so-widget-sow-editor-base\"\n\t\t\t\n\t\t><h3 class=\"widget-title\">RECENSIONES DE LIBROS<\/h3>\n<div class=\"siteorigin-widget-tinymce textwidget\">\n\t<p><em>BOOK REVIEW<\/em><\/p>\n<\/div>\n<\/div><\/div><\/div><\/div><div id=\"pg-gb132-69ee0d97ac1c6-1\"  class=\"panel-grid panel-no-style\" ><div id=\"pgc-gb132-69ee0d97ac1c6-1-0\"  class=\"panel-grid-cell\" ><div id=\"panel-gb132-69ee0d97ac1c6-1-0-0\" class=\"so-panel widget widget_sow-editor panel-first-child panel-last-child\" data-index=\"1\" ><div\n\t\t\t\n\t\t\tclass=\"so-widget-sow-editor so-widget-sow-editor-base\"\n\t\t\t\n\t\t><h3 class=\"widget-title\">Recensi\u00f3n a cargo de Alberto Arufe Varela<\/h3>\n<div class=\"siteorigin-widget-tinymce textwidget\">\n\t<p>J. GARC\u00cdA MURCIA (Cuidador de edici\u00f3n), Derecho del Trabajo. Curso acad\u00e9mico 1958\/1959, seg\u00fan los apuntes tomados por el alumno DON FERM\u00cdN RODR\u00cdGUEZ-SA\u00d1UDO GUTI\u00c9RREZ de las explicaciones de DON MANUEL ALONSO OLEA, KRK ediciones (Oviedo, 2010), 318 p\u00e1gs.<\/p>\n<\/div>\n<\/div><\/div><\/div><div id=\"pgc-gb132-69ee0d97ac1c6-1-1\"  class=\"panel-grid-cell\" ><div id=\"panel-gb132-69ee0d97ac1c6-1-1-0\" class=\"so-panel widget widget_sow-button panel-first-child panel-last-child\" data-index=\"2\" ><div\n\t\t\t\n\t\t\tclass=\"so-widget-sow-button so-widget-sow-button-atom-a4a7116f49f3-132\"\n\t\t\t\n\t\t><div class=\"ow-button-base ow-button-align-left\"\n>\n\t\t\t<a\n\t\t\t\t\thref=\"https:\/\/acdct.es\/wp-content\/uploads\/2021\/07\/Arufe-Garcia-Murcia-ACDCT-III-2011-11.pdf\"\n\t\t\t\t\tclass=\"sowb-button ow-icon-placement-left ow-button-hover\" target=\"_blank\" rel=\"noopener noreferrer\" \t>\n\t\t<span>\n\t\t\t<span class=\"sow-icon-fontawesome sow-far\" data-sow-icon=\"&#xf1c1;\"\n\t\tstyle=\"color: #dd3333\" \n\t\taria-hidden=\"true\"><\/span>\n\t\t\tAbrir\t\t<\/span>\n\t\t\t<\/a>\n\t<\/div>\n<\/div><\/div><\/div><\/div><div id=\"pg-gb132-69ee0d97ac1c6-2\"  class=\"panel-grid panel-no-style\" ><div id=\"pgc-gb132-69ee0d97ac1c6-2-0\"  class=\"panel-grid-cell\" ><div id=\"panel-gb132-69ee0d97ac1c6-2-0-0\" class=\"so-panel widget widget_sow-editor panel-first-child panel-last-child\" data-index=\"3\" ><div\n\t\t\t\n\t\t\tclass=\"so-widget-sow-editor so-widget-sow-editor-base\"\n\t\t\t\n\t\t><h3 class=\"widget-title\">Recensi\u00f3n a cargo de Luis Fernando de Castro Mejuto <\/h3>\n<div class=\"siteorigin-widget-tinymce textwidget\">\n\t<p>A. OJEDA AVIL\u00c9S , La deconstrucci\u00f3n del Derecho del Trabajo, La Ley\/Wolkers Kluwer (Madrid, 2010), 679 p\u00e1gs.<\/p>\n<\/div>\n<\/div><\/div><\/div><div id=\"pgc-gb132-69ee0d97ac1c6-2-1\"  class=\"panel-grid-cell\" ><div id=\"panel-gb132-69ee0d97ac1c6-2-1-0\" class=\"so-panel widget widget_sow-button panel-first-child panel-last-child\" data-index=\"4\" ><div\n\t\t\t\n\t\t\tclass=\"so-widget-sow-button so-widget-sow-button-atom-a4a7116f49f3-132\"\n\t\t\t\n\t\t><div class=\"ow-button-base ow-button-align-left\"\n>\n\t\t\t<a\n\t\t\t\t\thref=\"https:\/\/acdct.es\/wp-content\/uploads\/2021\/07\/De-Castro-Ojeda-ACDCT-III-2011-12.pdf\"\n\t\t\t\t\tclass=\"sowb-button ow-icon-placement-left ow-button-hover\" target=\"_blank\" rel=\"noopener noreferrer\" \t>\n\t\t<span>\n\t\t\t<span class=\"sow-icon-fontawesome sow-far\" data-sow-icon=\"&#xf1c1;\"\n\t\tstyle=\"color: #dd3333\" \n\t\taria-hidden=\"true\"><\/span>\n\t\t\tAbrir\t\t<\/span>\n\t\t\t<\/a>\n\t<\/div>\n<\/div><\/div><\/div><\/div><div id=\"pg-gb132-69ee0d97ac1c6-3\"  class=\"panel-grid panel-no-style\" ><div id=\"pgc-gb132-69ee0d97ac1c6-3-0\"  class=\"panel-grid-cell\" ><div id=\"panel-gb132-69ee0d97ac1c6-3-0-0\" class=\"so-panel widget widget_sow-editor panel-first-child panel-last-child\" data-index=\"5\" ><div\n\t\t\t\n\t\t\tclass=\"so-widget-sow-editor so-widget-sow-editor-base\"\n\t\t\t\n\t\t><h3 class=\"widget-title\">Recensi\u00f3n a cargo de Jes\u00fas Mart\u00ednez Gir\u00f3n<\/h3>\n<div class=\"siteorigin-widget-tinymce textwidget\">\n\t<p>A. MONTOYA MELGAR, Derecho del Trabajo, 31\u00aa ed., Tecnos (Madrid, 2010), 835 p\u00e1gs.<\/p>\n<\/div>\n<\/div><\/div><\/div><div id=\"pgc-gb132-69ee0d97ac1c6-3-1\"  class=\"panel-grid-cell\" ><div id=\"panel-gb132-69ee0d97ac1c6-3-1-0\" class=\"so-panel widget widget_sow-button panel-first-child panel-last-child\" data-index=\"6\" ><div\n\t\t\t\n\t\t\tclass=\"so-widget-sow-button so-widget-sow-button-atom-a4a7116f49f3-132\"\n\t\t\t\n\t\t><div class=\"ow-button-base ow-button-align-left\"\n>\n\t\t\t<a\n\t\t\t\t\thref=\"https:\/\/acdct.es\/wp-content\/uploads\/2021\/07\/Giron-Montoya-ACDCT-III-2011-13.pdf\"\n\t\t\t\t\tclass=\"sowb-button ow-icon-placement-left ow-button-hover\" target=\"_blank\" rel=\"noopener noreferrer\" \t>\n\t\t<span>\n\t\t\t<span class=\"sow-icon-fontawesome sow-far\" data-sow-icon=\"&#xf1c1;\"\n\t\tstyle=\"color: #dd3333\" \n\t\taria-hidden=\"true\"><\/span>\n\t\t\tAbrir\t\t<\/span>\n\t\t\t<\/a>\n\t<\/div>\n<\/div><\/div><\/div><\/div><div id=\"pg-gb132-69ee0d97ac1c6-4\"  class=\"panel-grid panel-no-style\" ><div id=\"pgc-gb132-69ee0d97ac1c6-4-0\"  class=\"panel-grid-cell\" ><div id=\"panel-gb132-69ee0d97ac1c6-4-0-0\" class=\"so-panel widget widget_sow-editor panel-first-child panel-last-child\" data-index=\"7\" ><div\n\t\t\t\n\t\t\tclass=\"so-widget-sow-editor so-widget-sow-editor-base\"\n\t\t\t\n\t\t><h3 class=\"widget-title\">Recensi\u00f3n a cargo de Rosa M\u00aa Rodr\u00edguez Mart\u00edn-Retortillo<\/h3>\n<div class=\"siteorigin-widget-tinymce textwidget\">\n\t<p>P. PI C, Estudio cr\u00edtico de la Ley de Accidentes de Trabajo francesa de 9 de abril de 1898. Estudio preliminar y traducci\u00f3n Ic\u00edar Alzaga Ruiz. Editorial Centro de Estudios Ram\u00f3n Areces, S.A. (Madrid, 2002), 126 p\u00e1gs.<\/p>\n<\/div>\n<\/div><\/div><\/div><div id=\"pgc-gb132-69ee0d97ac1c6-4-1\"  class=\"panel-grid-cell\" ><div id=\"panel-gb132-69ee0d97ac1c6-4-1-0\" class=\"so-panel widget widget_sow-button panel-first-child panel-last-child\" data-index=\"8\" ><div\n\t\t\t\n\t\t\tclass=\"so-widget-sow-button so-widget-sow-button-atom-a4a7116f49f3-132\"\n\t\t\t\n\t\t><div class=\"ow-button-base ow-button-align-left\"\n>\n\t\t\t<a\n\t\t\t\t\thref=\"https:\/\/acdct.es\/wp-content\/uploads\/2021\/07\/Rodriguez-Pic-ACDCT-III-2011-14.pdf\"\n\t\t\t\t\tclass=\"sowb-button ow-icon-placement-left ow-button-hover\" target=\"_blank\" rel=\"noopener noreferrer\" \t>\n\t\t<span>\n\t\t\t<span class=\"sow-icon-fontawesome sow-far\" data-sow-icon=\"&#xf1c1;\"\n\t\tstyle=\"color: #dd3333\" \n\t\taria-hidden=\"true\"><\/span>\n\t\t\tAbrir\t\t<\/span>\n\t\t\t<\/a>\n\t<\/div>\n<\/div><\/div><\/div><\/div><div id=\"pg-gb132-69ee0d97ac1c6-5\"  class=\"panel-grid panel-no-style\" ><div id=\"pgc-gb132-69ee0d97ac1c6-5-0\"  class=\"panel-grid-cell\" ><div id=\"panel-gb132-69ee0d97ac1c6-5-0-0\" class=\"so-panel widget widget_sow-editor panel-first-child panel-last-child\" data-index=\"9\" ><div\n\t\t\t\n\t\t\tclass=\"so-widget-sow-editor so-widget-sow-editor-base\"\n\t\t\t\n\t\t><h3 class=\"widget-title\">Recensi\u00f3n a cargo de Iv\u00e1n Vizca\u00edno Ramos<\/h3>\n<div class=\"siteorigin-widget-tinymce textwidget\">\n\t<p>M. J. MITTEN , T. DAVIS, R. K. SMITH y R. C. BERR Y, Sports Law and Regulation. Cases, Materials and Problems, 2\u00aa ed., Wolters Kluwer (Nueva York, 2009), 1119 p\u00e1gs.<\/p>\n<\/div>\n<\/div><\/div><\/div><div id=\"pgc-gb132-69ee0d97ac1c6-5-1\"  class=\"panel-grid-cell\" ><div id=\"panel-gb132-69ee0d97ac1c6-5-1-0\" class=\"so-panel widget widget_sow-button panel-first-child panel-last-child\" data-index=\"10\" ><div\n\t\t\t\n\t\t\tclass=\"so-widget-sow-button so-widget-sow-button-atom-a4a7116f49f3-132\"\n\t\t\t\n\t\t><div class=\"ow-button-base ow-button-align-left\"\n>\n\t\t\t<a\n\t\t\t\t\thref=\"https:\/\/acdct.es\/wp-content\/uploads\/2021\/07\/Vizcaino-Mitten-Davis-Smith-Berry-ACDCT-III-2011-15.pdf\"\n\t\t\t\t\tclass=\"sowb-button ow-icon-placement-left ow-button-hover\" target=\"_blank\" rel=\"noopener noreferrer\" \t>\n\t\t<span>\n\t\t\t<span class=\"sow-icon-fontawesome sow-far\" data-sow-icon=\"&#xf1c1;\"\n\t\tstyle=\"color: #dd3333\" \n\t\taria-hidden=\"true\"><\/span>\n\t\t\tAbrir\t\t<\/span>\n\t\t\t<\/a>\n\t<\/div>\n<\/div><\/div><\/div><\/div><div id=\"pg-gb132-69ee0d97ac1c6-6\"  class=\"panel-grid panel-no-style\" ><div id=\"pgc-gb132-69ee0d97ac1c6-6-0\"  class=\"panel-grid-cell\" ><div id=\"panel-gb132-69ee0d97ac1c6-6-0-0\" class=\"so-panel widget widget_sow-editor panel-first-child panel-last-child\" data-index=\"11\" ><div\n\t\t\t\n\t\t\tclass=\"so-widget-sow-editor so-widget-sow-editor-base\"\n\t\t\t\n\t\t>\n<div class=\"siteorigin-widget-tinymce textwidget\">\n\t<\/div>\n<\/div><\/div><\/div><\/div><\/div>\n\n<div id=\"pl-gb132-69ee0d97ae197\"  class=\"panel-layout\" ><div id=\"pg-gb132-69ee0d97ae197-0\"  class=\"panel-grid panel-no-style\" ><div id=\"pgc-gb132-69ee0d97ae197-0-0\"  class=\"panel-grid-cell\" ><div id=\"panel-gb132-69ee0d97ae197-0-0-0\" class=\"so-panel widget widget_sow-editor panel-first-child\" data-index=\"0\" ><div\n\t\t\t\n\t\t\tclass=\"so-widget-sow-editor so-widget-sow-editor-base\"\n\t\t\t\n\t\t><h3 class=\"widget-title\">REVISTA DE REVISTAS<\/h3>\n<div class=\"siteorigin-widget-tinymce textwidget\">\n\t<p><em>REVIEW OF REVIEWS<\/em><\/p>\n<\/div>\n<\/div><\/div><div id=\"panel-gb132-69ee0d97ae197-0-0-1\" class=\"so-panel widget widget_sow-editor panel-last-child\" data-index=\"1\" ><div\n\t\t\t\n\t\t\tclass=\"so-widget-sow-editor so-widget-sow-editor-base\"\n\t\t\t\n\t\t>\n<div class=\"siteorigin-widget-tinymce textwidget\">\n\t<\/div>\n<\/div><\/div><\/div><div id=\"pgc-gb132-69ee0d97ae197-0-1\"  class=\"panel-grid-cell\" ><div id=\"panel-gb132-69ee0d97ae197-0-1-0\" class=\"so-panel widget widget_sow-button panel-first-child panel-last-child\" data-index=\"2\" ><div\n\t\t\t\n\t\t\tclass=\"so-widget-sow-button so-widget-sow-button-atom-a4a7116f49f3-132\"\n\t\t\t\n\t\t><div class=\"ow-button-base ow-button-align-left\"\n>\n\t\t\t<a\n\t\t\t\t\thref=\"https:\/\/acdct.es\/wp-content\/uploads\/2021\/07\/Revista-de-Revistas-ACDCT-III-2011-16.pdf\"\n\t\t\t\t\tclass=\"sowb-button ow-icon-placement-left ow-button-hover\" target=\"_blank\" rel=\"noopener noreferrer\" \t>\n\t\t<span>\n\t\t\t<span class=\"sow-icon-fontawesome sow-far\" data-sow-icon=\"&#xf1c1;\"\n\t\tstyle=\"color: #dd3333\" \n\t\taria-hidden=\"true\"><\/span>\n\t\t\tAbrir\t\t<\/span>\n\t\t\t<\/a>\n\t<\/div>\n<\/div><\/div><\/div><\/div><\/div>\n\n<div id=\"pl-gb132-69ee0d97ae9ec\"  class=\"panel-layout\" ><div id=\"pg-gb132-69ee0d97ae9ec-0\"  class=\"panel-grid panel-no-style\" ><div id=\"pgc-gb132-69ee0d97ae9ec-0-0\"  class=\"panel-grid-cell\" ><div id=\"panel-gb132-69ee0d97ae9ec-0-0-0\" class=\"so-panel widget widget_sow-editor panel-first-child panel-last-child\" data-index=\"0\" ><div\n\t\t\t\n\t\t\tclass=\"so-widget-sow-editor so-widget-sow-editor-base\"\n\t\t\t\n\t\t><h3 class=\"widget-title\">ACTIVIDADES DEL INSTITUTO DE INVESTIGACI\u00d3N<\/h3>\n<div class=\"siteorigin-widget-tinymce textwidget\">\n\t<p><em>ACTIVITIES OF THE RESEARCH INSTITUTE<\/em><\/p>\n<\/div>\n<\/div><\/div><\/div><div id=\"pgc-gb132-69ee0d97ae9ec-0-1\"  class=\"panel-grid-cell\" ><div id=\"panel-gb132-69ee0d97ae9ec-0-1-0\" class=\"so-panel widget widget_sow-button panel-first-child panel-last-child\" data-index=\"1\" ><div\n\t\t\t\n\t\t\tclass=\"so-widget-sow-button so-widget-sow-button-atom-a4a7116f49f3-132\"\n\t\t\t\n\t\t><div class=\"ow-button-base ow-button-align-left\"\n>\n\t\t\t<a\n\t\t\t\t\thref=\"https:\/\/acdct.es\/wp-content\/uploads\/2021\/07\/Actividades-ACDCT-III-2011-17.pdf\"\n\t\t\t\t\tclass=\"sowb-button ow-icon-placement-left ow-button-hover\" target=\"_blank\" rel=\"noopener noreferrer\" \t>\n\t\t<span>\n\t\t\t<span class=\"sow-icon-fontawesome sow-far\" data-sow-icon=\"&#xf1c1;\"\n\t\tstyle=\"color: #dd3333\" \n\t\taria-hidden=\"true\"><\/span>\n\t\t\tAbrir\t\t<\/span>\n\t\t\t<\/a>\n\t<\/div>\n<\/div><\/div><\/div><\/div><\/div>\n\n\n<p><\/p>\n<\/div><\/div>\n","protected":false},"excerpt":{"rendered":"","protected":false},"author":2,"featured_media":0,"parent":93,"menu_order":0,"comment_status":"closed","ping_status":"closed","template":"","meta":{"footnotes":""},"class_list":["post-132","page","type-page","status-publish","hentry"],"_links":{"self":[{"href":"https:\/\/acdct.es\/index.php\/wp-json\/wp\/v2\/pages\/132","targetHints":{"allow":["GET"]}}],"collection":[{"href":"https:\/\/acdct.es\/index.php\/wp-json\/wp\/v2\/pages"}],"about":[{"href":"https:\/\/acdct.es\/index.php\/wp-json\/wp\/v2\/types\/page"}],"author":[{"embeddable":true,"href":"https:\/\/acdct.es\/index.php\/wp-json\/wp\/v2\/users\/2"}],"replies":[{"embeddable":true,"href":"https:\/\/acdct.es\/index.php\/wp-json\/wp\/v2\/comments?post=132"}],"version-history":[{"count":14,"href":"https:\/\/acdct.es\/index.php\/wp-json\/wp\/v2\/pages\/132\/revisions"}],"predecessor-version":[{"id":757,"href":"https:\/\/acdct.es\/index.php\/wp-json\/wp\/v2\/pages\/132\/revisions\/757"}],"up":[{"embeddable":true,"href":"https:\/\/acdct.es\/index.php\/wp-json\/wp\/v2\/pages\/93"}],"wp:attachment":[{"href":"https:\/\/acdct.es\/index.php\/wp-json\/wp\/v2\/media?parent=132"}],"curies":[{"name":"wp","href":"https:\/\/api.w.org\/{rel}","templated":true}]}}