{"id":141,"date":"2021-03-19T13:25:05","date_gmt":"2021-03-19T12:25:05","guid":{"rendered":"http:\/\/localhost\/wordpress\/?page_id=140"},"modified":"2021-09-08T08:19:00","modified_gmt":"2021-09-08T08:19:00","slug":"volumen-vii","status":"publish","type":"page","link":"https:\/\/acdct.es\/index.php\/anuario-corunes-acdct\/volumen-vii\/","title":{"rendered":"VOLUMEN VII"},"content":{"rendered":"\n<div class=\"wp-block-group has-background\" style=\"background-color:#e2e4e4\"><div class=\"wp-block-group__inner-container is-layout-flow wp-block-group-is-layout-flow\"><div id=\"pl-gb141-69ee0eb47757f\"  class=\"panel-layout\" ><div id=\"pg-gb141-69ee0eb47757f-0\"  class=\"panel-grid panel-no-style\" ><div id=\"pgc-gb141-69ee0eb47757f-0-0\"  class=\"panel-grid-cell\" ><div id=\"panel-gb141-69ee0eb47757f-0-0-0\" class=\"so-panel widget widget_sow-image panel-first-child\" data-index=\"0\" ><div\n\t\t\t\n\t\t\tclass=\"so-widget-sow-image so-widget-sow-image-default-113ccd71f3e6-141\"\n\t\t\t\n\t\t>\n<div class=\"sow-image-container\">\n\t\t<img \n\tsrc=\"https:\/\/acdct.es\/wp-content\/uploads\/2021\/07\/ACDCT_VII.jpg\" width=\"106\" height=\"150\" srcset=\"https:\/\/acdct.es\/wp-content\/uploads\/2021\/07\/ACDCT_VII.jpg 661w, https:\/\/acdct.es\/wp-content\/uploads\/2021\/07\/ACDCT_VII-211x300.jpg 211w\" sizes=\"(max-width: 106px) 100vw, 106px\" title=\"Anuario Coru\u00f1\u00e9s de Derecho Comparado del Trabajo. Volumen VII. A\u00f1o 2015\" alt=\"\" \t\tclass=\"so-widget-image\"\/>\n\t<\/div>\n\n<h3 class=\"widget-title\">Anuario Coru\u00f1\u00e9s de Derecho Comparado del Trabajo. Volumen VII. A\u00f1o 2015<\/h3><\/div><\/div><div id=\"panel-gb141-69ee0eb47757f-0-0-1\" class=\"so-panel widget widget_sow-button\" data-index=\"1\" ><div\n\t\t\t\n\t\t\tclass=\"so-widget-sow-button so-widget-sow-button-atom-a4a7116f49f3-141\"\n\t\t\t\n\t\t><div class=\"ow-button-base ow-button-align-left\"\n>\n\t\t\t<a\n\t\t\t\t\thref=\"https:\/\/acdct.es\/wp-content\/uploads\/2021\/09\/ACDCT_VII_Completo.pdf\"\n\t\t\t\t\tclass=\"sowb-button ow-icon-placement-left ow-button-hover\" target=\"_blank\" rel=\"noopener noreferrer\" \t>\n\t\t<span>\n\t\t\t<span class=\"sow-icon-fontawesome sow-far\" data-sow-icon=\"&#xf1c1;\"\n\t\tstyle=\"color: #dd3333\" \n\t\taria-hidden=\"true\"><\/span>\n\t\t\tTexto completo\t\t<\/span>\n\t\t\t<\/a>\n\t<\/div>\n<\/div><\/div><div id=\"panel-gb141-69ee0eb47757f-0-0-2\" class=\"so-panel widget widget_sow-editor panel-last-child\" data-index=\"2\" ><div\n\t\t\t\n\t\t\tclass=\"so-widget-sow-editor so-widget-sow-editor-base\"\n\t\t\t\n\t\t>\n<div class=\"siteorigin-widget-tinymce textwidget\">\n\t<\/div>\n<\/div><\/div><\/div><\/div><\/div>\n\n<div id=\"pl-gb141-69ee0eb48ebab\"  class=\"panel-layout\" ><div id=\"pg-gb141-69ee0eb48ebab-0\"  class=\"panel-grid panel-no-style\" ><div id=\"pgc-gb141-69ee0eb48ebab-0-0\"  class=\"panel-grid-cell\" ><div id=\"panel-gb141-69ee0eb48ebab-0-0-0\" class=\"so-panel widget widget_sow-editor panel-first-child\" data-index=\"0\" ><div\n\t\t\t\n\t\t\tclass=\"so-widget-sow-editor so-widget-sow-editor-base\"\n\t\t\t\n\t\t><h3 class=\"widget-title\">\u00cdNDICE DE CONTENIDOS<\/h3>\n<div class=\"siteorigin-widget-tinymce textwidget\">\n\t<p><em>TABLE OF CONTENTS<\/em><\/p>\n<\/div>\n<\/div><\/div><div id=\"panel-gb141-69ee0eb48ebab-0-0-1\" class=\"so-panel widget widget_sow-editor panel-last-child\" data-index=\"1\" ><div\n\t\t\t\n\t\t\tclass=\"so-widget-sow-editor so-widget-sow-editor-base\"\n\t\t\t\n\t\t>\n<div class=\"siteorigin-widget-tinymce textwidget\">\n\t<\/div>\n<\/div><\/div><\/div><div id=\"pgc-gb141-69ee0eb48ebab-0-1\"  class=\"panel-grid-cell\" ><div id=\"panel-gb141-69ee0eb48ebab-0-1-0\" class=\"so-panel widget widget_sow-button panel-first-child panel-last-child\" data-index=\"2\" ><div\n\t\t\t\n\t\t\tclass=\"so-widget-sow-button so-widget-sow-button-atom-a4a7116f49f3-141\"\n\t\t\t\n\t\t><div class=\"ow-button-base ow-button-align-left\"\n>\n\t\t\t<a\n\t\t\t\t\thref=\"https:\/\/acdct.es\/wp-content\/uploads\/2021\/07\/INDICE_CONTENIDOS_ACDCT_VII_2015.pdf\"\n\t\t\t\t\tclass=\"sowb-button ow-icon-placement-left ow-button-hover\" target=\"_blank\" rel=\"noopener noreferrer\" \t>\n\t\t<span>\n\t\t\t<span class=\"sow-icon-fontawesome sow-far\" data-sow-icon=\"&#xf1c1;\"\n\t\tstyle=\"color: #dd3333\" \n\t\taria-hidden=\"true\"><\/span>\n\t\t\tAbrir\t\t<\/span>\n\t\t\t<\/a>\n\t<\/div>\n<\/div><\/div><\/div><\/div><\/div>\n\n<div id=\"pl-gb141-69ee0eb48f573\"  class=\"panel-layout\" ><div id=\"pg-gb141-69ee0eb48f573-0\"  class=\"panel-grid panel-no-style\" ><div id=\"pgc-gb141-69ee0eb48f573-0-0\"  class=\"panel-grid-cell\" ><div id=\"panel-gb141-69ee0eb48f573-0-0-0\" class=\"so-panel widget widget_sow-editor panel-first-child\" data-index=\"0\" ><div\n\t\t\t\n\t\t\tclass=\"so-widget-sow-editor so-widget-sow-editor-base\"\n\t\t\t\n\t\t><h3 class=\"widget-title\">\u00cdNDICE DE AUTORES<\/h3>\n<div class=\"siteorigin-widget-tinymce textwidget\">\n\t<p><em>CONTRIBUTORS INDEX<\/em><\/p>\n<\/div>\n<\/div><\/div><div id=\"panel-gb141-69ee0eb48f573-0-0-1\" class=\"so-panel widget widget_sow-editor panel-last-child\" data-index=\"1\" ><div\n\t\t\t\n\t\t\tclass=\"so-widget-sow-editor so-widget-sow-editor-base\"\n\t\t\t\n\t\t>\n<div class=\"siteorigin-widget-tinymce textwidget\">\n\t<\/div>\n<\/div><\/div><\/div><div id=\"pgc-gb141-69ee0eb48f573-0-1\"  class=\"panel-grid-cell\" ><div id=\"panel-gb141-69ee0eb48f573-0-1-0\" class=\"so-panel widget widget_sow-button panel-first-child panel-last-child\" data-index=\"2\" ><div\n\t\t\t\n\t\t\tclass=\"so-widget-sow-button so-widget-sow-button-atom-a4a7116f49f3-141\"\n\t\t\t\n\t\t><div class=\"ow-button-base ow-button-align-left\"\n>\n\t\t\t<a\n\t\t\t\t\thref=\"https:\/\/acdct.es\/wp-content\/uploads\/2021\/07\/INDICE_AUTORES_ACDCT_VII_2015.pdf\"\n\t\t\t\t\tclass=\"sowb-button ow-icon-placement-left ow-button-hover\" target=\"_blank\" rel=\"noopener noreferrer\" \t>\n\t\t<span>\n\t\t\t<span class=\"sow-icon-fontawesome sow-far\" data-sow-icon=\"&#xf1c1;\"\n\t\tstyle=\"color: #dd3333\" \n\t\taria-hidden=\"true\"><\/span>\n\t\t\tAbrir\t\t<\/span>\n\t\t\t<\/a>\n\t<\/div>\n<\/div><\/div><\/div><\/div><\/div>\n\n<div id=\"pl-gb141-69ee0eb490622\"  class=\"panel-layout\" ><div id=\"pg-gb141-69ee0eb490622-0\"  class=\"panel-grid panel-no-style\" ><div id=\"pgc-gb141-69ee0eb490622-0-0\"  class=\"panel-grid-cell\" ><div id=\"panel-gb141-69ee0eb490622-0-0-0\" class=\"so-panel widget widget_sow-editor panel-first-child panel-last-child\" data-index=\"0\" ><div\n\t\t\t\n\t\t\tclass=\"so-widget-sow-editor so-widget-sow-editor-base\"\n\t\t\t\n\t\t><h3 class=\"widget-title\">ESTUDIOS<\/h3>\n<div class=\"siteorigin-widget-tinymce textwidget\">\n\t<p><em>RESEARCHES<\/em><\/p>\n<\/div>\n<\/div><\/div><\/div><\/div><div id=\"pg-gb141-69ee0eb490622-1\"  class=\"panel-grid panel-no-style\" ><div id=\"pgc-gb141-69ee0eb490622-1-0\"  class=\"panel-grid-cell\" ><div id=\"panel-gb141-69ee0eb490622-1-0-0\" class=\"so-panel widget widget_sow-editor panel-first-child panel-last-child\" data-index=\"1\" ><div\n\t\t\t\n\t\t\tclass=\"so-widget-sow-editor so-widget-sow-editor-base\"\n\t\t\t\n\t\t><h3 class=\"widget-title\">La ense\u00f1anza del Derecho del Trabajo y de la Seguridad Social en la Universidad Adam Mickiewicz de Poznan, Polonia<\/h3>\n<div class=\"siteorigin-widget-tinymce textwidget\">\n\t<p><em>Legal education on Labour and Social Security Law at the Adam Mickiewicz University of Poznan, Poland<\/em><\/p>\n<p>Filip Balcerzak<\/p>\n<\/div>\n<\/div><\/div><\/div><div id=\"pgc-gb141-69ee0eb490622-1-1\"  class=\"panel-grid-cell\" ><div id=\"panel-gb141-69ee0eb490622-1-1-0\" class=\"so-panel widget widget_sow-button panel-first-child panel-last-child\" data-index=\"2\" ><div\n\t\t\t\n\t\t\tclass=\"so-widget-sow-button so-widget-sow-button-atom-a4a7116f49f3-141\"\n\t\t\t\n\t\t><div class=\"ow-button-base ow-button-align-left\"\n>\n\t\t\t<a\n\t\t\t\t\thref=\"https:\/\/acdct.es\/wp-content\/uploads\/2021\/07\/FILIP_BALCERZAK_ACDCT_VII_2015.pdf\"\n\t\t\t\t\tclass=\"sowb-button ow-icon-placement-left ow-button-hover\" target=\"_blank\" rel=\"noopener noreferrer\" \t>\n\t\t<span>\n\t\t\t<span class=\"sow-icon-fontawesome sow-far\" data-sow-icon=\"&#xf1c1;\"\n\t\tstyle=\"color: #dd3333\" \n\t\taria-hidden=\"true\"><\/span>\n\t\t\tAbrir\t\t<\/span>\n\t\t\t<\/a>\n\t<\/div>\n<\/div><\/div><\/div><\/div><div id=\"pg-gb141-69ee0eb490622-2\"  class=\"panel-grid panel-no-style\" ><div id=\"pgc-gb141-69ee0eb490622-2-0\"  class=\"panel-grid-cell\" ><div id=\"panel-gb141-69ee0eb490622-2-0-0\" class=\"so-panel widget widget_sow-editor panel-first-child panel-last-child\" data-index=\"3\" ><div\n\t\t\t\n\t\t\tclass=\"so-widget-sow-editor so-widget-sow-editor-base\"\n\t\t\t\n\t\t><h3 class=\"widget-title\">La introducci\u00f3n de un salario m\u00ednimo legal interprofesional en Alemania<\/h3>\n<div class=\"siteorigin-widget-tinymce textwidget\">\n\t<p><em>The introduction of a statutory interprofessional minimum wage in Germany<\/em><\/p>\n<p>Holger Brecht-Heitzmann<\/p>\n<\/div>\n<\/div><\/div><\/div><div id=\"pgc-gb141-69ee0eb490622-2-1\"  class=\"panel-grid-cell\" ><div id=\"panel-gb141-69ee0eb490622-2-1-0\" class=\"so-panel widget widget_sow-button panel-first-child panel-last-child\" data-index=\"4\" ><div\n\t\t\t\n\t\t\tclass=\"so-widget-sow-button so-widget-sow-button-atom-a4a7116f49f3-141\"\n\t\t\t\n\t\t><div class=\"ow-button-base ow-button-align-left\"\n>\n\t\t\t<a\n\t\t\t\t\thref=\"https:\/\/acdct.es\/wp-content\/uploads\/2021\/07\/HOLGER_BRECHT_ACDCT_VII_2015.pdf\"\n\t\t\t\t\tclass=\"sowb-button ow-icon-placement-left ow-button-hover\" target=\"_blank\" rel=\"noopener noreferrer\" \t>\n\t\t<span>\n\t\t\t<span class=\"sow-icon-fontawesome sow-far\" data-sow-icon=\"&#xf1c1;\"\n\t\tstyle=\"color: #dd3333\" \n\t\taria-hidden=\"true\"><\/span>\n\t\t\tAbrir\t\t<\/span>\n\t\t\t<\/a>\n\t<\/div>\n<\/div><\/div><\/div><\/div><div id=\"pg-gb141-69ee0eb490622-3\"  class=\"panel-grid panel-no-style\" ><div id=\"pgc-gb141-69ee0eb490622-3-0\"  class=\"panel-grid-cell\" ><div id=\"panel-gb141-69ee0eb490622-3-0-0\" class=\"so-panel widget widget_sow-editor panel-first-child panel-last-child\" data-index=\"5\" ><div\n\t\t\t\n\t\t\tclass=\"so-widget-sow-editor so-widget-sow-editor-base\"\n\t\t\t\n\t\t><h3 class=\"widget-title\">La ense\u00f1anza del Derecho del Trabajo y del Derecho de la Seguridad Social en la Universidad de Erlangen-N\u00fcrnberg<\/h3>\n<div class=\"siteorigin-widget-tinymce textwidget\">\n\t<p><em>Legal education on Labor Law and Social Security Law at the University of Erlangen-N\u00fcrnberg<\/em><\/p>\n<p>Sonia Cloppenburg<\/p>\n<\/div>\n<\/div><\/div><\/div><div id=\"pgc-gb141-69ee0eb490622-3-1\"  class=\"panel-grid-cell\" ><div id=\"panel-gb141-69ee0eb490622-3-1-0\" class=\"so-panel widget widget_sow-button panel-first-child panel-last-child\" data-index=\"6\" ><div\n\t\t\t\n\t\t\tclass=\"so-widget-sow-button so-widget-sow-button-atom-a4a7116f49f3-141\"\n\t\t\t\n\t\t><div class=\"ow-button-base ow-button-align-left\"\n>\n\t\t\t<a\n\t\t\t\t\thref=\"https:\/\/acdct.es\/wp-content\/uploads\/2021\/07\/SONIA_CLOPPENBURG_ACDCT_VII_2015.pdf\"\n\t\t\t\t\tclass=\"sowb-button ow-icon-placement-left ow-button-hover\" target=\"_blank\" rel=\"noopener noreferrer\" \t>\n\t\t<span>\n\t\t\t<span class=\"sow-icon-fontawesome sow-far\" data-sow-icon=\"&#xf1c1;\"\n\t\tstyle=\"color: #dd3333\" \n\t\taria-hidden=\"true\"><\/span>\n\t\t\tAbrir\t\t<\/span>\n\t\t\t<\/a>\n\t<\/div>\n<\/div><\/div><\/div><\/div><div id=\"pg-gb141-69ee0eb490622-4\"  class=\"panel-grid panel-no-style\" ><div id=\"pgc-gb141-69ee0eb490622-4-0\"  class=\"panel-grid-cell\" ><div id=\"panel-gb141-69ee0eb490622-4-0-0\" class=\"so-panel widget widget_sow-editor panel-first-child panel-last-child\" data-index=\"7\" ><div\n\t\t\t\n\t\t\tclass=\"so-widget-sow-editor so-widget-sow-editor-base\"\n\t\t\t\n\t\t><h3 class=\"widget-title\">El Derecho Mercantil como predecesor hist\u00f3rico del Derecho Laboral, y su rec\u00edproca influencia<\/h3>\n<div class=\"siteorigin-widget-tinymce textwidget\">\n\t<p><em>Comercial Law as a historic predecessor of Labor Law, and their reciprocal influence<\/em><\/p>\n<p>Jos\u00e9 Luis Garc\u00eda-Pita y Lastres<\/p>\n<\/div>\n<\/div><\/div><\/div><div id=\"pgc-gb141-69ee0eb490622-4-1\"  class=\"panel-grid-cell\" ><div id=\"panel-gb141-69ee0eb490622-4-1-0\" class=\"so-panel widget widget_sow-button panel-first-child panel-last-child\" data-index=\"8\" ><div\n\t\t\t\n\t\t\tclass=\"so-widget-sow-button so-widget-sow-button-atom-a4a7116f49f3-141\"\n\t\t\t\n\t\t><div class=\"ow-button-base ow-button-align-left\"\n>\n\t\t\t<a\n\t\t\t\t\thref=\"https:\/\/acdct.es\/wp-content\/uploads\/2021\/07\/GARCIA_PITA_ACDCT_VII_2015.pdf\"\n\t\t\t\t\tclass=\"sowb-button ow-icon-placement-left ow-button-hover\" target=\"_blank\" rel=\"noopener noreferrer\" \t>\n\t\t<span>\n\t\t\t<span class=\"sow-icon-fontawesome sow-far\" data-sow-icon=\"&#xf1c1;\"\n\t\tstyle=\"color: #dd3333\" \n\t\taria-hidden=\"true\"><\/span>\n\t\t\tAbrir\t\t<\/span>\n\t\t\t<\/a>\n\t<\/div>\n<\/div><\/div><\/div><\/div><div id=\"pg-gb141-69ee0eb490622-5\"  class=\"panel-grid panel-no-style\" ><div id=\"pgc-gb141-69ee0eb490622-5-0\"  class=\"panel-grid-cell\" ><div id=\"panel-gb141-69ee0eb490622-5-0-0\" class=\"so-panel widget widget_sow-editor panel-first-child panel-last-child\" data-index=\"9\" ><div\n\t\t\t\n\t\t\tclass=\"so-widget-sow-editor so-widget-sow-editor-base\"\n\t\t\t\n\t\t><h3 class=\"widget-title\">La posibilidad de exigir determinadas condiciones laborales, en el marco de la contrataci\u00f3n p\u00fablica vasca, a fin de garantizar empleo de calidad<\/h3>\n<div class=\"siteorigin-widget-tinymce textwidget\">\n\t<p><em>The possibility of requeiring a number of labor conditions, in the frame of Basque public contracts, in order to guarantee quality employment<\/em><\/p>\n<p>Eider Larrazabal Astigarraga<\/p>\n<\/div>\n<\/div><\/div><\/div><div id=\"pgc-gb141-69ee0eb490622-5-1\"  class=\"panel-grid-cell\" ><div id=\"panel-gb141-69ee0eb490622-5-1-0\" class=\"so-panel widget widget_sow-button panel-first-child panel-last-child\" data-index=\"10\" ><div\n\t\t\t\n\t\t\tclass=\"so-widget-sow-button so-widget-sow-button-atom-a4a7116f49f3-141\"\n\t\t\t\n\t\t><div class=\"ow-button-base ow-button-align-left\"\n>\n\t\t\t<a\n\t\t\t\t\thref=\"https:\/\/acdct.es\/wp-content\/uploads\/2021\/07\/EIDER_LARRAZABAL_ACDCT_VII_2015.pdf\"\n\t\t\t\t\tclass=\"sowb-button ow-icon-placement-left ow-button-hover\" target=\"_blank\" rel=\"noopener noreferrer\" \t>\n\t\t<span>\n\t\t\t<span class=\"sow-icon-fontawesome sow-far\" data-sow-icon=\"&#xf1c1;\"\n\t\tstyle=\"color: #dd3333\" \n\t\taria-hidden=\"true\"><\/span>\n\t\t\tAbrir\t\t<\/span>\n\t\t\t<\/a>\n\t<\/div>\n<\/div><\/div><\/div><\/div><div id=\"pg-gb141-69ee0eb490622-6\"  class=\"panel-grid panel-no-style\" ><div id=\"pgc-gb141-69ee0eb490622-6-0\"  class=\"panel-grid-cell\" ><div id=\"panel-gb141-69ee0eb490622-6-0-0\" class=\"so-panel widget widget_sow-editor panel-first-child panel-last-child\" data-index=\"11\" ><div\n\t\t\t\n\t\t\tclass=\"so-widget-sow-editor so-widget-sow-editor-base\"\n\t\t\t\n\t\t><h3 class=\"widget-title\">Pobreza a pesar del trabajo en Austria &#8211; Medidas y estrategias del legislador, as\u00ed como de los\/las interlocutores\/as sociales<\/h3>\n<div class=\"siteorigin-widget-tinymce textwidget\">\n\t<p><em>The working poor in Austria &#8211; Measures and strategies of the legislator, as well as of the social partners<\/em><\/p>\n<p>G\u00fcnther L\u00f6schnigg y Nora Melzer-Azodanloo<\/p>\n<\/div>\n<\/div><\/div><\/div><div id=\"pgc-gb141-69ee0eb490622-6-1\"  class=\"panel-grid-cell\" ><div id=\"panel-gb141-69ee0eb490622-6-1-0\" class=\"so-panel widget widget_sow-button panel-first-child panel-last-child\" data-index=\"12\" ><div\n\t\t\t\n\t\t\tclass=\"so-widget-sow-button so-widget-sow-button-atom-a4a7116f49f3-141\"\n\t\t\t\n\t\t><div class=\"ow-button-base ow-button-align-left\"\n>\n\t\t\t<a\n\t\t\t\t\thref=\"https:\/\/acdct.es\/wp-content\/uploads\/2021\/07\/LOSCHNIGG_MELZER_ACDCT_VII_2015.pdf\"\n\t\t\t\t\tclass=\"sowb-button ow-icon-placement-left ow-button-hover\" target=\"_blank\" rel=\"noopener noreferrer\" \t>\n\t\t<span>\n\t\t\t<span class=\"sow-icon-fontawesome sow-far\" data-sow-icon=\"&#xf1c1;\"\n\t\tstyle=\"color: #dd3333\" \n\t\taria-hidden=\"true\"><\/span>\n\t\t\tAbrir\t\t<\/span>\n\t\t\t<\/a>\n\t<\/div>\n<\/div><\/div><\/div><\/div><div id=\"pg-gb141-69ee0eb490622-7\"  class=\"panel-grid panel-no-style\" ><div id=\"pgc-gb141-69ee0eb490622-7-0\"  class=\"panel-grid-cell\" ><div id=\"panel-gb141-69ee0eb490622-7-0-0\" class=\"so-panel widget widget_sow-editor panel-first-child panel-last-child\" data-index=\"13\" ><div\n\t\t\t\n\t\t\tclass=\"so-widget-sow-editor so-widget-sow-editor-base\"\n\t\t\t\n\t\t><h3 class=\"widget-title\">Los nuevos pobres que trabajan en los Estados Unidos<\/h3>\n<div class=\"siteorigin-widget-tinymce textwidget\">\n\t<p><em>The new working poor in the United States<\/em><\/p>\n<p>Jes\u00fas Mart\u00ednez Gir\u00f3n y Alberto Arufe Varela<\/p>\n<\/div>\n<\/div><\/div><\/div><div id=\"pgc-gb141-69ee0eb490622-7-1\"  class=\"panel-grid-cell\" ><div id=\"panel-gb141-69ee0eb490622-7-1-0\" class=\"so-panel widget widget_sow-button panel-first-child panel-last-child\" data-index=\"14\" ><div\n\t\t\t\n\t\t\tclass=\"so-widget-sow-button so-widget-sow-button-atom-a4a7116f49f3-141\"\n\t\t\t\n\t\t><div class=\"ow-button-base ow-button-align-left\"\n>\n\t\t\t<a\n\t\t\t\t\thref=\"https:\/\/acdct.es\/wp-content\/uploads\/2021\/07\/GIRON_ARUFE_ACDCT_VII_2015.pdf\"\n\t\t\t\t\tclass=\"sowb-button ow-icon-placement-left ow-button-hover\" target=\"_blank\" rel=\"noopener noreferrer\" \t>\n\t\t<span>\n\t\t\t<span class=\"sow-icon-fontawesome sow-far\" data-sow-icon=\"&#xf1c1;\"\n\t\tstyle=\"color: #dd3333\" \n\t\taria-hidden=\"true\"><\/span>\n\t\t\tAbrir\t\t<\/span>\n\t\t\t<\/a>\n\t<\/div>\n<\/div><\/div><\/div><\/div><div id=\"pg-gb141-69ee0eb490622-8\"  class=\"panel-grid panel-no-style\" ><div id=\"pgc-gb141-69ee0eb490622-8-0\"  class=\"panel-grid-cell\" ><div id=\"panel-gb141-69ee0eb490622-8-0-0\" class=\"so-panel widget widget_sow-editor panel-first-child panel-last-child\" data-index=\"15\" ><div\n\t\t\t\n\t\t\tclass=\"so-widget-sow-editor so-widget-sow-editor-base\"\n\t\t\t\n\t\t><h3 class=\"widget-title\">O Dereito Civil de Galicia como un dos elementos definidores da s\u00faa personalidade. Reflexo da realidade socio-laboral<\/h3>\n<div class=\"siteorigin-widget-tinymce textwidget\">\n\t<p><em>The Civil Law of Galicia, as one of the deifining elements of its personality. A mirror of the social and labor reality<\/em><\/p>\n<p>Xes\u00fas Palmou Lorenzo<\/p>\n<\/div>\n<\/div><\/div><\/div><div id=\"pgc-gb141-69ee0eb490622-8-1\"  class=\"panel-grid-cell\" ><div id=\"panel-gb141-69ee0eb490622-8-1-0\" class=\"so-panel widget widget_sow-button panel-first-child panel-last-child\" data-index=\"16\" ><div\n\t\t\t\n\t\t\tclass=\"so-widget-sow-button so-widget-sow-button-atom-a4a7116f49f3-141\"\n\t\t\t\n\t\t><div class=\"ow-button-base ow-button-align-left\"\n>\n\t\t\t<a\n\t\t\t\t\thref=\"https:\/\/acdct.es\/wp-content\/uploads\/2021\/07\/JESUS_PALMOU_ACDCT_VII_2015.pdf\"\n\t\t\t\t\tclass=\"sowb-button ow-icon-placement-left ow-button-hover\" target=\"_blank\" rel=\"noopener noreferrer\" \t>\n\t\t<span>\n\t\t\t<span class=\"sow-icon-fontawesome sow-far\" data-sow-icon=\"&#xf1c1;\"\n\t\tstyle=\"color: #dd3333\" \n\t\taria-hidden=\"true\"><\/span>\n\t\t\tAbrir\t\t<\/span>\n\t\t\t<\/a>\n\t<\/div>\n<\/div><\/div><\/div><\/div><div id=\"pg-gb141-69ee0eb490622-9\"  class=\"panel-grid panel-no-style\" ><div id=\"pgc-gb141-69ee0eb490622-9-0\"  class=\"panel-grid-cell\" ><div id=\"panel-gb141-69ee0eb490622-9-0-0\" class=\"so-panel widget widget_sow-editor panel-first-child panel-last-child\" data-index=\"17\" ><div\n\t\t\t\n\t\t\tclass=\"so-widget-sow-editor so-widget-sow-editor-base\"\n\t\t\t\n\t\t>\n<div class=\"siteorigin-widget-tinymce textwidget\">\n\t<\/div>\n<\/div><\/div><\/div><\/div><\/div>\n\n<div id=\"pl-gb141-69ee0eb49393c\"  class=\"panel-layout\" ><div id=\"pg-gb141-69ee0eb49393c-0\"  class=\"panel-grid panel-no-style\" ><div id=\"pgc-gb141-69ee0eb49393c-0-0\"  class=\"panel-grid-cell\" ><div id=\"panel-gb141-69ee0eb49393c-0-0-0\" class=\"so-panel widget widget_sow-editor panel-first-child panel-last-child\" data-index=\"0\" ><div\n\t\t\t\n\t\t\tclass=\"so-widget-sow-editor so-widget-sow-editor-base\"\n\t\t\t\n\t\t><h3 class=\"widget-title\">RECENSIONES DE LIBROS<\/h3>\n<div class=\"siteorigin-widget-tinymce textwidget\">\n\t<p><em>BOOK REVIEW<\/em><\/p>\n<\/div>\n<\/div><\/div><\/div><\/div><div id=\"pg-gb141-69ee0eb49393c-1\"  class=\"panel-grid panel-no-style\" ><div id=\"pgc-gb141-69ee0eb49393c-1-0\"  class=\"panel-grid-cell\" ><div id=\"panel-gb141-69ee0eb49393c-1-0-0\" class=\"so-panel widget widget_sow-editor panel-first-child panel-last-child\" data-index=\"1\" ><div\n\t\t\t\n\t\t\tclass=\"so-widget-sow-editor so-widget-sow-editor-base\"\n\t\t\t\n\t\t><h3 class=\"widget-title\">Recensi\u00f3n a cargo de Alberto Arufe Varela<\/h3>\n<div class=\"siteorigin-widget-tinymce textwidget\">\n\t<p>V. KRI\u017dAN\u00a0 ,\u00a0<em>Implementation and Enforcement of EU Labour Law in the Visegrad Countries, <\/em>Palack\u00fd University (Olomouc, 2014), 267 p\u00e1gs.<\/p>\n<\/div>\n<\/div><\/div><\/div><div id=\"pgc-gb141-69ee0eb49393c-1-1\"  class=\"panel-grid-cell\" ><div id=\"panel-gb141-69ee0eb49393c-1-1-0\" class=\"so-panel widget widget_sow-button panel-first-child panel-last-child\" data-index=\"2\" ><div\n\t\t\t\n\t\t\tclass=\"so-widget-sow-button so-widget-sow-button-atom-a4a7116f49f3-141\"\n\t\t\t\n\t\t><div class=\"ow-button-base ow-button-align-left\"\n>\n\t\t\t<a\n\t\t\t\t\thref=\"https:\/\/acdct.es\/wp-content\/uploads\/2021\/07\/ARUFE_KRIZAN_ACDCT_VII_2015.pdf\"\n\t\t\t\t\tclass=\"sowb-button ow-icon-placement-left ow-button-hover\" target=\"_blank\" rel=\"noopener noreferrer\" \t>\n\t\t<span>\n\t\t\t<span class=\"sow-icon-fontawesome sow-far\" data-sow-icon=\"&#xf1c1;\"\n\t\tstyle=\"color: #dd3333\" \n\t\taria-hidden=\"true\"><\/span>\n\t\t\tAbrir\t\t<\/span>\n\t\t\t<\/a>\n\t<\/div>\n<\/div><\/div><\/div><\/div><div id=\"pg-gb141-69ee0eb49393c-2\"  class=\"panel-grid panel-no-style\" ><div id=\"pgc-gb141-69ee0eb49393c-2-0\"  class=\"panel-grid-cell\" ><div id=\"panel-gb141-69ee0eb49393c-2-0-0\" class=\"so-panel widget widget_sow-editor panel-first-child panel-last-child\" data-index=\"3\" ><div\n\t\t\t\n\t\t\tclass=\"so-widget-sow-editor so-widget-sow-editor-base\"\n\t\t\t\n\t\t><h3 class=\"widget-title\">Recensi\u00f3n a cargo de Jes\u00fas Mart\u00ednez Gir\u00f3n<\/h3>\n<div class=\"siteorigin-widget-tinymce textwidget\">\n\t<p>R. L\u00d3PEZ MOSTEIRO,\u00a0<em>La competencia territorial de los tribunales laborales,\u00a0<\/em>Publicia (Berl\u00edn, 2014), 152 p\u00e1gs.<\/p>\n<\/div>\n<\/div><\/div><\/div><div id=\"pgc-gb141-69ee0eb49393c-2-1\"  class=\"panel-grid-cell\" ><div id=\"panel-gb141-69ee0eb49393c-2-1-0\" class=\"so-panel widget widget_sow-button panel-first-child panel-last-child\" data-index=\"4\" ><div\n\t\t\t\n\t\t\tclass=\"so-widget-sow-button so-widget-sow-button-atom-a4a7116f49f3-141\"\n\t\t\t\n\t\t><div class=\"ow-button-base ow-button-align-left\"\n>\n\t\t\t<a\n\t\t\t\t\thref=\"https:\/\/acdct.es\/wp-content\/uploads\/2021\/07\/GIRON_MOSTEIRO_ACDCT_VII_2015.pdf\"\n\t\t\t\t\tclass=\"sowb-button ow-icon-placement-left ow-button-hover\" target=\"_blank\" rel=\"noopener noreferrer\" \t>\n\t\t<span>\n\t\t\t<span class=\"sow-icon-fontawesome sow-far\" data-sow-icon=\"&#xf1c1;\"\n\t\tstyle=\"color: #dd3333\" \n\t\taria-hidden=\"true\"><\/span>\n\t\t\tAbrir\t\t<\/span>\n\t\t\t<\/a>\n\t<\/div>\n<\/div><\/div><\/div><\/div><div id=\"pg-gb141-69ee0eb49393c-3\"  class=\"panel-grid panel-no-style\" ><div id=\"pgc-gb141-69ee0eb49393c-3-0\"  class=\"panel-grid-cell\" ><div id=\"panel-gb141-69ee0eb49393c-3-0-0\" class=\"so-panel widget widget_sow-editor panel-first-child panel-last-child\" data-index=\"5\" ><div\n\t\t\t\n\t\t\tclass=\"so-widget-sow-editor so-widget-sow-editor-base\"\n\t\t\t\n\t\t><h3 class=\"widget-title\">Recensi\u00f3n a cargo de Iv\u00e1n Vizca\u00edno Ramos<\/h3>\n<div class=\"siteorigin-widget-tinymce textwidget\">\n\t<p>M\u00aa. M. FERREIRO BROZ,\u00a0<em>Estudio comparatista del contencioso laboral de primera instancia franc\u00e9s y espa\u00f1ol,\u00a0<\/em>Dykinson (Madrid, 2015), 179 p\u00e1gs.<\/p>\n<\/div>\n<\/div><\/div><\/div><div id=\"pgc-gb141-69ee0eb49393c-3-1\"  class=\"panel-grid-cell\" ><div id=\"panel-gb141-69ee0eb49393c-3-1-0\" class=\"so-panel widget widget_sow-button panel-first-child panel-last-child\" data-index=\"6\" ><div\n\t\t\t\n\t\t\tclass=\"so-widget-sow-button so-widget-sow-button-atom-a4a7116f49f3-141\"\n\t\t\t\n\t\t><div class=\"ow-button-base ow-button-align-left\"\n>\n\t\t\t<a\n\t\t\t\t\thref=\"https:\/\/acdct.es\/wp-content\/uploads\/2021\/07\/VIZCAINO_FERREIRO_ACDCT_VII_2015.pdf\"\n\t\t\t\t\tclass=\"sowb-button ow-icon-placement-left ow-button-hover\" target=\"_blank\" rel=\"noopener noreferrer\" \t>\n\t\t<span>\n\t\t\t<span class=\"sow-icon-fontawesome sow-far\" data-sow-icon=\"&#xf1c1;\"\n\t\tstyle=\"color: #dd3333\" \n\t\taria-hidden=\"true\"><\/span>\n\t\t\tAbrir\t\t<\/span>\n\t\t\t<\/a>\n\t<\/div>\n<\/div><\/div><\/div><\/div><div id=\"pg-gb141-69ee0eb49393c-4\"  class=\"panel-grid panel-no-style\" ><div id=\"pgc-gb141-69ee0eb49393c-4-0\"  class=\"panel-grid-cell\" ><div id=\"panel-gb141-69ee0eb49393c-4-0-0\" class=\"so-panel widget widget_sow-editor panel-first-child panel-last-child\" data-index=\"7\" ><div\n\t\t\t\n\t\t\tclass=\"so-widget-sow-editor so-widget-sow-editor-base\"\n\t\t\t\n\t\t>\n<div class=\"siteorigin-widget-tinymce textwidget\">\n\t<\/div>\n<\/div><\/div><\/div><\/div><\/div>\n\n<div id=\"pl-gb141-69ee0eb495299\"  class=\"panel-layout\" ><div id=\"pg-gb141-69ee0eb495299-0\"  class=\"panel-grid panel-no-style\" ><div id=\"pgc-gb141-69ee0eb495299-0-0\"  class=\"panel-grid-cell\" ><div id=\"panel-gb141-69ee0eb495299-0-0-0\" class=\"so-panel widget widget_sow-editor panel-first-child\" data-index=\"0\" ><div\n\t\t\t\n\t\t\tclass=\"so-widget-sow-editor so-widget-sow-editor-base\"\n\t\t\t\n\t\t><h3 class=\"widget-title\">REVISTA DE REVISTAS<\/h3>\n<div class=\"siteorigin-widget-tinymce textwidget\">\n\t<p><em>REVIEW OF REVIEWS<\/em><\/p>\n<\/div>\n<\/div><\/div><div id=\"panel-gb141-69ee0eb495299-0-0-1\" class=\"so-panel widget widget_sow-editor panel-last-child\" data-index=\"1\" ><div\n\t\t\t\n\t\t\tclass=\"so-widget-sow-editor so-widget-sow-editor-base\"\n\t\t\t\n\t\t>\n<div class=\"siteorigin-widget-tinymce textwidget\">\n\t<\/div>\n<\/div><\/div><\/div><div id=\"pgc-gb141-69ee0eb495299-0-1\"  class=\"panel-grid-cell\" ><div id=\"panel-gb141-69ee0eb495299-0-1-0\" class=\"so-panel widget widget_sow-button panel-first-child panel-last-child\" data-index=\"2\" ><div\n\t\t\t\n\t\t\tclass=\"so-widget-sow-button so-widget-sow-button-atom-a4a7116f49f3-141\"\n\t\t\t\n\t\t><div class=\"ow-button-base ow-button-align-left\"\n>\n\t\t\t<a\n\t\t\t\t\thref=\"https:\/\/acdct.es\/wp-content\/uploads\/2021\/07\/VIZCAINO_REVISTA_DE_REVISTAS_ACDCT_VII_2015.pdf\"\n\t\t\t\t\tclass=\"sowb-button ow-icon-placement-left ow-button-hover\" target=\"_blank\" rel=\"noopener noreferrer\" \t>\n\t\t<span>\n\t\t\t<span class=\"sow-icon-fontawesome sow-far\" data-sow-icon=\"&#xf1c1;\"\n\t\tstyle=\"color: #dd3333\" \n\t\taria-hidden=\"true\"><\/span>\n\t\t\tAbrir\t\t<\/span>\n\t\t\t<\/a>\n\t<\/div>\n<\/div><\/div><\/div><\/div><\/div>\n\n<div id=\"pl-gb141-69ee0eb495cb8\"  class=\"panel-layout\" ><div id=\"pg-gb141-69ee0eb495cb8-0\"  class=\"panel-grid panel-no-style\" ><div id=\"pgc-gb141-69ee0eb495cb8-0-0\"  class=\"panel-grid-cell\" ><div id=\"panel-gb141-69ee0eb495cb8-0-0-0\" class=\"so-panel widget widget_sow-editor panel-first-child panel-last-child\" data-index=\"0\" ><div\n\t\t\t\n\t\t\tclass=\"so-widget-sow-editor so-widget-sow-editor-base\"\n\t\t\t\n\t\t><h3 class=\"widget-title\">ACTIVIDADES DEL INSTITUTO DE INVESTIGACI\u00d3N<\/h3>\n<div class=\"siteorigin-widget-tinymce textwidget\">\n\t<p><em>ACTIVITIES OF THE RESEARCH INSTITUTE<\/em><\/p>\n<\/div>\n<\/div><\/div><\/div><div id=\"pgc-gb141-69ee0eb495cb8-0-1\"  class=\"panel-grid-cell\" ><div id=\"panel-gb141-69ee0eb495cb8-0-1-0\" class=\"so-panel widget widget_sow-button panel-first-child panel-last-child\" data-index=\"1\" ><div\n\t\t\t\n\t\t\tclass=\"so-widget-sow-button so-widget-sow-button-atom-a4a7116f49f3-141\"\n\t\t\t\n\t\t><div class=\"ow-button-base ow-button-align-left\"\n>\n\t\t\t<a\n\t\t\t\t\thref=\"https:\/\/acdct.es\/wp-content\/uploads\/2021\/07\/ACTIVIDADES_INSTITUTO_ACDCT_VII_2015.pdf\"\n\t\t\t\t\tclass=\"sowb-button ow-icon-placement-left ow-button-hover\" target=\"_blank\" rel=\"noopener noreferrer\" \t>\n\t\t<span>\n\t\t\t<span class=\"sow-icon-fontawesome sow-far\" data-sow-icon=\"&#xf1c1;\"\n\t\tstyle=\"color: #dd3333\" \n\t\taria-hidden=\"true\"><\/span>\n\t\t\tAbrir\t\t<\/span>\n\t\t\t<\/a>\n\t<\/div>\n<\/div><\/div><\/div><\/div><\/div>\n\n\n<p><\/p>\n<\/div><\/div>\n","protected":false},"excerpt":{"rendered":"","protected":false},"author":2,"featured_media":0,"parent":93,"menu_order":0,"comment_status":"closed","ping_status":"closed","template":"","meta":{"footnotes":""},"class_list":["post-141","page","type-page","status-publish","hentry"],"_links":{"self":[{"href":"https:\/\/acdct.es\/index.php\/wp-json\/wp\/v2\/pages\/141","targetHints":{"allow":["GET"]}}],"collection":[{"href":"https:\/\/acdct.es\/index.php\/wp-json\/wp\/v2\/pages"}],"about":[{"href":"https:\/\/acdct.es\/index.php\/wp-json\/wp\/v2\/types\/page"}],"author":[{"embeddable":true,"href":"https:\/\/acdct.es\/index.php\/wp-json\/wp\/v2\/users\/2"}],"replies":[{"embeddable":true,"href":"https:\/\/acdct.es\/index.php\/wp-json\/wp\/v2\/comments?post=141"}],"version-history":[{"count":6,"href":"https:\/\/acdct.es\/index.php\/wp-json\/wp\/v2\/pages\/141\/revisions"}],"predecessor-version":[{"id":771,"href":"https:\/\/acdct.es\/index.php\/wp-json\/wp\/v2\/pages\/141\/revisions\/771"}],"up":[{"embeddable":true,"href":"https:\/\/acdct.es\/index.php\/wp-json\/wp\/v2\/pages\/93"}],"wp:attachment":[{"href":"https:\/\/acdct.es\/index.php\/wp-json\/wp\/v2\/media?parent=141"}],"curies":[{"name":"wp","href":"https:\/\/api.w.org\/{rel}","templated":true}]}}