{"id":149,"date":"2021-03-19T13:26:58","date_gmt":"2021-03-19T12:26:58","guid":{"rendered":"http:\/\/localhost\/wordpress\/?page_id=149"},"modified":"2022-01-14T12:00:48","modified_gmt":"2022-01-14T12:00:48","slug":"volumen-xii","status":"publish","type":"page","link":"https:\/\/acdct.es\/index.php\/anuario-corunes-acdct\/volumen-xii\/","title":{"rendered":"VOLUMEN XII"},"content":{"rendered":"\n<div class=\"wp-block-group has-background\" style=\"background-color:#e2e4e4\"><div class=\"wp-block-group__inner-container is-layout-flow wp-block-group-is-layout-flow\"><div id=\"pl-gb149-69ee0fd0f182d\"  class=\"panel-layout\" ><div id=\"pg-gb149-69ee0fd0f182d-0\"  class=\"panel-grid panel-no-style\" ><div id=\"pgc-gb149-69ee0fd0f182d-0-0\"  class=\"panel-grid-cell\" ><div id=\"panel-gb149-69ee0fd0f182d-0-0-0\" class=\"so-panel widget widget_sow-image panel-first-child\" data-index=\"0\" ><div\n\t\t\t\n\t\t\tclass=\"so-widget-sow-image so-widget-sow-image-default-113ccd71f3e6-149\"\n\t\t\t\n\t\t>\n<div class=\"sow-image-container\">\n\t\t<img \n\tsrc=\"https:\/\/acdct.es\/wp-content\/uploads\/2021\/07\/ACDCT_IX.jpg\" width=\"105\" height=\"150\" srcset=\"https:\/\/acdct.es\/wp-content\/uploads\/2021\/07\/ACDCT_IX.jpg 657w, https:\/\/acdct.es\/wp-content\/uploads\/2021\/07\/ACDCT_IX-209x300.jpg 209w\" sizes=\"(max-width: 105px) 100vw, 105px\" title=\"Anuario Coru\u00f1\u00e9s de Derecho Comparado del Trabajo. Volumen XII. A\u00f1o 2020\" alt=\"\" \t\tclass=\"so-widget-image\"\/>\n\t<\/div>\n\n<h3 class=\"widget-title\">Anuario Coru\u00f1\u00e9s de Derecho Comparado del Trabajo. Volumen XII. A\u00f1o 2020<\/h3><\/div><\/div><div id=\"panel-gb149-69ee0fd0f182d-0-0-1\" class=\"so-panel widget widget_sow-button\" data-index=\"1\" ><div\n\t\t\t\n\t\t\tclass=\"so-widget-sow-button so-widget-sow-button-atom-a4a7116f49f3-149\"\n\t\t\t\n\t\t><div class=\"ow-button-base ow-button-align-left\"\n>\n\t\t\t<a\n\t\t\t\t\thref=\"https:\/\/acdct.es\/wp-content\/uploads\/2022\/01\/ACDCT-XII-2020.pdf\"\n\t\t\t\t\tclass=\"sowb-button ow-icon-placement-left ow-button-hover\" target=\"_blank\" rel=\"noopener noreferrer\" \t>\n\t\t<span>\n\t\t\t<span class=\"sow-icon-fontawesome sow-far\" data-sow-icon=\"&#xf1c1;\"\n\t\tstyle=\"color: #dd3333\" \n\t\taria-hidden=\"true\"><\/span>\n\t\t\tTexto completo\t\t<\/span>\n\t\t\t<\/a>\n\t<\/div>\n<\/div><\/div><div id=\"panel-gb149-69ee0fd0f182d-0-0-2\" class=\"so-panel widget widget_sow-editor panel-last-child\" data-index=\"2\" ><div\n\t\t\t\n\t\t\tclass=\"so-widget-sow-editor so-widget-sow-editor-base\"\n\t\t\t\n\t\t>\n<div class=\"siteorigin-widget-tinymce textwidget\">\n\t<\/div>\n<\/div><\/div><\/div><\/div><\/div>\n\n\n<p><\/p>\n\n\n<div id=\"pl-gb149-69ee0fd1148eb\"  class=\"panel-layout\" ><div id=\"pg-gb149-69ee0fd1148eb-0\"  class=\"panel-grid panel-no-style\" ><div id=\"pgc-gb149-69ee0fd1148eb-0-0\"  class=\"panel-grid-cell\" ><div id=\"panel-gb149-69ee0fd1148eb-0-0-0\" class=\"so-panel widget widget_sow-editor panel-first-child panel-last-child\" data-index=\"0\" ><div\n\t\t\t\n\t\t\tclass=\"so-widget-sow-editor so-widget-sow-editor-base\"\n\t\t\t\n\t\t><h3 class=\"widget-title\">\u00cdNDICE DE CONTENIDOS<\/h3>\n<div class=\"siteorigin-widget-tinymce textwidget\">\n\t<p><em>[TABLE OF CONTENTS]<\/em><\/p>\n<\/div>\n<\/div><\/div><\/div><div id=\"pgc-gb149-69ee0fd1148eb-0-1\"  class=\"panel-grid-cell\" ><div id=\"panel-gb149-69ee0fd1148eb-0-1-0\" class=\"so-panel widget widget_sow-button panel-first-child panel-last-child\" data-index=\"1\" ><div\n\t\t\t\n\t\t\tclass=\"so-widget-sow-button so-widget-sow-button-atom-a4a7116f49f3-149\"\n\t\t\t\n\t\t><div class=\"ow-button-base ow-button-align-left\"\n>\n\t\t\t<a\n\t\t\t\t\thref=\"https:\/\/acdct.es\/wp-content\/uploads\/2021\/10\/Indice-de-Contenidos-ACDCT-XII-2020-1.pdf\"\n\t\t\t\t\tclass=\"sowb-button ow-icon-placement-left ow-button-hover\" target=\"_blank\" rel=\"noopener noreferrer\" \t>\n\t\t<span>\n\t\t\t<span class=\"sow-icon-fontawesome sow-far\" data-sow-icon=\"&#xf1c1;\"\n\t\tstyle=\"color: #dd3333\" \n\t\taria-hidden=\"true\"><\/span>\n\t\t\tABRIR\t\t<\/span>\n\t\t\t<\/a>\n\t<\/div>\n<\/div><\/div><\/div><\/div><\/div>\n\n<div id=\"pl-gb149-69ee0fd1150c0\"  class=\"panel-layout\" ><div id=\"pg-gb149-69ee0fd1150c0-0\"  class=\"panel-grid panel-no-style\" ><div id=\"pgc-gb149-69ee0fd1150c0-0-0\"  class=\"panel-grid-cell\" ><div id=\"panel-gb149-69ee0fd1150c0-0-0-0\" class=\"so-panel widget widget_sow-editor panel-first-child panel-last-child\" data-index=\"0\" ><div\n\t\t\t\n\t\t\tclass=\"so-widget-sow-editor so-widget-sow-editor-base\"\n\t\t\t\n\t\t><h3 class=\"widget-title\">\u00cdNDICE DE AUTORES<\/h3>\n<div class=\"siteorigin-widget-tinymce textwidget\">\n\t<p><em>[CONTRIBUTORS INDEX]<\/em><\/p>\n<\/div>\n<\/div><\/div><\/div><div id=\"pgc-gb149-69ee0fd1150c0-0-1\"  class=\"panel-grid-cell\" ><div id=\"panel-gb149-69ee0fd1150c0-0-1-0\" class=\"so-panel widget widget_sow-button panel-first-child panel-last-child\" data-index=\"1\" ><div\n\t\t\t\n\t\t\tclass=\"so-widget-sow-button so-widget-sow-button-atom-a4a7116f49f3-149\"\n\t\t\t\n\t\t><div class=\"ow-button-base ow-button-align-left\"\n>\n\t\t\t<a\n\t\t\t\t\thref=\"https:\/\/acdct.es\/wp-content\/uploads\/2021\/10\/Indice-de-Autores-ACDCT-XII-2020-2.pdf\"\n\t\t\t\t\tclass=\"sowb-button ow-icon-placement-left ow-button-hover\" target=\"_blank\" rel=\"noopener noreferrer\" \t>\n\t\t<span>\n\t\t\t<span class=\"sow-icon-fontawesome sow-far\" data-sow-icon=\"&#xf1c1;\"\n\t\tstyle=\"color: #dd3333\" \n\t\taria-hidden=\"true\"><\/span>\n\t\t\tABRIR\t\t<\/span>\n\t\t\t<\/a>\n\t<\/div>\n<\/div><\/div><\/div><\/div><\/div>\n\n<div id=\"pl-gb149-69ee0fd115a2f\"  class=\"panel-layout\" ><div id=\"pg-gb149-69ee0fd115a2f-0\"  class=\"panel-grid panel-no-style\" ><div id=\"pgc-gb149-69ee0fd115a2f-0-0\"  class=\"panel-grid-cell\" ><div id=\"panel-gb149-69ee0fd115a2f-0-0-0\" class=\"so-panel widget widget_sow-editor panel-first-child panel-last-child\" data-index=\"0\" ><div\n\t\t\t\n\t\t\tclass=\"so-widget-sow-editor so-widget-sow-editor-base\"\n\t\t\t\n\t\t><h3 class=\"widget-title\">ESTUDIOS \/ RESEARCHES<\/h3>\n<div class=\"siteorigin-widget-tinymce textwidget\">\n\t<\/div>\n<\/div><\/div><\/div><\/div><div id=\"pg-gb149-69ee0fd115a2f-1\"  class=\"panel-grid panel-no-style\" ><div id=\"pgc-gb149-69ee0fd115a2f-1-0\"  class=\"panel-grid-cell\" ><div id=\"panel-gb149-69ee0fd115a2f-1-0-0\" class=\"so-panel widget widget_sow-editor panel-first-child panel-last-child\" data-index=\"1\" ><div\n\t\t\t\n\t\t\tclass=\"so-widget-sow-editor so-widget-sow-editor-base\"\n\t\t\t\n\t\t><h3 class=\"widget-title\">El impacto sobre el trabajo de la econom\u00eda digital en Alemania<\/h3>\n<div class=\"siteorigin-widget-tinymce textwidget\">\n\t<p><em>[The impact on the employment of the digital economy in Germany]<\/em><\/p>\n<p>Holger Brecht-Heitzmann y Uwe Meyer<\/p>\n<\/div>\n<\/div><\/div><\/div><div id=\"pgc-gb149-69ee0fd115a2f-1-1\"  class=\"panel-grid-cell\" ><div id=\"panel-gb149-69ee0fd115a2f-1-1-0\" class=\"so-panel widget widget_sow-button panel-first-child panel-last-child\" data-index=\"2\" ><div\n\t\t\t\n\t\t\tclass=\"so-widget-sow-button so-widget-sow-button-atom-a4a7116f49f3-149\"\n\t\t\t\n\t\t><div class=\"ow-button-base ow-button-align-left\"\n>\n\t\t\t<a\n\t\t\t\t\thref=\"https:\/\/acdct.es\/wp-content\/uploads\/2021\/10\/Brecht-ACDCT-XII-2020-3.pdf\"\n\t\t\t\t\tclass=\"sowb-button ow-icon-placement-left ow-button-hover\" target=\"_blank\" rel=\"noopener noreferrer\" \t>\n\t\t<span>\n\t\t\t<span class=\"sow-icon-fontawesome sow-far\" data-sow-icon=\"&#xf1c1;\"\n\t\tstyle=\"color: #dd3333\" \n\t\taria-hidden=\"true\"><\/span>\n\t\t\tABRIR\t\t<\/span>\n\t\t\t<\/a>\n\t<\/div>\n<\/div><\/div><\/div><\/div><div id=\"pg-gb149-69ee0fd115a2f-2\"  class=\"panel-grid panel-no-style\" ><div id=\"pgc-gb149-69ee0fd115a2f-2-0\"  class=\"panel-grid-cell\" ><div id=\"panel-gb149-69ee0fd115a2f-2-0-0\" class=\"so-panel widget widget_sow-editor panel-first-child panel-last-child\" data-index=\"3\" ><div\n\t\t\t\n\t\t\tclass=\"so-widget-sow-editor so-widget-sow-editor-base\"\n\t\t\t\n\t\t><h3 class=\"widget-title\">Dacamentados: \u00bfDestinos pospuestos, aplazados y destruidos?<\/h3>\n<div class=\"siteorigin-widget-tinymce textwidget\">\n\t<p>[Daca<em>mented: destinies delayed, deferred, and destroyed<\/em>]<\/p>\n<p>Kristina M. Campbell<\/p>\n<\/div>\n<\/div><\/div><\/div><div id=\"pgc-gb149-69ee0fd115a2f-2-1\"  class=\"panel-grid-cell\" ><div id=\"panel-gb149-69ee0fd115a2f-2-1-0\" class=\"so-panel widget widget_sow-button panel-first-child panel-last-child\" data-index=\"4\" ><div\n\t\t\t\n\t\t\tclass=\"so-widget-sow-button so-widget-sow-button-atom-a4a7116f49f3-149\"\n\t\t\t\n\t\t><div class=\"ow-button-base ow-button-align-left\"\n>\n\t\t\t<a\n\t\t\t\t\thref=\"https:\/\/acdct.es\/wp-content\/uploads\/2021\/10\/Campbell-ACDCT-XII-2020-4.pdf\"\n\t\t\t\t\tclass=\"sowb-button ow-icon-placement-left ow-button-hover\" target=\"_blank\" rel=\"noopener noreferrer\" \t>\n\t\t<span>\n\t\t\t<span class=\"sow-icon-fontawesome sow-far\" data-sow-icon=\"&#xf1c1;\"\n\t\tstyle=\"color: #dd3333\" \n\t\taria-hidden=\"true\"><\/span>\n\t\t\tABRIR\t\t<\/span>\n\t\t\t<\/a>\n\t<\/div>\n<\/div><\/div><\/div><\/div><div id=\"pg-gb149-69ee0fd115a2f-3\"  class=\"panel-grid panel-no-style\" ><div id=\"pgc-gb149-69ee0fd115a2f-3-0\"  class=\"panel-grid-cell\" ><div id=\"panel-gb149-69ee0fd115a2f-3-0-0\" class=\"so-panel widget widget_sow-editor panel-first-child panel-last-child\" data-index=\"5\" ><div\n\t\t\t\n\t\t\tclass=\"so-widget-sow-editor so-widget-sow-editor-base\"\n\t\t\t\n\t\t><h3 class=\"widget-title\">La respuesta del Derecho del Trabajo de Brasil a la crisis provocada por la pandemia derivada del COVID-19<\/h3>\n<div class=\"siteorigin-widget-tinymce textwidget\">\n\t<p><em>[The response of the Brazilian Labor Law to the crisis caused by the pandemic derived from COVID-19]<\/em><\/p>\n<p>Luis Felipe do Nascimento Moraes y Juliana Coelho<\/p>\n<\/div>\n<\/div><\/div><\/div><div id=\"pgc-gb149-69ee0fd115a2f-3-1\"  class=\"panel-grid-cell\" ><div id=\"panel-gb149-69ee0fd115a2f-3-1-0\" class=\"so-panel widget widget_sow-button panel-first-child panel-last-child\" data-index=\"6\" ><div\n\t\t\t\n\t\t\tclass=\"so-widget-sow-button so-widget-sow-button-atom-a4a7116f49f3-149\"\n\t\t\t\n\t\t><div class=\"ow-button-base ow-button-align-left\"\n>\n\t\t\t<a\n\t\t\t\t\thref=\"https:\/\/acdct.es\/wp-content\/uploads\/2021\/10\/Moraes-Coelho-ACDCT-XII-2020-5.pdf\"\n\t\t\t\t\tclass=\"sowb-button ow-icon-placement-left ow-button-hover\" target=\"_blank\" rel=\"noopener noreferrer\" \t>\n\t\t<span>\n\t\t\t<span class=\"sow-icon-fontawesome sow-far\" data-sow-icon=\"&#xf1c1;\"\n\t\tstyle=\"color: #dd3333\" \n\t\taria-hidden=\"true\"><\/span>\n\t\t\tABRIR\t\t<\/span>\n\t\t\t<\/a>\n\t<\/div>\n<\/div><\/div><\/div><\/div><div id=\"pg-gb149-69ee0fd115a2f-4\"  class=\"panel-grid panel-no-style\" ><div id=\"pgc-gb149-69ee0fd115a2f-4-0\"  class=\"panel-grid-cell\" ><div id=\"panel-gb149-69ee0fd115a2f-4-0-0\" class=\"so-panel widget widget_sow-editor panel-first-child panel-last-child\" data-index=\"7\" ><div\n\t\t\t\n\t\t\tclass=\"so-widget-sow-editor so-widget-sow-editor-base\"\n\t\t\t\n\t\t><h3 class=\"widget-title\">El trabajo en plataformas en Austria. Un bosquejo de problemas jur\u00eddico-laborales<\/h3>\n<div class=\"siteorigin-widget-tinymce textwidget\">\n\t<p><em>[Platform work in Austria. An outline of labor legal problems]<\/em><\/p>\n<p>G\u00fcnther L\u00f6schnigg y Nora Melzer-Azodanloo<\/p>\n<\/div>\n<\/div><\/div><\/div><div id=\"pgc-gb149-69ee0fd115a2f-4-1\"  class=\"panel-grid-cell\" ><div id=\"panel-gb149-69ee0fd115a2f-4-1-0\" class=\"so-panel widget widget_sow-button panel-first-child panel-last-child\" data-index=\"8\" ><div\n\t\t\t\n\t\t\tclass=\"so-widget-sow-button so-widget-sow-button-atom-a4a7116f49f3-149\"\n\t\t\t\n\t\t><div class=\"ow-button-base ow-button-align-left\"\n>\n\t\t\t<a\n\t\t\t\t\thref=\"https:\/\/acdct.es\/wp-content\/uploads\/2021\/10\/Loschnigg-Melzer-ACDCT-XII-2020-6.pdf\"\n\t\t\t\t\tclass=\"sowb-button ow-icon-placement-left ow-button-hover\" target=\"_blank\" rel=\"noopener noreferrer\" \t>\n\t\t<span>\n\t\t\t<span class=\"sow-icon-fontawesome sow-far\" data-sow-icon=\"&#xf1c1;\"\n\t\tstyle=\"color: #dd3333\" \n\t\taria-hidden=\"true\"><\/span>\n\t\t\tABRIR\t\t<\/span>\n\t\t\t<\/a>\n\t<\/div>\n<\/div><\/div><\/div><\/div><div id=\"pg-gb149-69ee0fd115a2f-5\"  class=\"panel-grid panel-no-style\" ><div id=\"pgc-gb149-69ee0fd115a2f-5-0\"  class=\"panel-grid-cell\" ><div id=\"panel-gb149-69ee0fd115a2f-5-0-0\" class=\"so-panel widget widget_sow-editor panel-first-child panel-last-child\" data-index=\"9\" ><div\n\t\t\t\n\t\t\tclass=\"so-widget-sow-editor so-widget-sow-editor-base\"\n\t\t\t\n\t\t><h3 class=\"widget-title\">La sorprendente reclasificaci\u00f3n en California como trabajadores aut\u00f3nomos de los transportistas al servicio de plataformas digitales. La iniciativa legislativa popular n\u00fam. 22 de 2020<\/h3>\n<div class=\"siteorigin-widget-tinymce textwidget\">\n\t<p><em>[The surprising reclassification in California of app-based drivers as independent contractors. The proposition No. 22 of\u00a0 2020]<\/em><\/p>\n<p>Jes\u00fas Mart\u00ednez Gir\u00f3n<\/p>\n<\/div>\n<\/div><\/div><\/div><div id=\"pgc-gb149-69ee0fd115a2f-5-1\"  class=\"panel-grid-cell\" ><div id=\"panel-gb149-69ee0fd115a2f-5-1-0\" class=\"so-panel widget widget_sow-button panel-first-child panel-last-child\" data-index=\"10\" ><div\n\t\t\t\n\t\t\tclass=\"so-widget-sow-button so-widget-sow-button-atom-a4a7116f49f3-149\"\n\t\t\t\n\t\t><div class=\"ow-button-base ow-button-align-left\"\n>\n\t\t\t<a\n\t\t\t\t\thref=\"https:\/\/acdct.es\/wp-content\/uploads\/2021\/10\/Giron-ACDCT-XII-2020-7.pdf\"\n\t\t\t\t\tclass=\"sowb-button ow-icon-placement-left ow-button-hover\" target=\"_blank\" rel=\"noopener noreferrer\" \t>\n\t\t<span>\n\t\t\t<span class=\"sow-icon-fontawesome sow-far\" data-sow-icon=\"&#xf1c1;\"\n\t\tstyle=\"color: #dd3333\" \n\t\taria-hidden=\"true\"><\/span>\n\t\t\tABRIR\t\t<\/span>\n\t\t\t<\/a>\n\t<\/div>\n<\/div><\/div><\/div><\/div><\/div>\n\n<div id=\"pl-gb149-69ee0fd116d59\"  class=\"panel-layout\" ><div id=\"pg-gb149-69ee0fd116d59-0\"  class=\"panel-grid panel-no-style\" ><div id=\"pgc-gb149-69ee0fd116d59-0-0\"  class=\"panel-grid-cell\" ><div id=\"panel-gb149-69ee0fd116d59-0-0-0\" class=\"so-panel widget widget_sow-editor panel-first-child panel-last-child\" data-index=\"0\" ><div\n\t\t\t\n\t\t\tclass=\"so-widget-sow-editor so-widget-sow-editor-base\"\n\t\t\t\n\t\t>\n<div class=\"siteorigin-widget-tinymce textwidget\">\n\t<\/div>\n<\/div><\/div><\/div><\/div><\/div>\n\n<div id=\"pl-gb149-69ee0fd117106\"  class=\"panel-layout\" ><div id=\"pg-gb149-69ee0fd117106-0\"  class=\"panel-grid panel-no-style\" ><div id=\"pgc-gb149-69ee0fd117106-0-0\"  class=\"panel-grid-cell\" ><div id=\"panel-gb149-69ee0fd117106-0-0-0\" class=\"so-panel widget widget_sow-editor panel-first-child panel-last-child\" data-index=\"0\" ><div\n\t\t\t\n\t\t\tclass=\"so-widget-sow-editor so-widget-sow-editor-base\"\n\t\t\t\n\t\t><h3 class=\"widget-title\">RECENSIONES DE LIBROS<\/h3>\n<div class=\"siteorigin-widget-tinymce textwidget\">\n\t<p><em>[BOOK REVIEW]<\/em><\/p>\n<\/div>\n<\/div><\/div><\/div><\/div><\/div>\n\n<div id=\"pl-gb149-69ee0fd12a34f\"  class=\"panel-layout\" ><div id=\"pg-gb149-69ee0fd12a34f-0\"  class=\"panel-grid panel-no-style\" ><div id=\"pgc-gb149-69ee0fd12a34f-0-0\"  class=\"panel-grid-cell\" ><div id=\"panel-gb149-69ee0fd12a34f-0-0-0\" class=\"so-panel widget widget_sow-editor panel-first-child panel-last-child\" data-index=\"0\" ><div\n\t\t\t\n\t\t\tclass=\"so-widget-sow-editor so-widget-sow-editor-base\"\n\t\t\t\n\t\t><h3 class=\"widget-title\">Recensi\u00f3n a cargo de Jes\u00fas Mart\u00ednez Gir\u00f3n<\/h3>\n<div class=\"siteorigin-widget-tinymce textwidget\">\n\t<p>H. \u00c1LVAREZ CUESTA, <em>El impacto de la inteligencia artificial en el trabajo: desaf\u00edos y propuestas<\/em>, Thomson Reuters-Aranzadi (Cizur Menor-Navarra, 2020), 124 p\u00e1gs.<\/p>\n<\/div>\n<\/div><\/div><\/div><div id=\"pgc-gb149-69ee0fd12a34f-0-1\"  class=\"panel-grid-cell\" ><div id=\"panel-gb149-69ee0fd12a34f-0-1-0\" class=\"so-panel widget widget_sow-button panel-first-child panel-last-child\" data-index=\"1\" ><div\n\t\t\t\n\t\t\tclass=\"so-widget-sow-button so-widget-sow-button-atom-a4a7116f49f3-149\"\n\t\t\t\n\t\t><div class=\"ow-button-base ow-button-align-left\"\n>\n\t\t\t<a\n\t\t\t\t\thref=\"https:\/\/acdct.es\/wp-content\/uploads\/2021\/10\/Giron-Alvarez-ACDCT-XII-2020-8.pdf\"\n\t\t\t\t\tclass=\"sowb-button ow-icon-placement-left ow-button-hover\" target=\"_blank\" rel=\"noopener noreferrer\" \t>\n\t\t<span>\n\t\t\t<span class=\"sow-icon-fontawesome sow-far\" data-sow-icon=\"&#xf1c1;\"\n\t\tstyle=\"color: #dd3333\" \n\t\taria-hidden=\"true\"><\/span>\n\t\t\tABRIR\t\t<\/span>\n\t\t\t<\/a>\n\t<\/div>\n<\/div><\/div><\/div><\/div><div id=\"pg-gb149-69ee0fd12a34f-1\"  class=\"panel-grid panel-no-style\" ><div id=\"pgc-gb149-69ee0fd12a34f-1-0\"  class=\"panel-grid-cell\" ><div id=\"panel-gb149-69ee0fd12a34f-1-0-0\" class=\"so-panel widget widget_sow-editor panel-first-child panel-last-child\" data-index=\"2\" ><div\n\t\t\t\n\t\t\tclass=\"so-widget-sow-editor so-widget-sow-editor-base\"\n\t\t\t\n\t\t><h3 class=\"widget-title\">Recensi\u00f3n a cargo de Iv\u00e1n Vizca\u00edno Ramos<\/h3>\n<div class=\"siteorigin-widget-tinymce textwidget\">\n\t<p>J. CABEZA PEREIRO, El \u00e1mbito del trabajo subordinado y del trabajo aut\u00f3nomo en el Derecho de la Uni\u00f3n Europea, Bomarzo (Albacete, 2020), 133 p\u00e1gs.<\/p>\n<\/div>\n<\/div><\/div><\/div><div id=\"pgc-gb149-69ee0fd12a34f-1-1\"  class=\"panel-grid-cell\" ><div id=\"panel-gb149-69ee0fd12a34f-1-1-0\" class=\"so-panel widget widget_sow-button panel-first-child panel-last-child\" data-index=\"3\" ><div\n\t\t\t\n\t\t\tclass=\"so-widget-sow-button so-widget-sow-button-atom-a4a7116f49f3-149\"\n\t\t\t\n\t\t><div class=\"ow-button-base ow-button-align-left\"\n>\n\t\t\t<a\n\t\t\t\t\thref=\"https:\/\/acdct.es\/wp-content\/uploads\/2021\/10\/Vizcaino-Cabeza-ACDCT-XII-2020-9.pdf\"\n\t\t\t\t\tclass=\"sowb-button ow-icon-placement-left ow-button-hover\" target=\"_blank\" rel=\"noopener noreferrer\" \t>\n\t\t<span>\n\t\t\t<span class=\"sow-icon-fontawesome sow-far\" data-sow-icon=\"&#xf1c1;\"\n\t\tstyle=\"color: #dd3333\" \n\t\taria-hidden=\"true\"><\/span>\n\t\t\tABRIR\t\t<\/span>\n\t\t\t<\/a>\n\t<\/div>\n<\/div><\/div><\/div><\/div><div id=\"pg-gb149-69ee0fd12a34f-2\"  class=\"panel-grid panel-no-style\" ><div id=\"pgc-gb149-69ee0fd12a34f-2-0\"  class=\"panel-grid-cell\" ><div id=\"panel-gb149-69ee0fd12a34f-2-0-0\" class=\"so-panel widget widget_sow-editor panel-first-child panel-last-child\" data-index=\"4\" ><div\n\t\t\t\n\t\t\tclass=\"so-widget-sow-editor so-widget-sow-editor-base\"\n\t\t\t\n\t\t><h3 class=\"widget-title\">Recensi\u00f3n a cargo de Jes\u00fas Mart\u00ednez Gir\u00f3n<\/h3>\n<div class=\"siteorigin-widget-tinymce textwidget\">\n\t<p>J. G\u00c1RATE CASTRO, <em>Lecturas sobre el derecho a la negociaci\u00f3n colectiva laboral<\/em>, 2\u00aa ed., Cinca (Madrid, 2020), 235 p\u00e1gs.<\/p>\n<\/div>\n<\/div><\/div><\/div><div id=\"pgc-gb149-69ee0fd12a34f-2-1\"  class=\"panel-grid-cell\" ><div id=\"panel-gb149-69ee0fd12a34f-2-1-0\" class=\"so-panel widget widget_sow-button panel-first-child panel-last-child\" data-index=\"5\" ><div\n\t\t\t\n\t\t\tclass=\"so-widget-sow-button so-widget-sow-button-atom-a4a7116f49f3-149\"\n\t\t\t\n\t\t><div class=\"ow-button-base ow-button-align-left\"\n>\n\t\t\t<a\n\t\t\t\t\thref=\"https:\/\/acdct.es\/wp-content\/uploads\/2021\/10\/Giron-Garate-ACDCT-XII-2020-10.pdf\"\n\t\t\t\t\tclass=\"sowb-button ow-icon-placement-left ow-button-hover\" target=\"_blank\" rel=\"noopener noreferrer\" \t>\n\t\t<span>\n\t\t\t<span class=\"sow-icon-fontawesome sow-far\" data-sow-icon=\"&#xf1c1;\"\n\t\tstyle=\"color: #dd3333\" \n\t\taria-hidden=\"true\"><\/span>\n\t\t\tABRIR\t\t<\/span>\n\t\t\t<\/a>\n\t<\/div>\n<\/div><\/div><\/div><\/div><div id=\"pg-gb149-69ee0fd12a34f-3\"  class=\"panel-grid panel-no-style\" ><div id=\"pgc-gb149-69ee0fd12a34f-3-0\"  class=\"panel-grid-cell\" ><div id=\"panel-gb149-69ee0fd12a34f-3-0-0\" class=\"so-panel widget widget_sow-editor panel-first-child panel-last-child\" data-index=\"6\" ><div\n\t\t\t\n\t\t\tclass=\"so-widget-sow-editor so-widget-sow-editor-base\"\n\t\t\t\n\t\t><h3 class=\"widget-title\">Recensi\u00f3n a cargo de Jes\u00fas Mart\u00ednez Gir\u00f3n<\/h3>\n<div class=\"siteorigin-widget-tinymce textwidget\">\n\t<p>B. del M. L\u00d3PEZ INSUA, <em>La protecci\u00f3n social de las personas inmigrantes: un modelo garantista<\/em>, Atelier (Barcelona, 2020), 223 p\u00e1gs.<\/p>\n<\/div>\n<\/div><\/div><\/div><div id=\"pgc-gb149-69ee0fd12a34f-3-1\"  class=\"panel-grid-cell\" ><div id=\"panel-gb149-69ee0fd12a34f-3-1-0\" class=\"so-panel widget widget_sow-button panel-first-child panel-last-child\" data-index=\"7\" ><div\n\t\t\t\n\t\t\tclass=\"so-widget-sow-button so-widget-sow-button-atom-a4a7116f49f3-149\"\n\t\t\t\n\t\t><div class=\"ow-button-base ow-button-align-left\"\n>\n\t\t\t<a\n\t\t\t\t\thref=\"https:\/\/acdct.es\/wp-content\/uploads\/2021\/10\/Giron-Lopez-ACDCT-XII-2020-11.pdf\"\n\t\t\t\t\tclass=\"sowb-button ow-icon-placement-left ow-button-hover\" target=\"_blank\" rel=\"noopener noreferrer\" \t>\n\t\t<span>\n\t\t\t<span class=\"sow-icon-fontawesome sow-far\" data-sow-icon=\"&#xf1c1;\"\n\t\tstyle=\"color: #dd3333\" \n\t\taria-hidden=\"true\"><\/span>\n\t\t\tABRIR\t\t<\/span>\n\t\t\t<\/a>\n\t<\/div>\n<\/div><\/div><\/div><\/div><div id=\"pg-gb149-69ee0fd12a34f-4\"  class=\"panel-grid panel-no-style\" ><div id=\"pgc-gb149-69ee0fd12a34f-4-0\"  class=\"panel-grid-cell\" ><div id=\"panel-gb149-69ee0fd12a34f-4-0-0\" class=\"so-panel widget widget_sow-editor panel-first-child panel-last-child\" data-index=\"8\" ><div\n\t\t\t\n\t\t\tclass=\"so-widget-sow-editor so-widget-sow-editor-base\"\n\t\t\t\n\t\t><h3 class=\"widget-title\">Recensi\u00f3n a cargo de Jes\u00fas Mart\u00ednez Gir\u00f3n<\/h3>\n<div class=\"siteorigin-widget-tinymce textwidget\">\n\t<p>G. L\u00d6SCHNIGG y C. SCHNITTLER, <em>Arbeits- und Sozialrrecht in den USA <\/em>\u00a0&#8211;<em>\u00a0 Eine Einf\u00fchrung<\/em>, \u00d6GB Verlag (Viena, 2020), 141 p\u00e1gs.<\/p>\n<\/div>\n<\/div><\/div><\/div><div id=\"pgc-gb149-69ee0fd12a34f-4-1\"  class=\"panel-grid-cell\" ><div id=\"panel-gb149-69ee0fd12a34f-4-1-0\" class=\"so-panel widget widget_sow-button panel-first-child panel-last-child\" data-index=\"9\" ><div\n\t\t\t\n\t\t\tclass=\"so-widget-sow-button so-widget-sow-button-atom-a4a7116f49f3-149\"\n\t\t\t\n\t\t><div class=\"ow-button-base ow-button-align-left\"\n>\n\t\t\t<a\n\t\t\t\t\thref=\"https:\/\/acdct.es\/wp-content\/uploads\/2021\/10\/Giron-Loschnigg-Schnittler-ACDCT-XII-2020-12.pdf\"\n\t\t\t\t\tclass=\"sowb-button ow-icon-placement-left ow-button-hover\" target=\"_blank\" rel=\"noopener noreferrer\" \t>\n\t\t<span>\n\t\t\t<span class=\"sow-icon-fontawesome sow-far\" data-sow-icon=\"&#xf1c1;\"\n\t\tstyle=\"color: #dd3333\" \n\t\taria-hidden=\"true\"><\/span>\n\t\t\tABRIR\t\t<\/span>\n\t\t\t<\/a>\n\t<\/div>\n<\/div><\/div><\/div><\/div><div id=\"pg-gb149-69ee0fd12a34f-5\"  class=\"panel-grid panel-no-style\" ><div id=\"pgc-gb149-69ee0fd12a34f-5-0\"  class=\"panel-grid-cell\" ><div id=\"panel-gb149-69ee0fd12a34f-5-0-0\" class=\"so-panel widget widget_sow-editor panel-first-child panel-last-child\" data-index=\"10\" ><div\n\t\t\t\n\t\t\tclass=\"so-widget-sow-editor so-widget-sow-editor-base\"\n\t\t\t\n\t\t><h3 class=\"widget-title\">Recensi\u00f3n a cargo de Iv\u00e1n Vizca\u00edno Ramos<\/h3>\n<div class=\"siteorigin-widget-tinymce textwidget\">\n\t<p>R. M\u00dcLLER-GL\u00d6GE, U. PREIS e I. SCHMIDT (Editores), <em>Erfurter Kommentar zum Arbeitsrecht<\/em>, 20\u00aa ed., C.H. Beck (Munich, 2020), 3102 p\u00e1gs.<\/p>\n<\/div>\n<\/div><\/div><\/div><div id=\"pgc-gb149-69ee0fd12a34f-5-1\"  class=\"panel-grid-cell\" ><div id=\"panel-gb149-69ee0fd12a34f-5-1-0\" class=\"so-panel widget widget_sow-button panel-first-child panel-last-child\" data-index=\"11\" ><div\n\t\t\t\n\t\t\tclass=\"so-widget-sow-button so-widget-sow-button-atom-a4a7116f49f3-149\"\n\t\t\t\n\t\t><div class=\"ow-button-base ow-button-align-left\"\n>\n\t\t\t<a\n\t\t\t\t\thref=\"https:\/\/acdct.es\/wp-content\/uploads\/2021\/10\/Vizcaino-Muller-ACDCT-XII-2020-13.pdf\"\n\t\t\t\t\tclass=\"sowb-button ow-icon-placement-left ow-button-hover\" target=\"_blank\" rel=\"noopener noreferrer\" \t>\n\t\t<span>\n\t\t\t<span class=\"sow-icon-fontawesome sow-far\" data-sow-icon=\"&#xf1c1;\"\n\t\tstyle=\"color: #dd3333\" \n\t\taria-hidden=\"true\"><\/span>\n\t\t\tABRIR\t\t<\/span>\n\t\t\t<\/a>\n\t<\/div>\n<\/div><\/div><\/div><\/div><\/div>\n\n<div id=\"pl-gb149-69ee0fd12c839\"  class=\"panel-layout\" ><div id=\"pg-gb149-69ee0fd12c839-0\"  class=\"panel-grid panel-no-style\" ><div id=\"pgc-gb149-69ee0fd12c839-0-0\"  class=\"panel-grid-cell\" ><div id=\"panel-gb149-69ee0fd12c839-0-0-0\" class=\"so-panel widget widget_sow-editor panel-first-child panel-last-child\" data-index=\"0\" ><div\n\t\t\t\n\t\t\tclass=\"so-widget-sow-editor so-widget-sow-editor-base\"\n\t\t\t\n\t\t><h3 class=\"widget-title\">REVISTA DE REVISTAS<\/h3>\n<div class=\"siteorigin-widget-tinymce textwidget\">\n\t<p><em>[Review of reviews]<\/em><\/p>\n<\/div>\n<\/div><\/div><\/div><div id=\"pgc-gb149-69ee0fd12c839-0-1\"  class=\"panel-grid-cell\" ><div id=\"panel-gb149-69ee0fd12c839-0-1-0\" class=\"so-panel widget widget_sow-button panel-first-child panel-last-child\" data-index=\"1\" ><div\n\t\t\t\n\t\t\tclass=\"so-widget-sow-button so-widget-sow-button-atom-a4a7116f49f3-149\"\n\t\t\t\n\t\t><div class=\"ow-button-base ow-button-align-left\"\n>\n\t\t\t<a\n\t\t\t\t\thref=\"https:\/\/acdct.es\/wp-content\/uploads\/2021\/10\/Revista-de-Revistas-ACDCT-XII-2020-14.pdf\"\n\t\t\t\t\tclass=\"sowb-button ow-icon-placement-right ow-button-hover\" target=\"_blank\" rel=\"noopener noreferrer\" \t>\n\t\t<span>\n\t\t\t<span class=\"sow-icon-fontawesome sow-far\" data-sow-icon=\"&#xf1c1;\"\n\t\tstyle=\"color: #dd3333\" \n\t\taria-hidden=\"true\"><\/span>\n\t\t\tABRIR\t\t<\/span>\n\t\t\t<\/a>\n\t<\/div>\n<\/div><\/div><\/div><\/div><\/div><\/div><\/div>\n","protected":false},"excerpt":{"rendered":"","protected":false},"author":2,"featured_media":0,"parent":93,"menu_order":0,"comment_status":"closed","ping_status":"closed","template":"","meta":{"footnotes":""},"class_list":["post-149","page","type-page","status-publish","hentry"],"_links":{"self":[{"href":"https:\/\/acdct.es\/index.php\/wp-json\/wp\/v2\/pages\/149","targetHints":{"allow":["GET"]}}],"collection":[{"href":"https:\/\/acdct.es\/index.php\/wp-json\/wp\/v2\/pages"}],"about":[{"href":"https:\/\/acdct.es\/index.php\/wp-json\/wp\/v2\/types\/page"}],"author":[{"embeddable":true,"href":"https:\/\/acdct.es\/index.php\/wp-json\/wp\/v2\/users\/2"}],"replies":[{"embeddable":true,"href":"https:\/\/acdct.es\/index.php\/wp-json\/wp\/v2\/comments?post=149"}],"version-history":[{"count":9,"href":"https:\/\/acdct.es\/index.php\/wp-json\/wp\/v2\/pages\/149\/revisions"}],"predecessor-version":[{"id":888,"href":"https:\/\/acdct.es\/index.php\/wp-json\/wp\/v2\/pages\/149\/revisions\/888"}],"up":[{"embeddable":true,"href":"https:\/\/acdct.es\/index.php\/wp-json\/wp\/v2\/pages\/93"}],"wp:attachment":[{"href":"https:\/\/acdct.es\/index.php\/wp-json\/wp\/v2\/media?parent=149"}],"curies":[{"name":"wp","href":"https:\/\/api.w.org\/{rel}","templated":true}]}}